{"id":11,"date":"2025-02-25T08:43:42","date_gmt":"2025-02-25T07:43:42","guid":{"rendered":"http:\/\/paroisse-crach.fr\/?page_id=11"},"modified":"2025-06-04T10:14:51","modified_gmt":"2025-06-04T08:14:51","slug":"bapteme","status":"publish","type":"page","link":"https:\/\/paroisse-crach.fr\/?page_id=11","title":{"rendered":"Bapt\u00eame"},"content":{"rendered":"\n<figure class=\"wp-block-image size-large has-custom-border\"><img loading=\"lazy\" decoding=\"async\" width=\"1024\" height=\"683\" src=\"http:\/\/paroisse-crach.fr\/wp-content\/uploads\/2025\/02\/Bapteme-1024x683.jpg\" alt=\"\" class=\"wp-image-160\" style=\"border-radius:20px;aspect-ratio:16\/9;object-fit:cover\"\/><\/figure>\n\n\n<div class=\"wp-block-image\">\n<figure class=\"aligncenter size-full\"><img loading=\"lazy\" decoding=\"async\" width=\"51\" height=\"51\" src=\"http:\/\/paroisse-crach.fr\/wp-content\/uploads\/2025\/02\/Bapteme2.png\" alt=\"\" class=\"wp-image-193\"\/><\/figure>\n<\/div>\n\n\n<p><\/p>\n\n\n\n<p>Le Christ a propos\u00e9 le bapt\u00eame \u00e0 tous pour que tous aient la Vie en Dieu. Il l\u2019a confi\u00e9 \u00e0 son \u00c9glise, en m\u00eame temps que l\u2019\u00c9vangile, lorsqu\u2019il a dit \u00e0 ses ap\u00f4tres : \u00ab&nbsp;<em>Allez de toutes les nations faites des disciples, baptisez-les au nom du P\u00e8re, et du Fils, et du Saint-Esprit&nbsp;\u00bb&nbsp;(Mt 28, 19-20).<\/em><\/p>\n\n\n\n<p>Le bapt\u00eame est le <a href=\"https:\/\/eglise.catholique.fr\/glossaire\/sacrement\/\" target=\"_blank\" rel=\"noreferrer noopener\">sacrement<\/a> de la naissance \u00e0 la vie chr\u00e9tienne : marqu\u00e9 du signe de la croix, plong\u00e9 dans l\u2019eau, le nouveau baptis\u00e9 rena\u00eet \u00e0 une vie nouvelle. Devenu chr\u00e9tien, le nouveau baptis\u00e9 peut vivre selon l\u2019Esprit de Dieu.<\/p>\n\n\n\n<p>La c\u00e9l\u00e9bration du bapt\u00eame a son point culminant dans le bain d\u2019eau accompagn\u00e9 de cette parole :<\/p>\n\n\n\n<p><\/p>\n\n\n\n<blockquote class=\"wp-block-quote is-layout-flow wp-block-quote-is-layout-flow\">\n<p class=\"has-primary-color has-text-color has-link-color has-large-font-size wp-elements-c798f1b22450e589ddfb821eb232b4b9\">\u00ab\u00a0Je te baptise au nom du P\u00e8re, et du Fils, et du Saint-Esprit.\u00a0\u00bb<\/p>\n<\/blockquote>\n\n\n<div class=\"wp-block-image\">\n<figure class=\"aligncenter size-full\"><img loading=\"lazy\" decoding=\"async\" width=\"51\" height=\"51\" src=\"http:\/\/paroisse-crach.fr\/wp-content\/uploads\/2025\/02\/Bapteme2.png\" alt=\"\" class=\"wp-image-193\"\/><\/figure>\n<\/div>\n\n\n<p><\/p>\n\n\n\n<p class=\"has-large-font-size\"><em>\u200b<\/em><strong>Pour qui ?<\/strong><\/p>\n\n\n\n<p><strong> \u2713<\/strong> <strong>Pour les enfants<\/strong> : les parents sont accueillis personnellement au moins quatre mois avant la date pr\u00e9vue pour le bapt\u00eame.&nbsp;<\/p>\n\n\n\n<p><strong>\u2713<\/strong> <strong>Pour les adolescents et adultes<\/strong> : il n\u2019y a pas d\u2019\u00e2ge pour \u00eatre baptis\u00e9 ! La pr\u00e9paration se fait dans le cadre du cat\u00e9chum\u00e9nat. Habituellement, le bapt\u00eame des adultes (ainsi que la Confirmation et l\u2019Eucharistie) est c\u00e9l\u00e9br\u00e9 durant la veill\u00e9e pascale.<\/p>\n\n\n\n<p><\/p>\n\n\n\n<p class=\"has-large-font-size\"><em>\u200b<\/em><strong>Contact<\/strong><\/p>\n\n\n\n<p>Le recteur de la paroisse &#8211; <a href=\"mailto:paroissedecrach@gmail.com\">paroissedecrach@gmail.com<\/a> \u2013 <a href=\"tel:0297550344\">02 97 55 03 44<\/a><\/p>\n\n\n<div class=\"wp-block-image\">\n<figure class=\"aligncenter size-full\"><img loading=\"lazy\" decoding=\"async\" width=\"51\" height=\"51\" src=\"http:\/\/paroisse-crach.fr\/wp-content\/uploads\/2025\/02\/Bapteme2.png\" alt=\"\" class=\"wp-image-193\"\/><\/figure>\n<\/div>\n\n\n<p><\/p>\n\n\n\n<figure class=\"wp-block-video\"><video height=\"360\" style=\"aspect-ratio: 640 \/ 360;\" width=\"640\" controls src=\"https:\/\/paroisse-crach.fr\/wp-content\/uploads\/2025\/05\/Les-7-Sacrements-\uff5c-Le-bapteme.mp4\"><\/video><\/figure>\n\n\n\n<p class=\"has-background-color has-text-color has-link-color wp-elements-5df2f65bb47ad8d4c2e561c8e089c0a5\">11<\/p>\n\n\n<div class=\"wp-block-image\">\n<figure class=\"aligncenter size-full is-resized\"><img loading=\"lazy\" decoding=\"async\" width=\"782\" height=\"70\" src=\"http:\/\/paroisse-crach.fr\/wp-content\/uploads\/2025\/05\/ligne-separation-laurier.jpg\" alt=\"\" class=\"wp-image-1336\" style=\"width:300px\" srcset=\"https:\/\/paroisse-crach.fr\/wp-content\/uploads\/2025\/05\/ligne-separation-laurier.jpg 782w, https:\/\/paroisse-crach.fr\/wp-content\/uploads\/2025\/05\/ligne-separation-laurier-300x27.jpg 300w, https:\/\/paroisse-crach.fr\/wp-content\/uploads\/2025\/05\/ligne-separation-laurier-768x69.jpg 768w\" sizes=\"auto, (max-width: 782px) 100vw, 782px\" \/><\/figure>\n<\/div>","protected":false},"excerpt":{"rendered":"<p>Le Christ a propos\u00e9 le bapt\u00eame \u00e0 tous pour que tous aient la Vie en Dieu. Il l\u2019a confi\u00e9 \u00e0 son \u00c9glise, en m\u00eame temps que l\u2019\u00c9vangile, lorsqu\u2019il a dit<a class=\"more-link\" href=\"https:\/\/paroisse-crach.fr\/?page_id=11\">Lire la suite <span class=\"screen-reader-text\">\u00ab\u00a0Bapt\u00eame\u00a0\u00bb<\/span><\/a><\/p>\n","protected":false},"author":1,"featured_media":0,"parent":0,"menu_order":0,"comment_status":"closed","ping_status":"closed","template":"","meta":{"iawp_total_views":77,"_mc_calendar":[],"footnotes":""},"class_list":["post-11","page","type-page","status-publish","hentry","entry"],"yoast_head":"<!-- This site is optimized with the Yoast SEO plugin v27.1 - https:\/\/yoast.com\/product\/yoast-seo-wordpress\/ -->\n<title>Bapt\u00eame - Paroisse de Crac&#039;h<\/title>\n<meta name=\"description\" content=\"Le bapt\u00eame, sacrement de la vie nouvelle en Dieu, est propos\u00e9 \u00e0 tout \u00e2ge. D\u00e9couvrez les \u00e9tapes et contacts pour pr\u00e9parer ce moment essentiel \u00e0 Crac&#039;h.\" \/>\n<meta name=\"robots\" content=\"index, follow, max-snippet:-1, max-image-preview:large, max-video-preview:-1\" \/>\n<link rel=\"canonical\" href=\"https:\/\/paroisse-crach.fr\/?page_id=11\" \/>\n<meta property=\"og:locale\" content=\"fr_FR\" \/>\n<meta property=\"og:type\" content=\"article\" \/>\n<meta property=\"og:title\" content=\"Bapt\u00eame - Paroisse de Crac&#039;h\" \/>\n<meta property=\"og:description\" content=\"Le bapt\u00eame, sacrement de la vie nouvelle en Dieu, est propos\u00e9 \u00e0 tout \u00e2ge. D\u00e9couvrez les \u00e9tapes et contacts pour pr\u00e9parer ce moment essentiel \u00e0 Crac&#039;h.\" \/>\n<meta property=\"og:url\" content=\"https:\/\/paroisse-crach.fr\/?page_id=11\" \/>\n<meta property=\"og:site_name\" content=\"Paroisse de Crac&#039;h\" \/>\n<meta property=\"article:modified_time\" content=\"2025-06-04T08:14:51+00:00\" \/>\n<meta property=\"og:image\" content=\"https:\/\/paroisse-crach.fr\/wp-content\/uploads\/2025\/02\/Bapteme-scaled-e1740698592675.jpg\" \/>\n\t<meta property=\"og:image:width\" content=\"256\" \/>\n\t<meta property=\"og:image:height\" content=\"171\" \/>\n\t<meta property=\"og:image:type\" content=\"image\/jpeg\" \/>\n<meta name=\"twitter:card\" content=\"summary_large_image\" \/>\n<meta name=\"twitter:label1\" content=\"Dur\u00e9e de lecture estim\u00e9e\" \/>\n\t<meta name=\"twitter:data1\" content=\"2 minutes\" \/>\n<script type=\"application\/ld+json\" class=\"yoast-schema-graph\">{\"@context\":\"https:\/\/schema.org\",\"@graph\":[{\"@type\":\"WebPage\",\"@id\":\"https:\/\/paroisse-crach.fr\/?page_id=11\",\"url\":\"https:\/\/paroisse-crach.fr\/?page_id=11\",\"name\":\"Bapt\u00eame - Paroisse de Crac&#039;h\",\"isPartOf\":{\"@id\":\"https:\/\/paroisse-crach.fr\/#website\"},\"primaryImageOfPage\":{\"@id\":\"https:\/\/paroisse-crach.fr\/?page_id=11#primaryimage\"},\"image\":{\"@id\":\"https:\/\/paroisse-crach.fr\/?page_id=11#primaryimage\"},\"thumbnailUrl\":\"http:\/\/paroisse-crach.fr\/wp-content\/uploads\/2025\/02\/Bapteme-1024x683.jpg\",\"datePublished\":\"2025-02-25T07:43:42+00:00\",\"dateModified\":\"2025-06-04T08:14:51+00:00\",\"description\":\"Le bapt\u00eame, sacrement de la vie nouvelle en Dieu, est propos\u00e9 \u00e0 tout \u00e2ge. D\u00e9couvrez les \u00e9tapes et contacts pour pr\u00e9parer ce moment essentiel \u00e0 Crac'h.\",\"breadcrumb\":{\"@id\":\"https:\/\/paroisse-crach.fr\/?page_id=11#breadcrumb\"},\"inLanguage\":\"fr-FR\",\"potentialAction\":[{\"@type\":\"ReadAction\",\"target\":[\"https:\/\/paroisse-crach.fr\/?page_id=11\"]}]},{\"@type\":\"ImageObject\",\"inLanguage\":\"fr-FR\",\"@id\":\"https:\/\/paroisse-crach.fr\/?page_id=11#primaryimage\",\"url\":\"https:\/\/paroisse-crach.fr\/wp-content\/uploads\/2025\/02\/Bapteme-scaled-e1740698592675.jpg\",\"contentUrl\":\"https:\/\/paroisse-crach.fr\/wp-content\/uploads\/2025\/02\/Bapteme-scaled-e1740698592675.jpg\",\"width\":256,\"height\":171},{\"@type\":\"BreadcrumbList\",\"@id\":\"https:\/\/paroisse-crach.fr\/?page_id=11#breadcrumb\",\"itemListElement\":[{\"@type\":\"ListItem\",\"position\":1,\"name\":\"Accueil\",\"item\":\"https:\/\/paroisse-crach.fr\/\"},{\"@type\":\"ListItem\",\"position\":2,\"name\":\"Bapt\u00eame\"}]},{\"@type\":\"WebSite\",\"@id\":\"https:\/\/paroisse-crach.fr\/#website\",\"url\":\"https:\/\/paroisse-crach.fr\/\",\"name\":\"Paroisse de Crac'h\",\"description\":\"\u00c9glise Saint-Thuriau\",\"publisher\":{\"@id\":\"https:\/\/paroisse-crach.fr\/#organization\"},\"potentialAction\":[{\"@type\":\"SearchAction\",\"target\":{\"@type\":\"EntryPoint\",\"urlTemplate\":\"https:\/\/paroisse-crach.fr\/?s={search_term_string}\"},\"query-input\":{\"@type\":\"PropertyValueSpecification\",\"valueRequired\":true,\"valueName\":\"search_term_string\"}}],\"inLanguage\":\"fr-FR\"},{\"@type\":\"Organization\",\"@id\":\"https:\/\/paroisse-crach.fr\/#organization\",\"name\":\"Paroisse de Crac'h\",\"url\":\"https:\/\/paroisse-crach.fr\/\",\"logo\":{\"@type\":\"ImageObject\",\"inLanguage\":\"fr-FR\",\"@id\":\"https:\/\/paroisse-crach.fr\/#\/schema\/logo\/image\/\",\"url\":\"https:\/\/paroisse-crach.fr\/wp-content\/uploads\/2025\/06\/macaron-crach.jpg\",\"contentUrl\":\"https:\/\/paroisse-crach.fr\/wp-content\/uploads\/2025\/06\/macaron-crach.jpg\",\"width\":353,\"height\":353,\"caption\":\"Paroisse de Crac'h\"},\"image\":{\"@id\":\"https:\/\/paroisse-crach.fr\/#\/schema\/logo\/image\/\"}}]}<\/script>\n<!-- \/ Yoast SEO plugin. -->","yoast_head_json":{"title":"Bapt\u00eame - Paroisse de Crac&#039;h","description":"Le bapt\u00eame, sacrement de la vie nouvelle en Dieu, est propos\u00e9 \u00e0 tout \u00e2ge. D\u00e9couvrez les \u00e9tapes et contacts pour pr\u00e9parer ce moment essentiel \u00e0 Crac'h.","robots":{"index":"index","follow":"follow","max-snippet":"max-snippet:-1","max-image-preview":"max-image-preview:large","max-video-preview":"max-video-preview:-1"},"canonical":"https:\/\/paroisse-crach.fr\/?page_id=11","og_locale":"fr_FR","og_type":"article","og_title":"Bapt\u00eame - Paroisse de Crac&#039;h","og_description":"Le bapt\u00eame, sacrement de la vie nouvelle en Dieu, est propos\u00e9 \u00e0 tout \u00e2ge. D\u00e9couvrez les \u00e9tapes et contacts pour pr\u00e9parer ce moment essentiel \u00e0 Crac'h.","og_url":"https:\/\/paroisse-crach.fr\/?page_id=11","og_site_name":"Paroisse de Crac&#039;h","article_modified_time":"2025-06-04T08:14:51+00:00","og_image":[{"width":256,"height":171,"url":"https:\/\/paroisse-crach.fr\/wp-content\/uploads\/2025\/02\/Bapteme-scaled-e1740698592675.jpg","type":"image\/jpeg"}],"twitter_card":"summary_large_image","twitter_misc":{"Dur\u00e9e de lecture estim\u00e9e":"2 minutes"},"schema":{"@context":"https:\/\/schema.org","@graph":[{"@type":"WebPage","@id":"https:\/\/paroisse-crach.fr\/?page_id=11","url":"https:\/\/paroisse-crach.fr\/?page_id=11","name":"Bapt\u00eame - Paroisse de Crac&#039;h","isPartOf":{"@id":"https:\/\/paroisse-crach.fr\/#website"},"primaryImageOfPage":{"@id":"https:\/\/paroisse-crach.fr\/?page_id=11#primaryimage"},"image":{"@id":"https:\/\/paroisse-crach.fr\/?page_id=11#primaryimage"},"thumbnailUrl":"http:\/\/paroisse-crach.fr\/wp-content\/uploads\/2025\/02\/Bapteme-1024x683.jpg","datePublished":"2025-02-25T07:43:42+00:00","dateModified":"2025-06-04T08:14:51+00:00","description":"Le bapt\u00eame, sacrement de la vie nouvelle en Dieu, est propos\u00e9 \u00e0 tout \u00e2ge. D\u00e9couvrez les \u00e9tapes et contacts pour pr\u00e9parer ce moment essentiel \u00e0 Crac'h.","breadcrumb":{"@id":"https:\/\/paroisse-crach.fr\/?page_id=11#breadcrumb"},"inLanguage":"fr-FR","potentialAction":[{"@type":"ReadAction","target":["https:\/\/paroisse-crach.fr\/?page_id=11"]}]},{"@type":"ImageObject","inLanguage":"fr-FR","@id":"https:\/\/paroisse-crach.fr\/?page_id=11#primaryimage","url":"https:\/\/paroisse-crach.fr\/wp-content\/uploads\/2025\/02\/Bapteme-scaled-e1740698592675.jpg","contentUrl":"https:\/\/paroisse-crach.fr\/wp-content\/uploads\/2025\/02\/Bapteme-scaled-e1740698592675.jpg","width":256,"height":171},{"@type":"BreadcrumbList","@id":"https:\/\/paroisse-crach.fr\/?page_id=11#breadcrumb","itemListElement":[{"@type":"ListItem","position":1,"name":"Accueil","item":"https:\/\/paroisse-crach.fr\/"},{"@type":"ListItem","position":2,"name":"Bapt\u00eame"}]},{"@type":"WebSite","@id":"https:\/\/paroisse-crach.fr\/#website","url":"https:\/\/paroisse-crach.fr\/","name":"Paroisse de Crac'h","description":"\u00c9glise Saint-Thuriau","publisher":{"@id":"https:\/\/paroisse-crach.fr\/#organization"},"potentialAction":[{"@type":"SearchAction","target":{"@type":"EntryPoint","urlTemplate":"https:\/\/paroisse-crach.fr\/?s={search_term_string}"},"query-input":{"@type":"PropertyValueSpecification","valueRequired":true,"valueName":"search_term_string"}}],"inLanguage":"fr-FR"},{"@type":"Organization","@id":"https:\/\/paroisse-crach.fr\/#organization","name":"Paroisse de Crac'h","url":"https:\/\/paroisse-crach.fr\/","logo":{"@type":"ImageObject","inLanguage":"fr-FR","@id":"https:\/\/paroisse-crach.fr\/#\/schema\/logo\/image\/","url":"https:\/\/paroisse-crach.fr\/wp-content\/uploads\/2025\/06\/macaron-crach.jpg","contentUrl":"https:\/\/paroisse-crach.fr\/wp-content\/uploads\/2025\/06\/macaron-crach.jpg","width":353,"height":353,"caption":"Paroisse de Crac'h"},"image":{"@id":"https:\/\/paroisse-crach.fr\/#\/schema\/logo\/image\/"}}]}},"_links":{"self":[{"href":"https:\/\/paroisse-crach.fr\/index.php?rest_route=\/wp\/v2\/pages\/11","targetHints":{"allow":["GET"]}}],"collection":[{"href":"https:\/\/paroisse-crach.fr\/index.php?rest_route=\/wp\/v2\/pages"}],"about":[{"href":"https:\/\/paroisse-crach.fr\/index.php?rest_route=\/wp\/v2\/types\/page"}],"author":[{"embeddable":true,"href":"https:\/\/paroisse-crach.fr\/index.php?rest_route=\/wp\/v2\/users\/1"}],"replies":[{"embeddable":true,"href":"https:\/\/paroisse-crach.fr\/index.php?rest_route=%2Fwp%2Fv2%2Fcomments&post=11"}],"version-history":[{"count":41,"href":"https:\/\/paroisse-crach.fr\/index.php?rest_route=\/wp\/v2\/pages\/11\/revisions"}],"predecessor-version":[{"id":2002,"href":"https:\/\/paroisse-crach.fr\/index.php?rest_route=\/wp\/v2\/pages\/11\/revisions\/2002"}],"wp:attachment":[{"href":"https:\/\/paroisse-crach.fr\/index.php?rest_route=%2Fwp%2Fv2%2Fmedia&parent=11"}],"curies":[{"name":"wp","href":"https:\/\/api.w.org\/{rel}","templated":true}]}}