{"id":138,"date":"2025-02-27T12:36:42","date_gmt":"2025-02-27T11:36:42","guid":{"rendered":"http:\/\/paroisse-crach.fr\/?page_id=138"},"modified":"2025-06-04T10:24:42","modified_gmt":"2025-06-04T08:24:42","slug":"eglise-saint-thuriau","status":"publish","type":"page","link":"https:\/\/paroisse-crach.fr\/?page_id=138","title":{"rendered":"\u00c9glise Saint-Thuriau"},"content":{"rendered":"\n<figure class=\"wp-block-image size-large has-custom-border\"><img loading=\"lazy\" decoding=\"async\" width=\"1024\" height=\"683\" src=\"http:\/\/paroisse-crach.fr\/wp-content\/uploads\/2025\/02\/photo-eglise-ex-voto-marin-dot-net-1024x683.jpg\" alt=\"\" class=\"wp-image-84\" style=\"border-radius:30px;aspect-ratio:16\/9;object-fit:cover\" srcset=\"https:\/\/paroisse-crach.fr\/wp-content\/uploads\/2025\/02\/photo-eglise-ex-voto-marin-dot-net-1024x683.jpg 1024w, https:\/\/paroisse-crach.fr\/wp-content\/uploads\/2025\/02\/photo-eglise-ex-voto-marin-dot-net-300x200.jpg 300w, https:\/\/paroisse-crach.fr\/wp-content\/uploads\/2025\/02\/photo-eglise-ex-voto-marin-dot-net-768x512.jpg 768w, https:\/\/paroisse-crach.fr\/wp-content\/uploads\/2025\/02\/photo-eglise-ex-voto-marin-dot-net-1536x1024.jpg 1536w, https:\/\/paroisse-crach.fr\/wp-content\/uploads\/2025\/02\/photo-eglise-ex-voto-marin-dot-net-1568x1045.jpg 1568w, https:\/\/paroisse-crach.fr\/wp-content\/uploads\/2025\/02\/photo-eglise-ex-voto-marin-dot-net.jpg 1800w\" sizes=\"auto, (max-width: 1024px) 100vw, 1024px\" \/><\/figure>\n\n\n\n<p class=\"has-text-align-center has-text-color has-link-color wp-elements-64256c7402b6538848f0214f75bcf68f\" style=\"color:#4f4e4ed1\">Le pardon de Saint-Thuriau a lieu le 2\u00e8me dimanche de juillet.<\/p>\n\n\n<div class=\"wp-block-image\">\n<figure class=\"aligncenter size-full\"><img loading=\"lazy\" decoding=\"async\" width=\"51\" height=\"51\" src=\"http:\/\/paroisse-crach.fr\/wp-content\/uploads\/2025\/03\/Chapelle.png\" alt=\"\" class=\"wp-image-458\"\/><\/figure>\n<\/div>\n\n\n<p><\/p>\n\n\n\n<p class=\"has-large-font-size\"><strong>Un t\u00e9moin de l\u2019histoire et du patrimoine religieux<\/strong><\/p>\n\n\n\n<p><\/p>\n\n\n\n<div class=\"wp-block-columns is-layout-flex wp-container-core-columns-is-layout-28f84493 wp-block-columns-is-layout-flex\">\n<div class=\"wp-block-column is-layout-flow wp-block-column-is-layout-flow\"><div class=\"wp-block-image\">\n<figure class=\"aligncenter size-medium is-resized has-custom-border\"><img loading=\"lazy\" decoding=\"async\" width=\"300\" height=\"200\" src=\"http:\/\/paroisse-crach.fr\/wp-content\/uploads\/2025\/05\/IMG_2488-300x200.jpg\" alt=\"\" class=\"wp-image-1792\" style=\"border-radius:30px;width:378px;height:auto\" srcset=\"https:\/\/paroisse-crach.fr\/wp-content\/uploads\/2025\/05\/IMG_2488-300x200.jpg 300w, https:\/\/paroisse-crach.fr\/wp-content\/uploads\/2025\/05\/IMG_2488-1024x683.jpg 1024w, https:\/\/paroisse-crach.fr\/wp-content\/uploads\/2025\/05\/IMG_2488-768x512.jpg 768w, https:\/\/paroisse-crach.fr\/wp-content\/uploads\/2025\/05\/IMG_2488-1536x1024.jpg 1536w, https:\/\/paroisse-crach.fr\/wp-content\/uploads\/2025\/05\/IMG_2488-2048x1365.jpg 2048w, https:\/\/paroisse-crach.fr\/wp-content\/uploads\/2025\/05\/IMG_2488-1568x1045.jpg 1568w\" sizes=\"auto, (max-width: 300px) 100vw, 300px\" \/><\/figure>\n<\/div><\/div>\n\n\n\n<div class=\"wp-block-column is-layout-flow wp-block-column-is-layout-flow\">\n<p>L\u2019\u00e9glise Saint-Thuriau, dont les origines remontent au XVe si\u00e8cle, se dresse fi\u00e8rement sur une colline. &nbsp;butte que certains attribuent \u00e0 une ancienne occupation romaine. <\/p>\n<\/div>\n<\/div>\n\n\n\n<div class=\"wp-block-columns is-layout-flex wp-container-core-columns-is-layout-28f84493 wp-block-columns-is-layout-flex\">\n<div class=\"wp-block-column is-layout-flow wp-block-column-is-layout-flow\" style=\"flex-basis:66.66%\">\n<p>L\u2019\u00e9difice actuel, reconstruit en 1809, int\u00e8gre les vestiges d\u2019un ancien \u00e9tablissement des Templiers, t\u00e9moignant ainsi des multiples strates historiques qui ont fa\u00e7onn\u00e9 ce lieu de culte au fil des si\u00e8cles. L\u2019\u00e9glise se distingue par sa tour imposante, qui s\u2019\u00e9l\u00e8ve sur trois \u00e9tages et se termine par une fl\u00e8che \u00e9l\u00e9gante, visible depuis les environs. Son clocher abrite trois cloches install\u00e9es en 1904, qui rythment encore aujourd\u2019hui la vie des habitants.<\/p>\n<\/div>\n\n\n\n<div class=\"wp-block-column is-layout-flow wp-block-column-is-layout-flow\" style=\"flex-basis:33.33%\"><div class=\"wp-block-image\">\n<figure class=\"aligncenter size-medium is-resized has-custom-border\"><img loading=\"lazy\" decoding=\"async\" width=\"209\" height=\"300\" src=\"http:\/\/paroisse-crach.fr\/wp-content\/uploads\/2025\/05\/Clocher-e1747588268954-209x300.png\" alt=\"\" class=\"wp-image-1795\" style=\"border-radius:15px;width:222px;height:auto\" srcset=\"https:\/\/paroisse-crach.fr\/wp-content\/uploads\/2025\/05\/Clocher-e1747588268954-209x300.png 209w, https:\/\/paroisse-crach.fr\/wp-content\/uploads\/2025\/05\/Clocher-e1747588268954-714x1024.png 714w, https:\/\/paroisse-crach.fr\/wp-content\/uploads\/2025\/05\/Clocher-e1747588268954-768x1102.png 768w, https:\/\/paroisse-crach.fr\/wp-content\/uploads\/2025\/05\/Clocher-e1747588268954-1070x1536.png 1070w, https:\/\/paroisse-crach.fr\/wp-content\/uploads\/2025\/05\/Clocher-e1747588268954.png 1214w\" sizes=\"auto, (max-width: 209px) 100vw, 209px\" \/><\/figure>\n<\/div><\/div>\n<\/div>\n\n\n\n<p class=\"has-large-font-size\"><strong>Un int\u00e9rieur riche en patrimoine religieux<\/strong><\/p>\n\n\n\n<p>L\u2019\u00e9glise Saint-Thuriau conserve un mobilier principalement issu du XVIIIe si\u00e8cle. Parmi les pi\u00e8ces les plus remarquables figurent trois magnifiques retables de style Levallois, chacun accompagn\u00e9 de son autel. <\/p>\n\n\n\n<div class=\"wp-block-columns is-layout-flex wp-container-core-columns-is-layout-28f84493 wp-block-columns-is-layout-flex\">\n<div class=\"wp-block-column is-layout-flow wp-block-column-is-layout-flow\">\n<p>Le grand retable du ch\u0153ur, v\u00e9ritable chef-d\u2019\u0153uvre artistique, pr\u00e9sente une structure tripartite soigneusement \u00e9labor\u00e9e. Autrefois surmont\u00e9 d\u2019une statue du Sacr\u00e9-C\u0153ur, aujourd\u2019hui remplac\u00e9e par un Crucifix, il met en valeur une peinture intitul\u00e9e <em>Descente de croix<\/em>, plac\u00e9e au centre. De part et d\u2019autre de cette \u0153uvre se dressent les statues de saint Thuriau et de saint Clair, renfor\u00e7ant la symbolique spirituelle de l\u2019ensemble.<\/p>\n<\/div>\n\n\n\n<div class=\"wp-block-column is-layout-flow wp-block-column-is-layout-flow\">\n<div class=\"wp-block-group\"><div class=\"wp-block-group__inner-container is-layout-constrained wp-block-group-is-layout-constrained\"><div class=\"wp-block-image\">\n<figure class=\"aligncenter size-medium has-custom-border\"><img loading=\"lazy\" decoding=\"async\" width=\"300\" height=\"225\" src=\"https:\/\/paroisse-crach.fr\/wp-content\/uploads\/2025\/05\/Choeur2-300x225.jpg\" alt=\"\" class=\"wp-image-1877\" style=\"border-radius:30px\" srcset=\"https:\/\/paroisse-crach.fr\/wp-content\/uploads\/2025\/05\/Choeur2-300x225.jpg 300w, https:\/\/paroisse-crach.fr\/wp-content\/uploads\/2025\/05\/Choeur2-1024x768.jpg 1024w, https:\/\/paroisse-crach.fr\/wp-content\/uploads\/2025\/05\/Choeur2-768x576.jpg 768w, https:\/\/paroisse-crach.fr\/wp-content\/uploads\/2025\/05\/Choeur2-1536x1152.jpg 1536w, https:\/\/paroisse-crach.fr\/wp-content\/uploads\/2025\/05\/Choeur2-2048x1536.jpg 2048w, https:\/\/paroisse-crach.fr\/wp-content\/uploads\/2025\/05\/Choeur2-1568x1176.jpg 1568w\" sizes=\"auto, (max-width: 300px) 100vw, 300px\" \/><\/figure>\n<\/div><\/div><\/div>\n<\/div>\n<\/div>\n\n\n\n<p><\/p>\n\n\n\n<div class=\"wp-block-columns is-layout-flex wp-container-core-columns-is-layout-28f84493 wp-block-columns-is-layout-flex\">\n<div class=\"wp-block-column is-layout-flow wp-block-column-is-layout-flow\"><div class=\"wp-block-image\">\n<figure class=\"aligncenter size-medium has-custom-border\"><img loading=\"lazy\" decoding=\"async\" width=\"200\" height=\"300\" src=\"https:\/\/paroisse-crach.fr\/wp-content\/uploads\/2025\/05\/Saint-Thuriau-200x300.jpg\" alt=\"\" class=\"wp-image-1800\" style=\"border-radius:30px\" srcset=\"https:\/\/paroisse-crach.fr\/wp-content\/uploads\/2025\/05\/Saint-Thuriau-200x300.jpg 200w, https:\/\/paroisse-crach.fr\/wp-content\/uploads\/2025\/05\/Saint-Thuriau-683x1024.jpg 683w, https:\/\/paroisse-crach.fr\/wp-content\/uploads\/2025\/05\/Saint-Thuriau-768x1152.jpg 768w, https:\/\/paroisse-crach.fr\/wp-content\/uploads\/2025\/05\/Saint-Thuriau-1024x1536.jpg 1024w, https:\/\/paroisse-crach.fr\/wp-content\/uploads\/2025\/05\/Saint-Thuriau-1365x2048.jpg 1365w, https:\/\/paroisse-crach.fr\/wp-content\/uploads\/2025\/05\/Saint-Thuriau-1568x2352.jpg 1568w, https:\/\/paroisse-crach.fr\/wp-content\/uploads\/2025\/05\/Saint-Thuriau-scaled.jpg 1707w\" sizes=\"auto, (max-width: 200px) 100vw, 200px\" \/><\/figure>\n<\/div><\/div>\n\n\n\n<div class=\"wp-block-column is-layout-flow wp-block-column-is-layout-flow\"><div class=\"wp-block-image\">\n<figure class=\"aligncenter size-medium has-custom-border\"><img loading=\"lazy\" decoding=\"async\" width=\"189\" height=\"300\" src=\"https:\/\/paroisse-crach.fr\/wp-content\/uploads\/2025\/05\/Saint-Clair-189x300.jpg\" alt=\"\" class=\"wp-image-1801\" style=\"border-radius:30px\" srcset=\"https:\/\/paroisse-crach.fr\/wp-content\/uploads\/2025\/05\/Saint-Clair-189x300.jpg 189w, https:\/\/paroisse-crach.fr\/wp-content\/uploads\/2025\/05\/Saint-Clair-646x1024.jpg 646w, https:\/\/paroisse-crach.fr\/wp-content\/uploads\/2025\/05\/Saint-Clair-768x1218.jpg 768w, https:\/\/paroisse-crach.fr\/wp-content\/uploads\/2025\/05\/Saint-Clair-969x1536.jpg 969w, https:\/\/paroisse-crach.fr\/wp-content\/uploads\/2025\/05\/Saint-Clair-1292x2048.jpg 1292w, https:\/\/paroisse-crach.fr\/wp-content\/uploads\/2025\/05\/Saint-Clair-1568x2486.jpg 1568w, https:\/\/paroisse-crach.fr\/wp-content\/uploads\/2025\/05\/Saint-Clair-scaled.jpg 1615w\" sizes=\"auto, (max-width: 189px) 100vw, 189px\" \/><\/figure>\n<\/div><\/div>\n<\/div>\n\n\n\n<div class=\"wp-block-columns is-layout-flex wp-container-core-columns-is-layout-28f84493 wp-block-columns-is-layout-flex\">\n<div class=\"wp-block-column is-layout-flow wp-block-column-is-layout-flow\" style=\"flex-basis:33.33%\"><div class=\"wp-block-image\">\n<figure class=\"aligncenter size-medium has-custom-border\"><img loading=\"lazy\" decoding=\"async\" width=\"225\" height=\"300\" src=\"https:\/\/paroisse-crach.fr\/wp-content\/uploads\/2025\/05\/Eglise-Saint-Thuriau38-225x300.jpg\" alt=\"\" class=\"wp-image-1170\" style=\"border-radius:15px\" srcset=\"https:\/\/paroisse-crach.fr\/wp-content\/uploads\/2025\/05\/Eglise-Saint-Thuriau38-225x300.jpg 225w, https:\/\/paroisse-crach.fr\/wp-content\/uploads\/2025\/05\/Eglise-Saint-Thuriau38-768x1024.jpg 768w, https:\/\/paroisse-crach.fr\/wp-content\/uploads\/2025\/05\/Eglise-Saint-Thuriau38-1152x1536.jpg 1152w, https:\/\/paroisse-crach.fr\/wp-content\/uploads\/2025\/05\/Eglise-Saint-Thuriau38-1536x2048.jpg 1536w, https:\/\/paroisse-crach.fr\/wp-content\/uploads\/2025\/05\/Eglise-Saint-Thuriau38-1568x2091.jpg 1568w, https:\/\/paroisse-crach.fr\/wp-content\/uploads\/2025\/05\/Eglise-Saint-Thuriau38-scaled.jpg 1920w\" sizes=\"auto, (max-width: 225px) 100vw, 225px\" \/><\/figure>\n<\/div><\/div>\n\n\n\n<div class=\"wp-block-column is-layout-flow wp-block-column-is-layout-flow\" style=\"flex-basis:66.66%\">\n<p class=\"has-text-align-left\">Les retables lat\u00e9raux, eux aussi dat\u00e9s du XVIIIe si\u00e8cle, accueillent plusieurs figures religieuses v\u00e9n\u00e9r\u00e9es par les fid\u00e8les. L\u2019un d\u2019eux met en avant une statue de saint Thuriau, entour\u00e9e de sainte Apolline et de saint Avertin, tandis que le troisi\u00e8me retable est d\u00e9di\u00e9 \u00e0 Notre-Dame-de-Clart\u00e9, accompagn\u00e9e des statues de saint Isidore et de saint Mathurin. Ces sculptures, d\u2019une grande finesse, t\u00e9moignent du savoir-faire artistique de l\u2019\u00e9poque et de l\u2019attachement des paroissiens \u00e0 leurs saints protecteurs.<\/p>\n<\/div>\n<\/div>\n\n\n\n<p class=\"has-large-font-size\"><strong>Un orgue : traces du pass\u00e9<\/strong><\/p>\n\n\n\n<div class=\"wp-block-group\"><div class=\"wp-block-group__inner-container is-layout-constrained wp-block-group-is-layout-constrained\">\n<div class=\"wp-block-columns is-layout-flex wp-container-core-columns-is-layout-28f84493 wp-block-columns-is-layout-flex\">\n<div class=\"wp-block-column is-layout-flow wp-block-column-is-layout-flow\" style=\"flex-basis:66.66%\">\n<p>L\u2019\u00e9glise abrite \u00e9galement un orgue qui proviendrait de Sainte-Anne-d\u2019Auray, un haut lieu de p\u00e8lerinage breton. Cet instrument, d\u2019une importance majeure dans la liturgie, conf\u00e8re \u00e0 l\u2019\u00e9difice une dimension musicale et solennelle, sublimant les offices et les grandes c\u00e9l\u00e9brations religieuses.<\/p>\n<\/div>\n\n\n\n<div class=\"wp-block-column is-layout-flow wp-block-column-is-layout-flow\" style=\"flex-basis:33.33%\"><div class=\"wp-block-image\">\n<figure class=\"aligncenter size-medium has-custom-border\"><img loading=\"lazy\" decoding=\"async\" width=\"225\" height=\"300\" src=\"https:\/\/paroisse-crach.fr\/wp-content\/uploads\/2025\/05\/Eglise-Saint-Thuriau32-225x300.jpg\" alt=\"\" class=\"wp-image-1164\" style=\"border-style:none;border-width:0px;border-radius:15px;aspect-ratio:1;object-fit:cover\" srcset=\"https:\/\/paroisse-crach.fr\/wp-content\/uploads\/2025\/05\/Eglise-Saint-Thuriau32-225x300.jpg 225w, https:\/\/paroisse-crach.fr\/wp-content\/uploads\/2025\/05\/Eglise-Saint-Thuriau32-768x1024.jpg 768w, https:\/\/paroisse-crach.fr\/wp-content\/uploads\/2025\/05\/Eglise-Saint-Thuriau32-1152x1536.jpg 1152w, https:\/\/paroisse-crach.fr\/wp-content\/uploads\/2025\/05\/Eglise-Saint-Thuriau32-1536x2048.jpg 1536w, https:\/\/paroisse-crach.fr\/wp-content\/uploads\/2025\/05\/Eglise-Saint-Thuriau32-1568x2091.jpg 1568w, https:\/\/paroisse-crach.fr\/wp-content\/uploads\/2025\/05\/Eglise-Saint-Thuriau32-scaled.jpg 1920w\" sizes=\"auto, (max-width: 225px) 100vw, 225px\" \/><\/figure>\n<\/div><\/div>\n<\/div>\n<\/div><\/div>\n\n\n\n<p class=\"has-large-font-size\"><strong>Le pardon de Saint-Thuriau<\/strong><\/p>\n\n\n\n<p>Le pardon de Saint-Thuriau a lieu le 2\u00e8me dimanche de juillet.<\/p>\n\n\n\n<iframe src=\"https:\/\/www.google.com\/maps\/embed?pb=!1m18!1m12!1m3!1d2689.50023924771!2d-3.0038876608998666!3d47.6164065713106!2m3!1f0!2f0!3f0!3m2!1i1024!2i768!4f13.1!3m3!1m2!1s0x481013a62b330173%3A0x5fd3cee9192e96b9!2s%C3%89glise%20Saint-Thuriau!5e0!3m2!1sfr!2sus!4v1743367208748!5m2!1sfr!2sus\" width=\"600\" height=\"450\" style=\"border:0;\" allowfullscreen=\"\" loading=\"lazy\" referrerpolicy=\"no-referrer-when-downgrade\"><\/iframe>\n\n\n\n<p class=\"has-background-color has-text-color has-link-color wp-elements-5df2f65bb47ad8d4c2e561c8e089c0a5\">11<\/p>\n\n\n<div class=\"wp-block-image\">\n<figure class=\"aligncenter size-full is-resized\"><img loading=\"lazy\" decoding=\"async\" width=\"782\" height=\"70\" src=\"http:\/\/paroisse-crach.fr\/wp-content\/uploads\/2025\/05\/ligne-separation-laurier.jpg\" alt=\"\" class=\"wp-image-1336\" style=\"width:300px\" srcset=\"https:\/\/paroisse-crach.fr\/wp-content\/uploads\/2025\/05\/ligne-separation-laurier.jpg 782w, https:\/\/paroisse-crach.fr\/wp-content\/uploads\/2025\/05\/ligne-separation-laurier-300x27.jpg 300w, https:\/\/paroisse-crach.fr\/wp-content\/uploads\/2025\/05\/ligne-separation-laurier-768x69.jpg 768w\" sizes=\"auto, (max-width: 782px) 100vw, 782px\" \/><\/figure>\n<\/div>","protected":false},"excerpt":{"rendered":"<p>Le pardon de Saint-Thuriau a lieu le 2\u00e8me dimanche de juillet. Un t\u00e9moin de l\u2019histoire et du patrimoine religieux L\u2019\u00e9glise Saint-Thuriau, dont les origines remontent au XVe si\u00e8cle, se dresse<a class=\"more-link\" href=\"https:\/\/paroisse-crach.fr\/?page_id=138\">Lire la suite <span class=\"screen-reader-text\">\u00ab\u00a0\u00c9glise Saint-Thuriau\u00a0\u00bb<\/span><\/a><\/p>\n","protected":false},"author":4,"featured_media":0,"parent":0,"menu_order":0,"comment_status":"closed","ping_status":"closed","template":"","meta":{"iawp_total_views":120,"_mc_calendar":[],"footnotes":""},"class_list":["post-138","page","type-page","status-publish","hentry","entry"],"yoast_head":"<!-- This site is optimized with the Yoast SEO plugin v27.1 - https:\/\/yoast.com\/product\/yoast-seo-wordpress\/ -->\n<title>\u00c9glise Saint-Thuriau - Paroisse de Crac&#039;h<\/title>\n<meta name=\"description\" content=\"D\u00e9couvrez l\u2019\u00e9glise Saint-Thuriau, son histoire, son mobilier sacr\u00e9 du XVIIIe si\u00e8cle et son pardon c\u00e9l\u00e9br\u00e9 chaque 2e dimanche de juillet \u00e0 Crac\u2019h.\" \/>\n<meta name=\"robots\" content=\"index, follow, max-snippet:-1, max-image-preview:large, max-video-preview:-1\" \/>\n<link rel=\"canonical\" href=\"https:\/\/paroisse-crach.fr\/?page_id=138\" \/>\n<meta property=\"og:locale\" content=\"fr_FR\" \/>\n<meta property=\"og:type\" content=\"article\" \/>\n<meta property=\"og:title\" content=\"\u00c9glise Saint-Thuriau - Paroisse de Crac&#039;h\" \/>\n<meta property=\"og:description\" content=\"D\u00e9couvrez l\u2019\u00e9glise Saint-Thuriau, son histoire, son mobilier sacr\u00e9 du XVIIIe si\u00e8cle et son pardon c\u00e9l\u00e9br\u00e9 chaque 2e dimanche de juillet \u00e0 Crac\u2019h.\" \/>\n<meta property=\"og:url\" content=\"https:\/\/paroisse-crach.fr\/?page_id=138\" \/>\n<meta property=\"og:site_name\" content=\"Paroisse de Crac&#039;h\" \/>\n<meta property=\"article:modified_time\" content=\"2025-06-04T08:24:42+00:00\" \/>\n<meta property=\"og:image\" content=\"https:\/\/paroisse-crach.fr\/wp-content\/uploads\/2025\/02\/photo-eglise-ex-voto-marin-dot-net.jpg\" \/>\n\t<meta property=\"og:image:width\" content=\"1800\" \/>\n\t<meta property=\"og:image:height\" content=\"1200\" \/>\n\t<meta property=\"og:image:type\" content=\"image\/jpeg\" \/>\n<meta name=\"twitter:card\" content=\"summary_large_image\" \/>\n<meta name=\"twitter:label1\" content=\"Dur\u00e9e de lecture estim\u00e9e\" \/>\n\t<meta name=\"twitter:data1\" content=\"4 minutes\" \/>\n<script type=\"application\/ld+json\" class=\"yoast-schema-graph\">{\"@context\":\"https:\/\/schema.org\",\"@graph\":[{\"@type\":\"WebPage\",\"@id\":\"https:\/\/paroisse-crach.fr\/?page_id=138\",\"url\":\"https:\/\/paroisse-crach.fr\/?page_id=138\",\"name\":\"\u00c9glise Saint-Thuriau - Paroisse de Crac&#039;h\",\"isPartOf\":{\"@id\":\"https:\/\/paroisse-crach.fr\/#website\"},\"primaryImageOfPage\":{\"@id\":\"https:\/\/paroisse-crach.fr\/?page_id=138#primaryimage\"},\"image\":{\"@id\":\"https:\/\/paroisse-crach.fr\/?page_id=138#primaryimage\"},\"thumbnailUrl\":\"http:\/\/paroisse-crach.fr\/wp-content\/uploads\/2025\/02\/photo-eglise-ex-voto-marin-dot-net-1024x683.jpg\",\"datePublished\":\"2025-02-27T11:36:42+00:00\",\"dateModified\":\"2025-06-04T08:24:42+00:00\",\"description\":\"D\u00e9couvrez l\u2019\u00e9glise Saint-Thuriau, son histoire, son mobilier sacr\u00e9 du XVIIIe si\u00e8cle et son pardon c\u00e9l\u00e9br\u00e9 chaque 2e dimanche de juillet \u00e0 Crac\u2019h.\",\"breadcrumb\":{\"@id\":\"https:\/\/paroisse-crach.fr\/?page_id=138#breadcrumb\"},\"inLanguage\":\"fr-FR\",\"potentialAction\":[{\"@type\":\"ReadAction\",\"target\":[\"https:\/\/paroisse-crach.fr\/?page_id=138\"]}]},{\"@type\":\"ImageObject\",\"inLanguage\":\"fr-FR\",\"@id\":\"https:\/\/paroisse-crach.fr\/?page_id=138#primaryimage\",\"url\":\"https:\/\/paroisse-crach.fr\/wp-content\/uploads\/2025\/02\/photo-eglise-ex-voto-marin-dot-net.jpg\",\"contentUrl\":\"https:\/\/paroisse-crach.fr\/wp-content\/uploads\/2025\/02\/photo-eglise-ex-voto-marin-dot-net.jpg\",\"width\":1800,\"height\":1200},{\"@type\":\"BreadcrumbList\",\"@id\":\"https:\/\/paroisse-crach.fr\/?page_id=138#breadcrumb\",\"itemListElement\":[{\"@type\":\"ListItem\",\"position\":1,\"name\":\"Accueil\",\"item\":\"https:\/\/paroisse-crach.fr\/\"},{\"@type\":\"ListItem\",\"position\":2,\"name\":\"\u00c9glise Saint-Thuriau\"}]},{\"@type\":\"WebSite\",\"@id\":\"https:\/\/paroisse-crach.fr\/#website\",\"url\":\"https:\/\/paroisse-crach.fr\/\",\"name\":\"Paroisse de Crac'h\",\"description\":\"\u00c9glise Saint-Thuriau\",\"publisher\":{\"@id\":\"https:\/\/paroisse-crach.fr\/#organization\"},\"potentialAction\":[{\"@type\":\"SearchAction\",\"target\":{\"@type\":\"EntryPoint\",\"urlTemplate\":\"https:\/\/paroisse-crach.fr\/?s={search_term_string}\"},\"query-input\":{\"@type\":\"PropertyValueSpecification\",\"valueRequired\":true,\"valueName\":\"search_term_string\"}}],\"inLanguage\":\"fr-FR\"},{\"@type\":\"Organization\",\"@id\":\"https:\/\/paroisse-crach.fr\/#organization\",\"name\":\"Paroisse de Crac'h\",\"url\":\"https:\/\/paroisse-crach.fr\/\",\"logo\":{\"@type\":\"ImageObject\",\"inLanguage\":\"fr-FR\",\"@id\":\"https:\/\/paroisse-crach.fr\/#\/schema\/logo\/image\/\",\"url\":\"https:\/\/paroisse-crach.fr\/wp-content\/uploads\/2025\/06\/macaron-crach.jpg\",\"contentUrl\":\"https:\/\/paroisse-crach.fr\/wp-content\/uploads\/2025\/06\/macaron-crach.jpg\",\"width\":353,\"height\":353,\"caption\":\"Paroisse de Crac'h\"},\"image\":{\"@id\":\"https:\/\/paroisse-crach.fr\/#\/schema\/logo\/image\/\"}}]}<\/script>\n<!-- \/ Yoast SEO plugin. -->","yoast_head_json":{"title":"\u00c9glise Saint-Thuriau - Paroisse de Crac&#039;h","description":"D\u00e9couvrez l\u2019\u00e9glise Saint-Thuriau, son histoire, son mobilier sacr\u00e9 du XVIIIe si\u00e8cle et son pardon c\u00e9l\u00e9br\u00e9 chaque 2e dimanche de juillet \u00e0 Crac\u2019h.","robots":{"index":"index","follow":"follow","max-snippet":"max-snippet:-1","max-image-preview":"max-image-preview:large","max-video-preview":"max-video-preview:-1"},"canonical":"https:\/\/paroisse-crach.fr\/?page_id=138","og_locale":"fr_FR","og_type":"article","og_title":"\u00c9glise Saint-Thuriau - Paroisse de Crac&#039;h","og_description":"D\u00e9couvrez l\u2019\u00e9glise Saint-Thuriau, son histoire, son mobilier sacr\u00e9 du XVIIIe si\u00e8cle et son pardon c\u00e9l\u00e9br\u00e9 chaque 2e dimanche de juillet \u00e0 Crac\u2019h.","og_url":"https:\/\/paroisse-crach.fr\/?page_id=138","og_site_name":"Paroisse de Crac&#039;h","article_modified_time":"2025-06-04T08:24:42+00:00","og_image":[{"width":1800,"height":1200,"url":"https:\/\/paroisse-crach.fr\/wp-content\/uploads\/2025\/02\/photo-eglise-ex-voto-marin-dot-net.jpg","type":"image\/jpeg"}],"twitter_card":"summary_large_image","twitter_misc":{"Dur\u00e9e de lecture estim\u00e9e":"4 minutes"},"schema":{"@context":"https:\/\/schema.org","@graph":[{"@type":"WebPage","@id":"https:\/\/paroisse-crach.fr\/?page_id=138","url":"https:\/\/paroisse-crach.fr\/?page_id=138","name":"\u00c9glise Saint-Thuriau - Paroisse de Crac&#039;h","isPartOf":{"@id":"https:\/\/paroisse-crach.fr\/#website"},"primaryImageOfPage":{"@id":"https:\/\/paroisse-crach.fr\/?page_id=138#primaryimage"},"image":{"@id":"https:\/\/paroisse-crach.fr\/?page_id=138#primaryimage"},"thumbnailUrl":"http:\/\/paroisse-crach.fr\/wp-content\/uploads\/2025\/02\/photo-eglise-ex-voto-marin-dot-net-1024x683.jpg","datePublished":"2025-02-27T11:36:42+00:00","dateModified":"2025-06-04T08:24:42+00:00","description":"D\u00e9couvrez l\u2019\u00e9glise Saint-Thuriau, son histoire, son mobilier sacr\u00e9 du XVIIIe si\u00e8cle et son pardon c\u00e9l\u00e9br\u00e9 chaque 2e dimanche de juillet \u00e0 Crac\u2019h.","breadcrumb":{"@id":"https:\/\/paroisse-crach.fr\/?page_id=138#breadcrumb"},"inLanguage":"fr-FR","potentialAction":[{"@type":"ReadAction","target":["https:\/\/paroisse-crach.fr\/?page_id=138"]}]},{"@type":"ImageObject","inLanguage":"fr-FR","@id":"https:\/\/paroisse-crach.fr\/?page_id=138#primaryimage","url":"https:\/\/paroisse-crach.fr\/wp-content\/uploads\/2025\/02\/photo-eglise-ex-voto-marin-dot-net.jpg","contentUrl":"https:\/\/paroisse-crach.fr\/wp-content\/uploads\/2025\/02\/photo-eglise-ex-voto-marin-dot-net.jpg","width":1800,"height":1200},{"@type":"BreadcrumbList","@id":"https:\/\/paroisse-crach.fr\/?page_id=138#breadcrumb","itemListElement":[{"@type":"ListItem","position":1,"name":"Accueil","item":"https:\/\/paroisse-crach.fr\/"},{"@type":"ListItem","position":2,"name":"\u00c9glise Saint-Thuriau"}]},{"@type":"WebSite","@id":"https:\/\/paroisse-crach.fr\/#website","url":"https:\/\/paroisse-crach.fr\/","name":"Paroisse de Crac'h","description":"\u00c9glise Saint-Thuriau","publisher":{"@id":"https:\/\/paroisse-crach.fr\/#organization"},"potentialAction":[{"@type":"SearchAction","target":{"@type":"EntryPoint","urlTemplate":"https:\/\/paroisse-crach.fr\/?s={search_term_string}"},"query-input":{"@type":"PropertyValueSpecification","valueRequired":true,"valueName":"search_term_string"}}],"inLanguage":"fr-FR"},{"@type":"Organization","@id":"https:\/\/paroisse-crach.fr\/#organization","name":"Paroisse de Crac'h","url":"https:\/\/paroisse-crach.fr\/","logo":{"@type":"ImageObject","inLanguage":"fr-FR","@id":"https:\/\/paroisse-crach.fr\/#\/schema\/logo\/image\/","url":"https:\/\/paroisse-crach.fr\/wp-content\/uploads\/2025\/06\/macaron-crach.jpg","contentUrl":"https:\/\/paroisse-crach.fr\/wp-content\/uploads\/2025\/06\/macaron-crach.jpg","width":353,"height":353,"caption":"Paroisse de Crac'h"},"image":{"@id":"https:\/\/paroisse-crach.fr\/#\/schema\/logo\/image\/"}}]}},"_links":{"self":[{"href":"https:\/\/paroisse-crach.fr\/index.php?rest_route=\/wp\/v2\/pages\/138","targetHints":{"allow":["GET"]}}],"collection":[{"href":"https:\/\/paroisse-crach.fr\/index.php?rest_route=\/wp\/v2\/pages"}],"about":[{"href":"https:\/\/paroisse-crach.fr\/index.php?rest_route=\/wp\/v2\/types\/page"}],"author":[{"embeddable":true,"href":"https:\/\/paroisse-crach.fr\/index.php?rest_route=\/wp\/v2\/users\/4"}],"replies":[{"embeddable":true,"href":"https:\/\/paroisse-crach.fr\/index.php?rest_route=%2Fwp%2Fv2%2Fcomments&post=138"}],"version-history":[{"count":24,"href":"https:\/\/paroisse-crach.fr\/index.php?rest_route=\/wp\/v2\/pages\/138\/revisions"}],"predecessor-version":[{"id":1879,"href":"https:\/\/paroisse-crach.fr\/index.php?rest_route=\/wp\/v2\/pages\/138\/revisions\/1879"}],"wp:attachment":[{"href":"https:\/\/paroisse-crach.fr\/index.php?rest_route=%2Fwp%2Fv2%2Fmedia&parent=138"}],"curies":[{"name":"wp","href":"https:\/\/api.w.org\/{rel}","templated":true}]}}