{"id":144,"date":"2025-02-27T12:50:43","date_gmt":"2025-02-27T11:50:43","guid":{"rendered":"http:\/\/paroisse-crach.fr\/?page_id=144"},"modified":"2025-06-04T10:27:08","modified_gmt":"2025-06-04T08:27:08","slug":"chapelle-saint-andre","status":"publish","type":"page","link":"https:\/\/paroisse-crach.fr\/?page_id=144","title":{"rendered":"Chapelle Saint-Aubin"},"content":{"rendered":"\n<figure class=\"wp-block-image size-large has-custom-border\"><img loading=\"lazy\" decoding=\"async\" width=\"1024\" height=\"768\" src=\"http:\/\/paroisse-crach.fr\/wp-content\/uploads\/2025\/05\/Chapelle-St-Aubin-6-1024x768.jpg\" alt=\"\" class=\"wp-image-1217\" style=\"border-radius:30px;aspect-ratio:16\/9;object-fit:cover\" srcset=\"https:\/\/paroisse-crach.fr\/wp-content\/uploads\/2025\/05\/Chapelle-St-Aubin-6-1024x768.jpg 1024w, https:\/\/paroisse-crach.fr\/wp-content\/uploads\/2025\/05\/Chapelle-St-Aubin-6-300x225.jpg 300w, https:\/\/paroisse-crach.fr\/wp-content\/uploads\/2025\/05\/Chapelle-St-Aubin-6-768x576.jpg 768w, https:\/\/paroisse-crach.fr\/wp-content\/uploads\/2025\/05\/Chapelle-St-Aubin-6-1536x1152.jpg 1536w, https:\/\/paroisse-crach.fr\/wp-content\/uploads\/2025\/05\/Chapelle-St-Aubin-6-2048x1536.jpg 2048w, https:\/\/paroisse-crach.fr\/wp-content\/uploads\/2025\/05\/Chapelle-St-Aubin-6-1568x1176.jpg 1568w\" sizes=\"auto, (max-width: 1024px) 100vw, 1024px\" \/><\/figure>\n\n\n\n<p class=\"has-text-align-center has-text-color has-link-color wp-elements-9e828ef58ca486ca18f88098d2a47107\" style=\"color:#4f4e4ed1\">Le pardon de Saint-Aubin a lieu le 4\u00e8me dimanche d&rsquo;ao\u00fbt.<\/p>\n\n\n<div class=\"wp-block-image\">\n<figure class=\"aligncenter size-full\"><img loading=\"lazy\" decoding=\"async\" width=\"51\" height=\"51\" src=\"http:\/\/paroisse-crach.fr\/wp-content\/uploads\/2025\/03\/Chapelle.png\" alt=\"\" class=\"wp-image-458\"\/><\/figure>\n<\/div>\n\n\n<p><\/p>\n\n\n\n<p class=\"has-large-font-size\"><strong>La chapelle Saint-Aubin : un t\u00e9moignage architectural entre Moyen-\u00c2ge et Renaissance<\/strong><\/p>\n\n\n\n<p>Situ\u00e9e \u00e0 Kirvin-Bigitte (ou Kervin-Brigitte), la chapelle Saint-Aubin est un \u00e9difice religieux datant des XVIe et XVIIe si\u00e8cles.<\/p>\n\n\n\n<div class=\"wp-block-columns is-layout-flex wp-container-core-columns-is-layout-28f84493 wp-block-columns-is-layout-flex\">\n<div class=\"wp-block-column is-layout-flow wp-block-column-is-layout-flow\" style=\"flex-basis:33.33%\"><div class=\"wp-block-image\">\n<figure class=\"aligncenter size-medium has-custom-border\"><img loading=\"lazy\" decoding=\"async\" width=\"300\" height=\"225\" src=\"https:\/\/paroisse-crach.fr\/wp-content\/uploads\/2025\/05\/Chapelle-St-Aubin-4-1-300x225.jpg\" alt=\"\" class=\"wp-image-1251\" style=\"border-radius:15px\" srcset=\"https:\/\/paroisse-crach.fr\/wp-content\/uploads\/2025\/05\/Chapelle-St-Aubin-4-1-300x225.jpg 300w, https:\/\/paroisse-crach.fr\/wp-content\/uploads\/2025\/05\/Chapelle-St-Aubin-4-1-1024x768.jpg 1024w, https:\/\/paroisse-crach.fr\/wp-content\/uploads\/2025\/05\/Chapelle-St-Aubin-4-1-768x576.jpg 768w, https:\/\/paroisse-crach.fr\/wp-content\/uploads\/2025\/05\/Chapelle-St-Aubin-4-1-1536x1152.jpg 1536w, https:\/\/paroisse-crach.fr\/wp-content\/uploads\/2025\/05\/Chapelle-St-Aubin-4-1-2048x1536.jpg 2048w, https:\/\/paroisse-crach.fr\/wp-content\/uploads\/2025\/05\/Chapelle-St-Aubin-4-1-1568x1176.jpg 1568w\" sizes=\"auto, (max-width: 300px) 100vw, 300px\" \/><\/figure>\n<\/div><\/div>\n\n\n\n<div class=\"wp-block-column is-layout-flow wp-block-column-is-layout-flow\" style=\"flex-basis:66.66%\">\n<p>T\u00e9moignant de l\u2019\u00e9volution architecturale de l\u2019\u00e9poque, elle pr\u00e9sente des \u00e9l\u00e9ments m\u00ealant les influences gothiques flamboyantes et renaissantes. La chapelle adopte un plan rectangulaire d\u2019environ 40 m\u00b2, une taille modeste qui lui conf\u00e8re un caract\u00e8re intimiste.<\/p>\n<\/div>\n<\/div>\n\n\n\n<p class=\"has-large-font-size\"><strong>Un autel et des statues empreints de spiritualit\u00e9<\/strong><\/p>\n\n\n\n<p>\u00c0 l\u2019int\u00e9rieur, l\u2019autel en bois est orn\u00e9 de l\u2019image d\u2019un \u00e9v\u00eaque, vraisemblablement saint Aubin, reconnu comme protecteur contre la pluie et le feu. Ce saint, tr\u00e8s v\u00e9n\u00e9r\u00e9 dans la r\u00e9gion, \u00e9tait souvent invoqu\u00e9 par les fid\u00e8les pour prot\u00e9ger les cultures des intemp\u00e9ries et pr\u00e9venir les incendies, fl\u00e9aux fr\u00e9quents dans les habitats ruraux d\u2019autrefois.<\/p>\n\n\n\n<p>La chapelle abrite \u00e9galement deux statues remarquables :<\/p>\n\n\n\n<ul class=\"wp-block-list\">\n<li>Une statue en pl\u00e2tre repr\u00e9sentant saint Aubin, qui veille sur le sanctuaire et ses visiteurs.<\/li>\n\n\n\n<li>Une statue en bois de sainte Brigitte, tenant dans ses mains un renard, un attribut peu commun qui pourrait symboliser la ruse et la sagesse ou encore \u00eatre li\u00e9 \u00e0 une l\u00e9gende locale.<\/li>\n<\/ul>\n\n\n\n<div class=\"wp-block-columns is-layout-flex wp-container-core-columns-is-layout-28f84493 wp-block-columns-is-layout-flex\">\n<div class=\"wp-block-column is-layout-flow wp-block-column-is-layout-flow\"><div class=\"wp-block-image\">\n<figure class=\"aligncenter size-large is-resized has-custom-border\"><img loading=\"lazy\" decoding=\"async\" width=\"768\" height=\"1024\" src=\"https:\/\/paroisse-crach.fr\/wp-content\/uploads\/2025\/05\/Chapelle-St-Aubin1-768x1024.png\" alt=\"\" class=\"wp-image-1637\" style=\"border-radius:15px;width:306px;height:auto\" srcset=\"https:\/\/paroisse-crach.fr\/wp-content\/uploads\/2025\/05\/Chapelle-St-Aubin1-768x1024.png 768w, https:\/\/paroisse-crach.fr\/wp-content\/uploads\/2025\/05\/Chapelle-St-Aubin1-225x300.png 225w, https:\/\/paroisse-crach.fr\/wp-content\/uploads\/2025\/05\/Chapelle-St-Aubin1-1152x1536.png 1152w, https:\/\/paroisse-crach.fr\/wp-content\/uploads\/2025\/05\/Chapelle-St-Aubin1.png 1440w\" sizes=\"auto, (max-width: 768px) 100vw, 768px\" \/><\/figure>\n<\/div><\/div>\n\n\n\n<div class=\"wp-block-column is-layout-flow wp-block-column-is-layout-flow\"><div class=\"wp-block-image\">\n<figure class=\"aligncenter size-large is-resized has-custom-border\"><img loading=\"lazy\" decoding=\"async\" width=\"768\" height=\"1024\" src=\"https:\/\/paroisse-crach.fr\/wp-content\/uploads\/2025\/05\/Chapelle-St-Aubin2-768x1024.png\" alt=\"\" class=\"wp-image-1638\" style=\"border-radius:15px;width:308px;height:auto\" srcset=\"https:\/\/paroisse-crach.fr\/wp-content\/uploads\/2025\/05\/Chapelle-St-Aubin2-768x1024.png 768w, https:\/\/paroisse-crach.fr\/wp-content\/uploads\/2025\/05\/Chapelle-St-Aubin2-225x300.png 225w, https:\/\/paroisse-crach.fr\/wp-content\/uploads\/2025\/05\/Chapelle-St-Aubin2-1152x1536.png 1152w, https:\/\/paroisse-crach.fr\/wp-content\/uploads\/2025\/05\/Chapelle-St-Aubin2.png 1440w\" sizes=\"auto, (max-width: 768px) 100vw, 768px\" \/><\/figure>\n<\/div><\/div>\n<\/div>\n\n\n\n<p class=\"has-large-font-size\"><strong>Un lieu de culte discret mais charg\u00e9 d\u2019histoire<\/strong><\/p>\n\n\n\n<p>Malgr\u00e9 sa petite taille, la chapelle Saint-Aubin demeure un t\u00e9moin important de l\u2019histoire religieuse et architecturale de la r\u00e9gion. Son m\u00e9lange harmonieux d\u2019influences gothiques et renaissantes, ainsi que ses modestes mais pr\u00e9cieuses \u0153uvres d\u2019art, en font un lieu empreint de charme et de spiritualit\u00e9.<\/p>\n\n\n\n<p>Bien que discr\u00e8te, cette chapelle continue d\u2019attirer l\u2019attention des amateurs de patrimoine et des fid\u00e8les attach\u00e9s \u00e0 la m\u00e9moire de saint Aubin et de sainte Brigitte.<\/p>\n\n\n\n<p class=\"has-large-font-size\"><strong>Le pardon de Saint-Aubin<\/strong><\/p>\n\n\n\n<p>Le pardon de Saint-Aubin a lieu le 4\u00e8me dimanche d&rsquo;ao\u00fbt.<\/p>\n\n\n\n<iframe src=\"https:\/\/www.google.com\/maps\/embed?pb=!1m18!1m12!1m3!1d2687.8036458125!2d-3.0270095243827098!3d47.6493823850233!2m3!1f0!2f0!3f0!3m2!1i1024!2i768!4f13.1!3m3!1m2!1s0x4810152ce77de8a1%3A0x7d82bbacfbeb9c84!2sChapelle%20Saint-Aubin%20de%20Kervin-Brigitte!5e0!3m2!1sfr!2sfr!4v1743364584298!5m2!1sfr!2sfr\" width=\"600\" height=\"450\" style=\"border:0;\" allowfullscreen=\"\" loading=\"lazy\" referrerpolicy=\"no-referrer-when-downgrade\"><\/iframe>\n\n\n\n<p class=\"has-background-color has-text-color has-link-color wp-elements-5df2f65bb47ad8d4c2e561c8e089c0a5\">11<\/p>\n\n\n<div class=\"wp-block-image\">\n<figure class=\"aligncenter size-full is-resized\"><img loading=\"lazy\" decoding=\"async\" width=\"782\" height=\"70\" src=\"http:\/\/paroisse-crach.fr\/wp-content\/uploads\/2025\/05\/ligne-separation-laurier.jpg\" alt=\"\" class=\"wp-image-1336\" style=\"width:300px\" srcset=\"https:\/\/paroisse-crach.fr\/wp-content\/uploads\/2025\/05\/ligne-separation-laurier.jpg 782w, https:\/\/paroisse-crach.fr\/wp-content\/uploads\/2025\/05\/ligne-separation-laurier-300x27.jpg 300w, https:\/\/paroisse-crach.fr\/wp-content\/uploads\/2025\/05\/ligne-separation-laurier-768x69.jpg 768w\" sizes=\"auto, (max-width: 782px) 100vw, 782px\" \/><\/figure>\n<\/div>","protected":false},"excerpt":{"rendered":"<p>Le pardon de Saint-Aubin a lieu le 4\u00e8me dimanche d&rsquo;ao\u00fbt. La chapelle Saint-Aubin : un t\u00e9moignage architectural entre Moyen-\u00c2ge et Renaissance Situ\u00e9e \u00e0 Kirvin-Bigitte (ou Kervin-Brigitte), la chapelle Saint-Aubin est<a class=\"more-link\" href=\"https:\/\/paroisse-crach.fr\/?page_id=144\">Lire la suite <span class=\"screen-reader-text\">\u00ab\u00a0Chapelle Saint-Aubin\u00a0\u00bb<\/span><\/a><\/p>\n","protected":false},"author":4,"featured_media":0,"parent":0,"menu_order":0,"comment_status":"closed","ping_status":"closed","template":"","meta":{"iawp_total_views":33,"_mc_calendar":[],"footnotes":""},"class_list":["post-144","page","type-page","status-publish","hentry","entry"],"yoast_head":"<!-- This site is optimized with the Yoast SEO plugin v27.1 - https:\/\/yoast.com\/product\/yoast-seo-wordpress\/ -->\n<title>Chapelle Saint-Aubin - Paroisse de Crac&#039;h<\/title>\n<meta name=\"description\" content=\"La chapelle Saint-Aubin, m\u00ealant gothique et Renaissance, abrite des statues uniques et c\u00e9l\u00e8bre son pardon chaque 4e dimanche d\u2019ao\u00fbt \u00e0 Crac\u2019h.\" \/>\n<meta name=\"robots\" content=\"index, follow, max-snippet:-1, max-image-preview:large, max-video-preview:-1\" \/>\n<link rel=\"canonical\" href=\"https:\/\/paroisse-crach.fr\/?page_id=144\" \/>\n<meta property=\"og:locale\" content=\"fr_FR\" \/>\n<meta property=\"og:type\" content=\"article\" \/>\n<meta property=\"og:title\" content=\"Chapelle Saint-Aubin - Paroisse de Crac&#039;h\" \/>\n<meta property=\"og:description\" content=\"La chapelle Saint-Aubin, m\u00ealant gothique et Renaissance, abrite des statues uniques et c\u00e9l\u00e8bre son pardon chaque 4e dimanche d\u2019ao\u00fbt \u00e0 Crac\u2019h.\" \/>\n<meta property=\"og:url\" content=\"https:\/\/paroisse-crach.fr\/?page_id=144\" \/>\n<meta property=\"og:site_name\" content=\"Paroisse de Crac&#039;h\" \/>\n<meta property=\"article:modified_time\" content=\"2025-06-04T08:27:08+00:00\" \/>\n<meta property=\"og:image\" content=\"https:\/\/paroisse-crach.fr\/wp-content\/uploads\/2025\/05\/Chapelle-St-Aubin-6-scaled.jpg\" \/>\n\t<meta property=\"og:image:width\" content=\"2560\" \/>\n\t<meta property=\"og:image:height\" content=\"1920\" \/>\n\t<meta property=\"og:image:type\" content=\"image\/jpeg\" \/>\n<meta name=\"twitter:card\" content=\"summary_large_image\" \/>\n<meta name=\"twitter:label1\" content=\"Dur\u00e9e de lecture estim\u00e9e\" \/>\n\t<meta name=\"twitter:data1\" content=\"3 minutes\" \/>\n<script type=\"application\/ld+json\" class=\"yoast-schema-graph\">{\"@context\":\"https:\/\/schema.org\",\"@graph\":[{\"@type\":\"WebPage\",\"@id\":\"https:\/\/paroisse-crach.fr\/?page_id=144\",\"url\":\"https:\/\/paroisse-crach.fr\/?page_id=144\",\"name\":\"Chapelle Saint-Aubin - Paroisse de Crac&#039;h\",\"isPartOf\":{\"@id\":\"https:\/\/paroisse-crach.fr\/#website\"},\"primaryImageOfPage\":{\"@id\":\"https:\/\/paroisse-crach.fr\/?page_id=144#primaryimage\"},\"image\":{\"@id\":\"https:\/\/paroisse-crach.fr\/?page_id=144#primaryimage\"},\"thumbnailUrl\":\"http:\/\/paroisse-crach.fr\/wp-content\/uploads\/2025\/05\/Chapelle-St-Aubin-6-1024x768.jpg\",\"datePublished\":\"2025-02-27T11:50:43+00:00\",\"dateModified\":\"2025-06-04T08:27:08+00:00\",\"description\":\"La chapelle Saint-Aubin, m\u00ealant gothique et Renaissance, abrite des statues uniques et c\u00e9l\u00e8bre son pardon chaque 4e dimanche d\u2019ao\u00fbt \u00e0 Crac\u2019h.\",\"breadcrumb\":{\"@id\":\"https:\/\/paroisse-crach.fr\/?page_id=144#breadcrumb\"},\"inLanguage\":\"fr-FR\",\"potentialAction\":[{\"@type\":\"ReadAction\",\"target\":[\"https:\/\/paroisse-crach.fr\/?page_id=144\"]}]},{\"@type\":\"ImageObject\",\"inLanguage\":\"fr-FR\",\"@id\":\"https:\/\/paroisse-crach.fr\/?page_id=144#primaryimage\",\"url\":\"https:\/\/paroisse-crach.fr\/wp-content\/uploads\/2025\/05\/Chapelle-St-Aubin-6-scaled.jpg\",\"contentUrl\":\"https:\/\/paroisse-crach.fr\/wp-content\/uploads\/2025\/05\/Chapelle-St-Aubin-6-scaled.jpg\",\"width\":2560,\"height\":1920},{\"@type\":\"BreadcrumbList\",\"@id\":\"https:\/\/paroisse-crach.fr\/?page_id=144#breadcrumb\",\"itemListElement\":[{\"@type\":\"ListItem\",\"position\":1,\"name\":\"Accueil\",\"item\":\"https:\/\/paroisse-crach.fr\/\"},{\"@type\":\"ListItem\",\"position\":2,\"name\":\"Chapelle Saint-Aubin\"}]},{\"@type\":\"WebSite\",\"@id\":\"https:\/\/paroisse-crach.fr\/#website\",\"url\":\"https:\/\/paroisse-crach.fr\/\",\"name\":\"Paroisse de Crac'h\",\"description\":\"\u00c9glise Saint-Thuriau\",\"publisher\":{\"@id\":\"https:\/\/paroisse-crach.fr\/#organization\"},\"potentialAction\":[{\"@type\":\"SearchAction\",\"target\":{\"@type\":\"EntryPoint\",\"urlTemplate\":\"https:\/\/paroisse-crach.fr\/?s={search_term_string}\"},\"query-input\":{\"@type\":\"PropertyValueSpecification\",\"valueRequired\":true,\"valueName\":\"search_term_string\"}}],\"inLanguage\":\"fr-FR\"},{\"@type\":\"Organization\",\"@id\":\"https:\/\/paroisse-crach.fr\/#organization\",\"name\":\"Paroisse de Crac'h\",\"url\":\"https:\/\/paroisse-crach.fr\/\",\"logo\":{\"@type\":\"ImageObject\",\"inLanguage\":\"fr-FR\",\"@id\":\"https:\/\/paroisse-crach.fr\/#\/schema\/logo\/image\/\",\"url\":\"https:\/\/paroisse-crach.fr\/wp-content\/uploads\/2025\/06\/macaron-crach.jpg\",\"contentUrl\":\"https:\/\/paroisse-crach.fr\/wp-content\/uploads\/2025\/06\/macaron-crach.jpg\",\"width\":353,\"height\":353,\"caption\":\"Paroisse de Crac'h\"},\"image\":{\"@id\":\"https:\/\/paroisse-crach.fr\/#\/schema\/logo\/image\/\"}}]}<\/script>\n<!-- \/ Yoast SEO plugin. -->","yoast_head_json":{"title":"Chapelle Saint-Aubin - Paroisse de Crac&#039;h","description":"La chapelle Saint-Aubin, m\u00ealant gothique et Renaissance, abrite des statues uniques et c\u00e9l\u00e8bre son pardon chaque 4e dimanche d\u2019ao\u00fbt \u00e0 Crac\u2019h.","robots":{"index":"index","follow":"follow","max-snippet":"max-snippet:-1","max-image-preview":"max-image-preview:large","max-video-preview":"max-video-preview:-1"},"canonical":"https:\/\/paroisse-crach.fr\/?page_id=144","og_locale":"fr_FR","og_type":"article","og_title":"Chapelle Saint-Aubin - Paroisse de Crac&#039;h","og_description":"La chapelle Saint-Aubin, m\u00ealant gothique et Renaissance, abrite des statues uniques et c\u00e9l\u00e8bre son pardon chaque 4e dimanche d\u2019ao\u00fbt \u00e0 Crac\u2019h.","og_url":"https:\/\/paroisse-crach.fr\/?page_id=144","og_site_name":"Paroisse de Crac&#039;h","article_modified_time":"2025-06-04T08:27:08+00:00","og_image":[{"width":2560,"height":1920,"url":"https:\/\/paroisse-crach.fr\/wp-content\/uploads\/2025\/05\/Chapelle-St-Aubin-6-scaled.jpg","type":"image\/jpeg"}],"twitter_card":"summary_large_image","twitter_misc":{"Dur\u00e9e de lecture estim\u00e9e":"3 minutes"},"schema":{"@context":"https:\/\/schema.org","@graph":[{"@type":"WebPage","@id":"https:\/\/paroisse-crach.fr\/?page_id=144","url":"https:\/\/paroisse-crach.fr\/?page_id=144","name":"Chapelle Saint-Aubin - Paroisse de Crac&#039;h","isPartOf":{"@id":"https:\/\/paroisse-crach.fr\/#website"},"primaryImageOfPage":{"@id":"https:\/\/paroisse-crach.fr\/?page_id=144#primaryimage"},"image":{"@id":"https:\/\/paroisse-crach.fr\/?page_id=144#primaryimage"},"thumbnailUrl":"http:\/\/paroisse-crach.fr\/wp-content\/uploads\/2025\/05\/Chapelle-St-Aubin-6-1024x768.jpg","datePublished":"2025-02-27T11:50:43+00:00","dateModified":"2025-06-04T08:27:08+00:00","description":"La chapelle Saint-Aubin, m\u00ealant gothique et Renaissance, abrite des statues uniques et c\u00e9l\u00e8bre son pardon chaque 4e dimanche d\u2019ao\u00fbt \u00e0 Crac\u2019h.","breadcrumb":{"@id":"https:\/\/paroisse-crach.fr\/?page_id=144#breadcrumb"},"inLanguage":"fr-FR","potentialAction":[{"@type":"ReadAction","target":["https:\/\/paroisse-crach.fr\/?page_id=144"]}]},{"@type":"ImageObject","inLanguage":"fr-FR","@id":"https:\/\/paroisse-crach.fr\/?page_id=144#primaryimage","url":"https:\/\/paroisse-crach.fr\/wp-content\/uploads\/2025\/05\/Chapelle-St-Aubin-6-scaled.jpg","contentUrl":"https:\/\/paroisse-crach.fr\/wp-content\/uploads\/2025\/05\/Chapelle-St-Aubin-6-scaled.jpg","width":2560,"height":1920},{"@type":"BreadcrumbList","@id":"https:\/\/paroisse-crach.fr\/?page_id=144#breadcrumb","itemListElement":[{"@type":"ListItem","position":1,"name":"Accueil","item":"https:\/\/paroisse-crach.fr\/"},{"@type":"ListItem","position":2,"name":"Chapelle Saint-Aubin"}]},{"@type":"WebSite","@id":"https:\/\/paroisse-crach.fr\/#website","url":"https:\/\/paroisse-crach.fr\/","name":"Paroisse de Crac'h","description":"\u00c9glise Saint-Thuriau","publisher":{"@id":"https:\/\/paroisse-crach.fr\/#organization"},"potentialAction":[{"@type":"SearchAction","target":{"@type":"EntryPoint","urlTemplate":"https:\/\/paroisse-crach.fr\/?s={search_term_string}"},"query-input":{"@type":"PropertyValueSpecification","valueRequired":true,"valueName":"search_term_string"}}],"inLanguage":"fr-FR"},{"@type":"Organization","@id":"https:\/\/paroisse-crach.fr\/#organization","name":"Paroisse de Crac'h","url":"https:\/\/paroisse-crach.fr\/","logo":{"@type":"ImageObject","inLanguage":"fr-FR","@id":"https:\/\/paroisse-crach.fr\/#\/schema\/logo\/image\/","url":"https:\/\/paroisse-crach.fr\/wp-content\/uploads\/2025\/06\/macaron-crach.jpg","contentUrl":"https:\/\/paroisse-crach.fr\/wp-content\/uploads\/2025\/06\/macaron-crach.jpg","width":353,"height":353,"caption":"Paroisse de Crac'h"},"image":{"@id":"https:\/\/paroisse-crach.fr\/#\/schema\/logo\/image\/"}}]}},"_links":{"self":[{"href":"https:\/\/paroisse-crach.fr\/index.php?rest_route=\/wp\/v2\/pages\/144","targetHints":{"allow":["GET"]}}],"collection":[{"href":"https:\/\/paroisse-crach.fr\/index.php?rest_route=\/wp\/v2\/pages"}],"about":[{"href":"https:\/\/paroisse-crach.fr\/index.php?rest_route=\/wp\/v2\/types\/page"}],"author":[{"embeddable":true,"href":"https:\/\/paroisse-crach.fr\/index.php?rest_route=\/wp\/v2\/users\/4"}],"replies":[{"embeddable":true,"href":"https:\/\/paroisse-crach.fr\/index.php?rest_route=%2Fwp%2Fv2%2Fcomments&post=144"}],"version-history":[{"count":23,"href":"https:\/\/paroisse-crach.fr\/index.php?rest_route=\/wp\/v2\/pages\/144\/revisions"}],"predecessor-version":[{"id":1816,"href":"https:\/\/paroisse-crach.fr\/index.php?rest_route=\/wp\/v2\/pages\/144\/revisions\/1816"}],"wp:attachment":[{"href":"https:\/\/paroisse-crach.fr\/index.php?rest_route=%2Fwp%2Fv2%2Fmedia&parent=144"}],"curies":[{"name":"wp","href":"https:\/\/api.w.org\/{rel}","templated":true}]}}