{"id":15,"date":"2025-02-25T08:44:41","date_gmt":"2025-02-25T07:44:41","guid":{"rendered":"http:\/\/paroisse-crach.fr\/?page_id=15"},"modified":"2025-06-04T10:15:58","modified_gmt":"2025-06-04T08:15:58","slug":"communion","status":"publish","type":"page","link":"https:\/\/paroisse-crach.fr\/?page_id=15","title":{"rendered":"Premi\u00e8re communion"},"content":{"rendered":"\n<figure class=\"wp-block-image size-large has-custom-border\"><img loading=\"lazy\" decoding=\"async\" width=\"1024\" height=\"683\" src=\"http:\/\/paroisse-crach.fr\/wp-content\/uploads\/2025\/02\/first-communion-1024x683.jpg\" alt=\"\" class=\"wp-image-184\" style=\"border-radius:20px;aspect-ratio:16\/9;object-fit:cover\" srcset=\"https:\/\/paroisse-crach.fr\/wp-content\/uploads\/2025\/02\/first-communion-1024x683.jpg 1024w, https:\/\/paroisse-crach.fr\/wp-content\/uploads\/2025\/02\/first-communion-300x200.jpg 300w, https:\/\/paroisse-crach.fr\/wp-content\/uploads\/2025\/02\/first-communion-768x512.jpg 768w, https:\/\/paroisse-crach.fr\/wp-content\/uploads\/2025\/02\/first-communion-1536x1024.jpg 1536w, https:\/\/paroisse-crach.fr\/wp-content\/uploads\/2025\/02\/first-communion-2048x1365.jpg 2048w, https:\/\/paroisse-crach.fr\/wp-content\/uploads\/2025\/02\/first-communion-1568x1045.jpg 1568w\" sizes=\"auto, (max-width: 1024px) 100vw, 1024px\" \/><\/figure>\n\n\n<div class=\"wp-block-image\">\n<figure class=\"aligncenter size-full\"><img loading=\"lazy\" decoding=\"async\" width=\"51\" height=\"51\" src=\"http:\/\/paroisse-crach.fr\/wp-content\/uploads\/2025\/02\/Eucharistie.png\" alt=\"\" class=\"wp-image-292\"\/><\/figure>\n<\/div>\n\n\n<p><\/p>\n\n\n\n<p class=\"has-text-align-left\">L\u2019Eucharistie est le Christ lui-m\u00eame qui se donne \u00e0 nous par amour. Source et sommet de la vie chr\u00e9tienne, elle invite le chr\u00e9tien \u00e0 s\u2019unir au Christ qui a livr\u00e9 son corps pour nous sur le bois de la croix.<\/p>\n\n\n\n<p>C\u2019est par l\u2019<a href=\"https:\/\/eglise.catholique.fr\/glossaire\/eucharistie\/\" target=\"_blank\" rel=\"noreferrer noopener\">Eucharistie<\/a> que nous est donn\u00e9e la Vie de Dieu, le Pain de la route. Recevoir le Pain de Dieu nous invite \u00e0 partager notre pain avec nos fr\u00e8res en humanit\u00e9. L\u2019Eucharistie structure la vie chr\u00e9tienne, elle la ponctue, elle est la respiration dans la vie spirituelle. C\u2019est une actualisation de la P\u00e2que et non pas sa r\u00e9p\u00e9tition ou son simple souvenir. L\u2019Eucharistie, ou la <a href=\"https:\/\/eglise.catholique.fr\/glossaire\/messe\/\">messe<\/a>, est un rappel de la derni\u00e8re C\u00e8ne, de la mort et de la r\u00e9surrection de J\u00e9sus Christ.<\/p>\n\n\n\n<blockquote class=\"wp-block-quote is-layout-flow wp-block-quote-is-layout-flow\">\n<p class=\"has-primary-color has-text-color has-link-color has-large-font-size wp-elements-c1fd2024ff343e8f6a55937e6a204281\">\u00ab\u00a0L\u2019Eucharistie est la source et le sommet de toute la vie chr\u00e9tienne\u00a0\u00bb. (Vatican II Constitution sur l\u2019\u00c9glise n\u00b0 11)<\/p>\n<\/blockquote>\n\n\n<div class=\"wp-block-image\">\n<figure class=\"aligncenter size-full\"><img loading=\"lazy\" decoding=\"async\" width=\"51\" height=\"51\" src=\"http:\/\/paroisse-crach.fr\/wp-content\/uploads\/2025\/02\/Eucharistie.png\" alt=\"\" class=\"wp-image-292\"\/><\/figure>\n<\/div>\n\n\n<p><\/p>\n\n\n\n<p class=\"has-large-font-size\"><strong>Pour qui ?<\/strong><\/p>\n\n\n\n<p>\u2713 <strong>Enfants<\/strong><\/p>\n\n\n\n<p>La premi\u00e8re communion se pr\u00e9pare au cours de la cat\u00e9ch\u00e8se paroissiale.&nbsp;Ce sacrement se pr\u00e9pare sur 1 ans, \u00e0 partir du CE1.<\/p>\n\n\n\n<ul class=\"wp-block-list\">\n<li>Contact : Serge OLLIVRY \u2013 <a href=\"mailto:serge.ollivry@gmail.com\">serge.ollivry@gmail.com<\/a> &#8211; <a href=\"tel:0644912191\">06 44 91 21 91<\/a><\/li>\n<\/ul>\n\n\n\n<p>\u2713 <strong>Jeunes<\/strong><\/p>\n\n\n\n<p>La premi\u00e8re communion se pr\u00e9pare avec la pastorale des jeunes ou dans l&rsquo;\u00e9tablissement scolaire fr\u00e9quent\u00e9.<\/p>\n\n\n\n<ul class=\"wp-block-list\">\n<li>Contact : Nathalie FRESNEAU &#8211; <a href=\"mailto:polejeunes56@diocese-vannes.fr\" target=\"_blank\" rel=\"noreferrer noopener\">polejeunes56@diocese-vannes.fr<\/a><\/li>\n<\/ul>\n\n\n\n<p>\u2713 <strong>Adultes<\/strong><\/p>\n\n\n\n<p>Une pr\u00e9paration sp\u00e9cifique est propos\u00e9e aux adultes qui le souhaitent.<\/p>\n\n\n\n<ul class=\"wp-block-list\">\n<li>Contact : Le recteur de la paroisse &#8211; <a href=\"mailto:paroissedecrach@gmail.com\">paroissedecrach@gmail.com<\/a> \u2013 <a href=\"tel:0297550344\">02 97 55 03 44<\/a><\/li>\n<\/ul>\n\n\n<div class=\"wp-block-image\">\n<figure class=\"aligncenter size-full\"><img loading=\"lazy\" decoding=\"async\" width=\"51\" height=\"51\" src=\"http:\/\/paroisse-crach.fr\/wp-content\/uploads\/2025\/02\/Eucharistie.png\" alt=\"\" class=\"wp-image-292\"\/><\/figure>\n<\/div>\n\n\n<p><\/p>\n\n\n\n<figure class=\"wp-block-video\"><video height=\"360\" style=\"aspect-ratio: 640 \/ 360;\" width=\"640\" controls src=\"https:\/\/paroisse-crach.fr\/wp-content\/uploads\/2025\/05\/Les-7-Sacrements-\uff5c-Leucharistie.mp4\"><\/video><\/figure>\n\n\n\n<p class=\"has-background-color has-text-color has-link-color wp-elements-5df2f65bb47ad8d4c2e561c8e089c0a5\">11<\/p>\n\n\n<div class=\"wp-block-image\">\n<figure class=\"aligncenter size-full is-resized\"><img loading=\"lazy\" decoding=\"async\" width=\"782\" height=\"70\" src=\"http:\/\/paroisse-crach.fr\/wp-content\/uploads\/2025\/05\/ligne-separation-laurier.jpg\" alt=\"\" class=\"wp-image-1336\" style=\"width:300px\" srcset=\"https:\/\/paroisse-crach.fr\/wp-content\/uploads\/2025\/05\/ligne-separation-laurier.jpg 782w, https:\/\/paroisse-crach.fr\/wp-content\/uploads\/2025\/05\/ligne-separation-laurier-300x27.jpg 300w, https:\/\/paroisse-crach.fr\/wp-content\/uploads\/2025\/05\/ligne-separation-laurier-768x69.jpg 768w\" sizes=\"auto, (max-width: 782px) 100vw, 782px\" \/><\/figure>\n<\/div>","protected":false},"excerpt":{"rendered":"<p>L\u2019Eucharistie est le Christ lui-m\u00eame qui se donne \u00e0 nous par amour. Source et sommet de la vie chr\u00e9tienne, elle invite le chr\u00e9tien \u00e0 s\u2019unir au Christ qui a livr\u00e9<a class=\"more-link\" href=\"https:\/\/paroisse-crach.fr\/?page_id=15\">Lire la suite <span class=\"screen-reader-text\">\u00ab\u00a0Premi\u00e8re communion\u00a0\u00bb<\/span><\/a><\/p>\n","protected":false},"author":1,"featured_media":0,"parent":0,"menu_order":0,"comment_status":"closed","ping_status":"closed","template":"","meta":{"iawp_total_views":38,"_mc_calendar":[],"footnotes":""},"class_list":["post-15","page","type-page","status-publish","hentry","entry"],"yoast_head":"<!-- This site is optimized with the Yoast SEO plugin v27.1 - https:\/\/yoast.com\/product\/yoast-seo-wordpress\/ -->\n<title>Premi\u00e8re communion - Paroisse de Crac&#039;h<\/title>\n<meta name=\"description\" content=\"La premi\u00e8re communion unit au Christ par l\u2019Eucharistie. Enfants, jeunes ou adultes, d\u00e9couvrez comment vous y pr\u00e9parer dans la paroisse de Crac&#039;h\" \/>\n<meta name=\"robots\" content=\"index, follow, max-snippet:-1, max-image-preview:large, max-video-preview:-1\" \/>\n<link rel=\"canonical\" href=\"https:\/\/paroisse-crach.fr\/?page_id=15\" \/>\n<meta property=\"og:locale\" content=\"fr_FR\" \/>\n<meta property=\"og:type\" content=\"article\" \/>\n<meta property=\"og:title\" content=\"Premi\u00e8re communion - Paroisse de Crac&#039;h\" \/>\n<meta property=\"og:description\" content=\"La premi\u00e8re communion unit au Christ par l\u2019Eucharistie. Enfants, jeunes ou adultes, d\u00e9couvrez comment vous y pr\u00e9parer dans la paroisse de Crac&#039;h\" \/>\n<meta property=\"og:url\" content=\"https:\/\/paroisse-crach.fr\/?page_id=15\" \/>\n<meta property=\"og:site_name\" content=\"Paroisse de Crac&#039;h\" \/>\n<meta property=\"article:modified_time\" content=\"2025-06-04T08:15:58+00:00\" \/>\n<meta property=\"og:image\" content=\"https:\/\/paroisse-crach.fr\/wp-content\/uploads\/2025\/02\/first-communion-scaled.jpg\" \/>\n\t<meta property=\"og:image:width\" content=\"2560\" \/>\n\t<meta property=\"og:image:height\" content=\"1707\" \/>\n\t<meta property=\"og:image:type\" content=\"image\/jpeg\" \/>\n<meta name=\"twitter:card\" content=\"summary_large_image\" \/>\n<meta name=\"twitter:label1\" content=\"Dur\u00e9e de lecture estim\u00e9e\" \/>\n\t<meta name=\"twitter:data1\" content=\"3 minutes\" \/>\n<script type=\"application\/ld+json\" class=\"yoast-schema-graph\">{\"@context\":\"https:\/\/schema.org\",\"@graph\":[{\"@type\":\"WebPage\",\"@id\":\"https:\/\/paroisse-crach.fr\/?page_id=15\",\"url\":\"https:\/\/paroisse-crach.fr\/?page_id=15\",\"name\":\"Premi\u00e8re communion - Paroisse de Crac&#039;h\",\"isPartOf\":{\"@id\":\"https:\/\/paroisse-crach.fr\/#website\"},\"primaryImageOfPage\":{\"@id\":\"https:\/\/paroisse-crach.fr\/?page_id=15#primaryimage\"},\"image\":{\"@id\":\"https:\/\/paroisse-crach.fr\/?page_id=15#primaryimage\"},\"thumbnailUrl\":\"http:\/\/paroisse-crach.fr\/wp-content\/uploads\/2025\/02\/first-communion-1024x683.jpg\",\"datePublished\":\"2025-02-25T07:44:41+00:00\",\"dateModified\":\"2025-06-04T08:15:58+00:00\",\"description\":\"La premi\u00e8re communion unit au Christ par l\u2019Eucharistie. Enfants, jeunes ou adultes, d\u00e9couvrez comment vous y pr\u00e9parer dans la paroisse de Crac'h\",\"breadcrumb\":{\"@id\":\"https:\/\/paroisse-crach.fr\/?page_id=15#breadcrumb\"},\"inLanguage\":\"fr-FR\",\"potentialAction\":[{\"@type\":\"ReadAction\",\"target\":[\"https:\/\/paroisse-crach.fr\/?page_id=15\"]}]},{\"@type\":\"ImageObject\",\"inLanguage\":\"fr-FR\",\"@id\":\"https:\/\/paroisse-crach.fr\/?page_id=15#primaryimage\",\"url\":\"https:\/\/paroisse-crach.fr\/wp-content\/uploads\/2025\/02\/first-communion-scaled.jpg\",\"contentUrl\":\"https:\/\/paroisse-crach.fr\/wp-content\/uploads\/2025\/02\/first-communion-scaled.jpg\",\"width\":2560,\"height\":1707},{\"@type\":\"BreadcrumbList\",\"@id\":\"https:\/\/paroisse-crach.fr\/?page_id=15#breadcrumb\",\"itemListElement\":[{\"@type\":\"ListItem\",\"position\":1,\"name\":\"Accueil\",\"item\":\"https:\/\/paroisse-crach.fr\/\"},{\"@type\":\"ListItem\",\"position\":2,\"name\":\"Premi\u00e8re communion\"}]},{\"@type\":\"WebSite\",\"@id\":\"https:\/\/paroisse-crach.fr\/#website\",\"url\":\"https:\/\/paroisse-crach.fr\/\",\"name\":\"Paroisse de Crac'h\",\"description\":\"\u00c9glise Saint-Thuriau\",\"publisher\":{\"@id\":\"https:\/\/paroisse-crach.fr\/#organization\"},\"potentialAction\":[{\"@type\":\"SearchAction\",\"target\":{\"@type\":\"EntryPoint\",\"urlTemplate\":\"https:\/\/paroisse-crach.fr\/?s={search_term_string}\"},\"query-input\":{\"@type\":\"PropertyValueSpecification\",\"valueRequired\":true,\"valueName\":\"search_term_string\"}}],\"inLanguage\":\"fr-FR\"},{\"@type\":\"Organization\",\"@id\":\"https:\/\/paroisse-crach.fr\/#organization\",\"name\":\"Paroisse de Crac'h\",\"url\":\"https:\/\/paroisse-crach.fr\/\",\"logo\":{\"@type\":\"ImageObject\",\"inLanguage\":\"fr-FR\",\"@id\":\"https:\/\/paroisse-crach.fr\/#\/schema\/logo\/image\/\",\"url\":\"https:\/\/paroisse-crach.fr\/wp-content\/uploads\/2025\/06\/macaron-crach.jpg\",\"contentUrl\":\"https:\/\/paroisse-crach.fr\/wp-content\/uploads\/2025\/06\/macaron-crach.jpg\",\"width\":353,\"height\":353,\"caption\":\"Paroisse de Crac'h\"},\"image\":{\"@id\":\"https:\/\/paroisse-crach.fr\/#\/schema\/logo\/image\/\"}}]}<\/script>\n<!-- \/ Yoast SEO plugin. -->","yoast_head_json":{"title":"Premi\u00e8re communion - Paroisse de Crac&#039;h","description":"La premi\u00e8re communion unit au Christ par l\u2019Eucharistie. Enfants, jeunes ou adultes, d\u00e9couvrez comment vous y pr\u00e9parer dans la paroisse de Crac'h","robots":{"index":"index","follow":"follow","max-snippet":"max-snippet:-1","max-image-preview":"max-image-preview:large","max-video-preview":"max-video-preview:-1"},"canonical":"https:\/\/paroisse-crach.fr\/?page_id=15","og_locale":"fr_FR","og_type":"article","og_title":"Premi\u00e8re communion - Paroisse de Crac&#039;h","og_description":"La premi\u00e8re communion unit au Christ par l\u2019Eucharistie. Enfants, jeunes ou adultes, d\u00e9couvrez comment vous y pr\u00e9parer dans la paroisse de Crac'h","og_url":"https:\/\/paroisse-crach.fr\/?page_id=15","og_site_name":"Paroisse de Crac&#039;h","article_modified_time":"2025-06-04T08:15:58+00:00","og_image":[{"width":2560,"height":1707,"url":"https:\/\/paroisse-crach.fr\/wp-content\/uploads\/2025\/02\/first-communion-scaled.jpg","type":"image\/jpeg"}],"twitter_card":"summary_large_image","twitter_misc":{"Dur\u00e9e de lecture estim\u00e9e":"3 minutes"},"schema":{"@context":"https:\/\/schema.org","@graph":[{"@type":"WebPage","@id":"https:\/\/paroisse-crach.fr\/?page_id=15","url":"https:\/\/paroisse-crach.fr\/?page_id=15","name":"Premi\u00e8re communion - Paroisse de Crac&#039;h","isPartOf":{"@id":"https:\/\/paroisse-crach.fr\/#website"},"primaryImageOfPage":{"@id":"https:\/\/paroisse-crach.fr\/?page_id=15#primaryimage"},"image":{"@id":"https:\/\/paroisse-crach.fr\/?page_id=15#primaryimage"},"thumbnailUrl":"http:\/\/paroisse-crach.fr\/wp-content\/uploads\/2025\/02\/first-communion-1024x683.jpg","datePublished":"2025-02-25T07:44:41+00:00","dateModified":"2025-06-04T08:15:58+00:00","description":"La premi\u00e8re communion unit au Christ par l\u2019Eucharistie. Enfants, jeunes ou adultes, d\u00e9couvrez comment vous y pr\u00e9parer dans la paroisse de Crac'h","breadcrumb":{"@id":"https:\/\/paroisse-crach.fr\/?page_id=15#breadcrumb"},"inLanguage":"fr-FR","potentialAction":[{"@type":"ReadAction","target":["https:\/\/paroisse-crach.fr\/?page_id=15"]}]},{"@type":"ImageObject","inLanguage":"fr-FR","@id":"https:\/\/paroisse-crach.fr\/?page_id=15#primaryimage","url":"https:\/\/paroisse-crach.fr\/wp-content\/uploads\/2025\/02\/first-communion-scaled.jpg","contentUrl":"https:\/\/paroisse-crach.fr\/wp-content\/uploads\/2025\/02\/first-communion-scaled.jpg","width":2560,"height":1707},{"@type":"BreadcrumbList","@id":"https:\/\/paroisse-crach.fr\/?page_id=15#breadcrumb","itemListElement":[{"@type":"ListItem","position":1,"name":"Accueil","item":"https:\/\/paroisse-crach.fr\/"},{"@type":"ListItem","position":2,"name":"Premi\u00e8re communion"}]},{"@type":"WebSite","@id":"https:\/\/paroisse-crach.fr\/#website","url":"https:\/\/paroisse-crach.fr\/","name":"Paroisse de Crac'h","description":"\u00c9glise Saint-Thuriau","publisher":{"@id":"https:\/\/paroisse-crach.fr\/#organization"},"potentialAction":[{"@type":"SearchAction","target":{"@type":"EntryPoint","urlTemplate":"https:\/\/paroisse-crach.fr\/?s={search_term_string}"},"query-input":{"@type":"PropertyValueSpecification","valueRequired":true,"valueName":"search_term_string"}}],"inLanguage":"fr-FR"},{"@type":"Organization","@id":"https:\/\/paroisse-crach.fr\/#organization","name":"Paroisse de Crac'h","url":"https:\/\/paroisse-crach.fr\/","logo":{"@type":"ImageObject","inLanguage":"fr-FR","@id":"https:\/\/paroisse-crach.fr\/#\/schema\/logo\/image\/","url":"https:\/\/paroisse-crach.fr\/wp-content\/uploads\/2025\/06\/macaron-crach.jpg","contentUrl":"https:\/\/paroisse-crach.fr\/wp-content\/uploads\/2025\/06\/macaron-crach.jpg","width":353,"height":353,"caption":"Paroisse de Crac'h"},"image":{"@id":"https:\/\/paroisse-crach.fr\/#\/schema\/logo\/image\/"}}]}},"_links":{"self":[{"href":"https:\/\/paroisse-crach.fr\/index.php?rest_route=\/wp\/v2\/pages\/15","targetHints":{"allow":["GET"]}}],"collection":[{"href":"https:\/\/paroisse-crach.fr\/index.php?rest_route=\/wp\/v2\/pages"}],"about":[{"href":"https:\/\/paroisse-crach.fr\/index.php?rest_route=\/wp\/v2\/types\/page"}],"author":[{"embeddable":true,"href":"https:\/\/paroisse-crach.fr\/index.php?rest_route=\/wp\/v2\/users\/1"}],"replies":[{"embeddable":true,"href":"https:\/\/paroisse-crach.fr\/index.php?rest_route=%2Fwp%2Fv2%2Fcomments&post=15"}],"version-history":[{"count":27,"href":"https:\/\/paroisse-crach.fr\/index.php?rest_route=\/wp\/v2\/pages\/15\/revisions"}],"predecessor-version":[{"id":2003,"href":"https:\/\/paroisse-crach.fr\/index.php?rest_route=\/wp\/v2\/pages\/15\/revisions\/2003"}],"wp:attachment":[{"href":"https:\/\/paroisse-crach.fr\/index.php?rest_route=%2Fwp%2Fv2%2Fmedia&parent=15"}],"curies":[{"name":"wp","href":"https:\/\/api.w.org\/{rel}","templated":true}]}}