{"id":17,"date":"2025-02-25T08:45:05","date_gmt":"2025-02-25T07:45:05","guid":{"rendered":"http:\/\/paroisse-crach.fr\/?page_id=17"},"modified":"2025-06-04T10:16:58","modified_gmt":"2025-06-04T08:16:58","slug":"confirmation","status":"publish","type":"page","link":"https:\/\/paroisse-crach.fr\/?page_id=17","title":{"rendered":"Confirmation"},"content":{"rendered":"\n<figure class=\"wp-block-image size-large has-custom-border is-style-rounded\"><img loading=\"lazy\" decoding=\"async\" width=\"1024\" height=\"760\" src=\"http:\/\/paroisse-crach.fr\/wp-content\/uploads\/2025\/03\/confirmation-mgr-centene-1024x760.jpg\" alt=\"\" class=\"wp-image-859\" style=\"border-radius:20px;aspect-ratio:16\/9;object-fit:cover\" srcset=\"https:\/\/paroisse-crach.fr\/wp-content\/uploads\/2025\/03\/confirmation-mgr-centene-1024x760.jpg 1024w, https:\/\/paroisse-crach.fr\/wp-content\/uploads\/2025\/03\/confirmation-mgr-centene-300x223.jpg 300w, https:\/\/paroisse-crach.fr\/wp-content\/uploads\/2025\/03\/confirmation-mgr-centene-768x570.jpg 768w, https:\/\/paroisse-crach.fr\/wp-content\/uploads\/2025\/03\/confirmation-mgr-centene-1536x1139.jpg 1536w, https:\/\/paroisse-crach.fr\/wp-content\/uploads\/2025\/03\/confirmation-mgr-centene-2048x1519.jpg 2048w, https:\/\/paroisse-crach.fr\/wp-content\/uploads\/2025\/03\/confirmation-mgr-centene-1568x1163.jpg 1568w\" sizes=\"auto, (max-width: 1024px) 100vw, 1024px\" \/><\/figure>\n\n\n<div class=\"wp-block-image\">\n<figure class=\"aligncenter size-full\"><img loading=\"lazy\" decoding=\"async\" width=\"51\" height=\"51\" src=\"http:\/\/paroisse-crach.fr\/wp-content\/uploads\/2025\/02\/Esprit-Saint.png\" alt=\"\" class=\"wp-image-291\"\/><\/figure>\n<\/div>\n\n\n<p><\/p>\n\n\n\n<p>Comme le <a href=\"https:\/\/eglise.catholique.fr\/glossaire\/bapteme\/\" target=\"_blank\" rel=\"noreferrer noopener\">bapt\u00eame<\/a>, la confirmation imprime dans le chr\u00e9tien une marque ind\u00e9l\u00e9bile (c\u2019est ce que l\u2019on appelle le \u00ab&nbsp;caract\u00e8re&nbsp;\u00bb). C\u2019est l\u2019\u00e9v\u00eaque qui, de mani\u00e8re ordinaire, c\u00e9l\u00e8bre ce sacrement : il manifeste ainsi le lien avec le don de l\u2019Esprit aux ap\u00f4tres au jour de la <a href=\"https:\/\/eglise.catholique.fr\/glossaire\/pentecote\/\">Pentec\u00f4te<\/a> et la place des confirm\u00e9s dans la communion de toute l\u2019\u00c9glise. C\u2019est lui qui r\u00e9alise l\u2019imposition des mains.<\/p>\n\n\n\n<p><\/p>\n\n\n\n<p><\/p>\n\n\n\n<p>Avec une huile parfum\u00e9e, le Saint Chr\u00eame, l\u2019\u00e9v\u00eaque marque le front de chaque confirmand qui re\u00e7oit les <a href=\"https:\/\/eglise.catholique.fr\/approfondir-sa-foi\/la-celebration-de-la-foi\/les-grandes-fetes-chretiennes\/la-pentecote\/438333-sept-dons-de-lesprit-saint\/\" target=\"_blank\" rel=\"noreferrer noopener\">sept dons de l&rsquo;Esprit Saint<\/a> : don de sagesse, d&rsquo;intelligence, de conseil, de force, de connaissance, de pi\u00e9t\u00e9 et de crainte de Dieu. Comme cette huile r\u00e9pand une bonne odeur, chacun est appel\u00e9, par l\u2019\u00e9lan et la joie de sa vie, \u00e0 r\u00e9pandre la bonne odeur du Christ, \u00e0 \u00eatre un t\u00e9moin authentique du Ressuscit\u00e9. <\/p>\n\n\n\n<p><\/p>\n\n\n\n<p><\/p>\n\n\n\n<blockquote class=\"wp-block-quote is-layout-flow wp-block-quote-is-layout-flow\">\n<p class=\"has-primary-color has-text-color has-link-color wp-elements-478f699e15c8e4ccf57e27334298c43e\" style=\"font-size:24px\">\u00ab Ma gr\u00e2ce te suffit, dit le Seigneur, car ma puissance donne toute sa mesure dans la faiblesse. \u00bb (2 Co 12, 9)<\/p>\n<\/blockquote>\n\n\n<div class=\"wp-block-image\">\n<figure class=\"aligncenter size-full\"><img loading=\"lazy\" decoding=\"async\" width=\"51\" height=\"51\" src=\"http:\/\/paroisse-crach.fr\/wp-content\/uploads\/2025\/02\/Esprit-Saint.png\" alt=\"\" class=\"wp-image-291\"\/><\/figure>\n<\/div>\n\n\n<p><\/p>\n\n\n\n<p><\/p>\n\n\n\n<p class=\"has-large-font-size\"><strong>Pour qui ?<\/strong><\/p>\n\n\n\n<p class=\"has-normal-font-size\">\u2713 <strong>Enfants<\/strong> : la confirmation se pr\u00e9pare au cours de la cat\u00e9ch\u00e8se paroissiale.&nbsp;Ce sacrement se pr\u00e9pare sur 2 ans, \u00e0 partir du CM1.<\/p>\n\n\n\n<ul class=\"wp-block-list\">\n<li>Contact 1\u00e8re ann\u00e9e (CM1)&nbsp;: Cathy RALLIER DU BATY&nbsp; &#8211;&nbsp;<a href=\"tel:0628289935\">06 28 28 99 35<\/a><\/li>\n\n\n\n<li>Contact 2\u00e8me ann\u00e9e (CM2) :&nbsp;Brigitte THOMAS&nbsp; &#8211;&nbsp;<a href=\"tel:0660836936\">06 60 83 69 36<\/a><\/li>\n<\/ul>\n\n\n\n<p class=\"has-normal-font-size\">\u2713<strong> Jeunes<\/strong> : la confirmation se pr\u00e9pare avec la pastorale des jeunes ou dans l&rsquo;\u00e9tablissement scolaire fr\u00e9quent\u00e9.<\/p>\n\n\n\n<ul class=\"wp-block-list\">\n<li>Contact : Nathalie FRESNEAU &#8211; <a href=\"mailto:polejeunes56@diocese-vannes.fr\" target=\"_blank\" rel=\"noreferrer noopener\">polejeunes56@diocese-vannes.fr<\/a><\/li>\n<\/ul>\n\n\n\n<p class=\"has-normal-font-size\">\u2713 <strong>Adultes<\/strong> : une pr\u00e9paration sp\u00e9cifique est propos\u00e9e aux adultes qui le souhaitent.<\/p>\n\n\n\n<ul class=\"wp-block-list\">\n<li>Contact : le recteur de la paroisse &#8211; <a href=\"mailto:paroissedecrach@gmail.com\">paroissedecrach@gmail.com<\/a> \u2013 <a href=\"tel:0297550344\">02 97 55 03 44<\/a><\/li>\n<\/ul>\n\n\n\n<p><\/p>\n\n\n<div class=\"wp-block-image\">\n<figure class=\"aligncenter size-full\"><img loading=\"lazy\" decoding=\"async\" width=\"51\" height=\"51\" src=\"http:\/\/paroisse-crach.fr\/wp-content\/uploads\/2025\/02\/Esprit-Saint.png\" alt=\"\" class=\"wp-image-291\"\/><\/figure>\n<\/div>\n\n\n<p><\/p>\n\n\n\n<figure class=\"wp-block-video\"><video height=\"360\" style=\"aspect-ratio: 640 \/ 360;\" width=\"640\" controls src=\"https:\/\/paroisse-crach.fr\/wp-content\/uploads\/2025\/05\/Les-7-Sacrements-\uff5c-La-confirmation.mp4\"><\/video><\/figure>\n\n\n\n<p class=\"has-background-color has-text-color has-link-color wp-elements-5df2f65bb47ad8d4c2e561c8e089c0a5\">11<\/p>\n\n\n<div class=\"wp-block-image\">\n<figure class=\"aligncenter size-full is-resized\"><img loading=\"lazy\" decoding=\"async\" width=\"782\" height=\"70\" src=\"http:\/\/paroisse-crach.fr\/wp-content\/uploads\/2025\/05\/ligne-separation-laurier.jpg\" alt=\"\" class=\"wp-image-1336\" style=\"width:300px\" srcset=\"https:\/\/paroisse-crach.fr\/wp-content\/uploads\/2025\/05\/ligne-separation-laurier.jpg 782w, https:\/\/paroisse-crach.fr\/wp-content\/uploads\/2025\/05\/ligne-separation-laurier-300x27.jpg 300w, https:\/\/paroisse-crach.fr\/wp-content\/uploads\/2025\/05\/ligne-separation-laurier-768x69.jpg 768w\" sizes=\"auto, (max-width: 782px) 100vw, 782px\" \/><\/figure>\n<\/div>","protected":false},"excerpt":{"rendered":"<p>Comme le bapt\u00eame, la confirmation imprime dans le chr\u00e9tien une marque ind\u00e9l\u00e9bile (c\u2019est ce que l\u2019on appelle le \u00ab&nbsp;caract\u00e8re&nbsp;\u00bb). C\u2019est l\u2019\u00e9v\u00eaque qui, de mani\u00e8re ordinaire, c\u00e9l\u00e8bre ce sacrement : il<a class=\"more-link\" href=\"https:\/\/paroisse-crach.fr\/?page_id=17\">Lire la suite <span class=\"screen-reader-text\">\u00ab\u00a0Confirmation\u00a0\u00bb<\/span><\/a><\/p>\n","protected":false},"author":1,"featured_media":0,"parent":0,"menu_order":0,"comment_status":"closed","ping_status":"closed","template":"","meta":{"iawp_total_views":41,"_mc_calendar":[],"footnotes":""},"class_list":["post-17","page","type-page","status-publish","hentry","entry"],"yoast_head":"<!-- This site is optimized with the Yoast SEO plugin v27.1 - https:\/\/yoast.com\/product\/yoast-seo-wordpress\/ -->\n<title>Confirmation - Paroisse de Crac&#039;h<\/title>\n<meta name=\"description\" content=\"La confirmation, sacrement de l\u2019Esprit Saint, est propos\u00e9e aux enfants, jeunes et adultes. D\u00e9couvrez comment vous y pr\u00e9parer dans votre paroisse.\" \/>\n<meta name=\"robots\" content=\"index, follow, max-snippet:-1, max-image-preview:large, max-video-preview:-1\" \/>\n<link rel=\"canonical\" href=\"https:\/\/paroisse-crach.fr\/?page_id=17\" \/>\n<meta property=\"og:locale\" content=\"fr_FR\" \/>\n<meta property=\"og:type\" content=\"article\" \/>\n<meta property=\"og:title\" content=\"Confirmation - Paroisse de Crac&#039;h\" \/>\n<meta property=\"og:description\" content=\"La confirmation, sacrement de l\u2019Esprit Saint, est propos\u00e9e aux enfants, jeunes et adultes. D\u00e9couvrez comment vous y pr\u00e9parer dans votre paroisse.\" \/>\n<meta property=\"og:url\" content=\"https:\/\/paroisse-crach.fr\/?page_id=17\" \/>\n<meta property=\"og:site_name\" content=\"Paroisse de Crac&#039;h\" \/>\n<meta property=\"article:modified_time\" content=\"2025-06-04T08:16:58+00:00\" \/>\n<meta property=\"og:image\" content=\"https:\/\/paroisse-crach.fr\/wp-content\/uploads\/2025\/03\/confirmation-mgr-centene-scaled.jpg\" \/>\n\t<meta property=\"og:image:width\" content=\"2560\" \/>\n\t<meta property=\"og:image:height\" content=\"1899\" \/>\n\t<meta property=\"og:image:type\" content=\"image\/jpeg\" \/>\n<meta name=\"twitter:card\" content=\"summary_large_image\" \/>\n<meta name=\"twitter:label1\" content=\"Dur\u00e9e de lecture estim\u00e9e\" \/>\n\t<meta name=\"twitter:data1\" content=\"3 minutes\" \/>\n<script type=\"application\/ld+json\" class=\"yoast-schema-graph\">{\"@context\":\"https:\/\/schema.org\",\"@graph\":[{\"@type\":\"WebPage\",\"@id\":\"https:\/\/paroisse-crach.fr\/?page_id=17\",\"url\":\"https:\/\/paroisse-crach.fr\/?page_id=17\",\"name\":\"Confirmation - Paroisse de Crac&#039;h\",\"isPartOf\":{\"@id\":\"https:\/\/paroisse-crach.fr\/#website\"},\"primaryImageOfPage\":{\"@id\":\"https:\/\/paroisse-crach.fr\/?page_id=17#primaryimage\"},\"image\":{\"@id\":\"https:\/\/paroisse-crach.fr\/?page_id=17#primaryimage\"},\"thumbnailUrl\":\"http:\/\/paroisse-crach.fr\/wp-content\/uploads\/2025\/03\/confirmation-mgr-centene-1024x760.jpg\",\"datePublished\":\"2025-02-25T07:45:05+00:00\",\"dateModified\":\"2025-06-04T08:16:58+00:00\",\"description\":\"La confirmation, sacrement de l\u2019Esprit Saint, est propos\u00e9e aux enfants, jeunes et adultes. D\u00e9couvrez comment vous y pr\u00e9parer dans votre paroisse.\",\"breadcrumb\":{\"@id\":\"https:\/\/paroisse-crach.fr\/?page_id=17#breadcrumb\"},\"inLanguage\":\"fr-FR\",\"potentialAction\":[{\"@type\":\"ReadAction\",\"target\":[\"https:\/\/paroisse-crach.fr\/?page_id=17\"]}]},{\"@type\":\"ImageObject\",\"inLanguage\":\"fr-FR\",\"@id\":\"https:\/\/paroisse-crach.fr\/?page_id=17#primaryimage\",\"url\":\"https:\/\/paroisse-crach.fr\/wp-content\/uploads\/2025\/03\/confirmation-mgr-centene-scaled.jpg\",\"contentUrl\":\"https:\/\/paroisse-crach.fr\/wp-content\/uploads\/2025\/03\/confirmation-mgr-centene-scaled.jpg\",\"width\":2560,\"height\":1899},{\"@type\":\"BreadcrumbList\",\"@id\":\"https:\/\/paroisse-crach.fr\/?page_id=17#breadcrumb\",\"itemListElement\":[{\"@type\":\"ListItem\",\"position\":1,\"name\":\"Accueil\",\"item\":\"https:\/\/paroisse-crach.fr\/\"},{\"@type\":\"ListItem\",\"position\":2,\"name\":\"Confirmation\"}]},{\"@type\":\"WebSite\",\"@id\":\"https:\/\/paroisse-crach.fr\/#website\",\"url\":\"https:\/\/paroisse-crach.fr\/\",\"name\":\"Paroisse de Crac'h\",\"description\":\"\u00c9glise Saint-Thuriau\",\"publisher\":{\"@id\":\"https:\/\/paroisse-crach.fr\/#organization\"},\"potentialAction\":[{\"@type\":\"SearchAction\",\"target\":{\"@type\":\"EntryPoint\",\"urlTemplate\":\"https:\/\/paroisse-crach.fr\/?s={search_term_string}\"},\"query-input\":{\"@type\":\"PropertyValueSpecification\",\"valueRequired\":true,\"valueName\":\"search_term_string\"}}],\"inLanguage\":\"fr-FR\"},{\"@type\":\"Organization\",\"@id\":\"https:\/\/paroisse-crach.fr\/#organization\",\"name\":\"Paroisse de Crac'h\",\"url\":\"https:\/\/paroisse-crach.fr\/\",\"logo\":{\"@type\":\"ImageObject\",\"inLanguage\":\"fr-FR\",\"@id\":\"https:\/\/paroisse-crach.fr\/#\/schema\/logo\/image\/\",\"url\":\"https:\/\/paroisse-crach.fr\/wp-content\/uploads\/2025\/06\/macaron-crach.jpg\",\"contentUrl\":\"https:\/\/paroisse-crach.fr\/wp-content\/uploads\/2025\/06\/macaron-crach.jpg\",\"width\":353,\"height\":353,\"caption\":\"Paroisse de Crac'h\"},\"image\":{\"@id\":\"https:\/\/paroisse-crach.fr\/#\/schema\/logo\/image\/\"}}]}<\/script>\n<!-- \/ Yoast SEO plugin. -->","yoast_head_json":{"title":"Confirmation - Paroisse de Crac&#039;h","description":"La confirmation, sacrement de l\u2019Esprit Saint, est propos\u00e9e aux enfants, jeunes et adultes. D\u00e9couvrez comment vous y pr\u00e9parer dans votre paroisse.","robots":{"index":"index","follow":"follow","max-snippet":"max-snippet:-1","max-image-preview":"max-image-preview:large","max-video-preview":"max-video-preview:-1"},"canonical":"https:\/\/paroisse-crach.fr\/?page_id=17","og_locale":"fr_FR","og_type":"article","og_title":"Confirmation - Paroisse de Crac&#039;h","og_description":"La confirmation, sacrement de l\u2019Esprit Saint, est propos\u00e9e aux enfants, jeunes et adultes. D\u00e9couvrez comment vous y pr\u00e9parer dans votre paroisse.","og_url":"https:\/\/paroisse-crach.fr\/?page_id=17","og_site_name":"Paroisse de Crac&#039;h","article_modified_time":"2025-06-04T08:16:58+00:00","og_image":[{"width":2560,"height":1899,"url":"https:\/\/paroisse-crach.fr\/wp-content\/uploads\/2025\/03\/confirmation-mgr-centene-scaled.jpg","type":"image\/jpeg"}],"twitter_card":"summary_large_image","twitter_misc":{"Dur\u00e9e de lecture estim\u00e9e":"3 minutes"},"schema":{"@context":"https:\/\/schema.org","@graph":[{"@type":"WebPage","@id":"https:\/\/paroisse-crach.fr\/?page_id=17","url":"https:\/\/paroisse-crach.fr\/?page_id=17","name":"Confirmation - Paroisse de Crac&#039;h","isPartOf":{"@id":"https:\/\/paroisse-crach.fr\/#website"},"primaryImageOfPage":{"@id":"https:\/\/paroisse-crach.fr\/?page_id=17#primaryimage"},"image":{"@id":"https:\/\/paroisse-crach.fr\/?page_id=17#primaryimage"},"thumbnailUrl":"http:\/\/paroisse-crach.fr\/wp-content\/uploads\/2025\/03\/confirmation-mgr-centene-1024x760.jpg","datePublished":"2025-02-25T07:45:05+00:00","dateModified":"2025-06-04T08:16:58+00:00","description":"La confirmation, sacrement de l\u2019Esprit Saint, est propos\u00e9e aux enfants, jeunes et adultes. D\u00e9couvrez comment vous y pr\u00e9parer dans votre paroisse.","breadcrumb":{"@id":"https:\/\/paroisse-crach.fr\/?page_id=17#breadcrumb"},"inLanguage":"fr-FR","potentialAction":[{"@type":"ReadAction","target":["https:\/\/paroisse-crach.fr\/?page_id=17"]}]},{"@type":"ImageObject","inLanguage":"fr-FR","@id":"https:\/\/paroisse-crach.fr\/?page_id=17#primaryimage","url":"https:\/\/paroisse-crach.fr\/wp-content\/uploads\/2025\/03\/confirmation-mgr-centene-scaled.jpg","contentUrl":"https:\/\/paroisse-crach.fr\/wp-content\/uploads\/2025\/03\/confirmation-mgr-centene-scaled.jpg","width":2560,"height":1899},{"@type":"BreadcrumbList","@id":"https:\/\/paroisse-crach.fr\/?page_id=17#breadcrumb","itemListElement":[{"@type":"ListItem","position":1,"name":"Accueil","item":"https:\/\/paroisse-crach.fr\/"},{"@type":"ListItem","position":2,"name":"Confirmation"}]},{"@type":"WebSite","@id":"https:\/\/paroisse-crach.fr\/#website","url":"https:\/\/paroisse-crach.fr\/","name":"Paroisse de Crac'h","description":"\u00c9glise Saint-Thuriau","publisher":{"@id":"https:\/\/paroisse-crach.fr\/#organization"},"potentialAction":[{"@type":"SearchAction","target":{"@type":"EntryPoint","urlTemplate":"https:\/\/paroisse-crach.fr\/?s={search_term_string}"},"query-input":{"@type":"PropertyValueSpecification","valueRequired":true,"valueName":"search_term_string"}}],"inLanguage":"fr-FR"},{"@type":"Organization","@id":"https:\/\/paroisse-crach.fr\/#organization","name":"Paroisse de Crac'h","url":"https:\/\/paroisse-crach.fr\/","logo":{"@type":"ImageObject","inLanguage":"fr-FR","@id":"https:\/\/paroisse-crach.fr\/#\/schema\/logo\/image\/","url":"https:\/\/paroisse-crach.fr\/wp-content\/uploads\/2025\/06\/macaron-crach.jpg","contentUrl":"https:\/\/paroisse-crach.fr\/wp-content\/uploads\/2025\/06\/macaron-crach.jpg","width":353,"height":353,"caption":"Paroisse de Crac'h"},"image":{"@id":"https:\/\/paroisse-crach.fr\/#\/schema\/logo\/image\/"}}]}},"_links":{"self":[{"href":"https:\/\/paroisse-crach.fr\/index.php?rest_route=\/wp\/v2\/pages\/17","targetHints":{"allow":["GET"]}}],"collection":[{"href":"https:\/\/paroisse-crach.fr\/index.php?rest_route=\/wp\/v2\/pages"}],"about":[{"href":"https:\/\/paroisse-crach.fr\/index.php?rest_route=\/wp\/v2\/types\/page"}],"author":[{"embeddable":true,"href":"https:\/\/paroisse-crach.fr\/index.php?rest_route=\/wp\/v2\/users\/1"}],"replies":[{"embeddable":true,"href":"https:\/\/paroisse-crach.fr\/index.php?rest_route=%2Fwp%2Fv2%2Fcomments&post=17"}],"version-history":[{"count":30,"href":"https:\/\/paroisse-crach.fr\/index.php?rest_route=\/wp\/v2\/pages\/17\/revisions"}],"predecessor-version":[{"id":2001,"href":"https:\/\/paroisse-crach.fr\/index.php?rest_route=\/wp\/v2\/pages\/17\/revisions\/2001"}],"wp:attachment":[{"href":"https:\/\/paroisse-crach.fr\/index.php?rest_route=%2Fwp%2Fv2%2Fmedia&parent=17"}],"curies":[{"name":"wp","href":"https:\/\/api.w.org\/{rel}","templated":true}]}}