{"id":1939,"date":"2025-05-22T11:45:55","date_gmt":"2025-05-22T09:45:55","guid":{"rendered":"https:\/\/paroisse-crach.fr\/?page_id=1939"},"modified":"2025-06-04T10:23:51","modified_gmt":"2025-06-04T08:23:51","slug":"histoire-de-la-paroisse","status":"publish","type":"page","link":"https:\/\/paroisse-crach.fr\/?page_id=1939","title":{"rendered":"Histoire de la paroisse"},"content":{"rendered":"\n<figure class=\"wp-block-image size-large has-custom-border\"><img loading=\"lazy\" decoding=\"async\" width=\"1024\" height=\"768\" src=\"https:\/\/paroisse-crach.fr\/wp-content\/uploads\/2025\/05\/Eglise-Saint-Thuriau42-1-1024x768.jpg\" alt=\"\" class=\"wp-image-1953\" style=\"border-radius:30px;aspect-ratio:16\/9;object-fit:cover\" srcset=\"https:\/\/paroisse-crach.fr\/wp-content\/uploads\/2025\/05\/Eglise-Saint-Thuriau42-1-1024x768.jpg 1024w, https:\/\/paroisse-crach.fr\/wp-content\/uploads\/2025\/05\/Eglise-Saint-Thuriau42-1-300x225.jpg 300w, https:\/\/paroisse-crach.fr\/wp-content\/uploads\/2025\/05\/Eglise-Saint-Thuriau42-1-768x576.jpg 768w, https:\/\/paroisse-crach.fr\/wp-content\/uploads\/2025\/05\/Eglise-Saint-Thuriau42-1-1536x1152.jpg 1536w, https:\/\/paroisse-crach.fr\/wp-content\/uploads\/2025\/05\/Eglise-Saint-Thuriau42-1-1568x1176.jpg 1568w, https:\/\/paroisse-crach.fr\/wp-content\/uploads\/2025\/05\/Eglise-Saint-Thuriau42-1.jpg 2048w\" sizes=\"auto, (max-width: 1024px) 100vw, 1024px\" \/><\/figure>\n\n\n\n<p class=\"has-text-align-center has-text-color has-link-color wp-elements-1edaf83523c76cd45a39d0646c84e9a4\" style=\"color:#4f4e4ed1\"><\/p>\n\n\n<div class=\"wp-block-image\">\n<figure class=\"aligncenter size-full\"><img loading=\"lazy\" decoding=\"async\" width=\"51\" height=\"51\" src=\"http:\/\/paroisse-crach.fr\/wp-content\/uploads\/2025\/03\/Chapelle.png\" alt=\"\" class=\"wp-image-458\"\/><\/figure>\n<\/div>\n\n\n<p><\/p>\n\n\n\n<p class=\"has-large-font-size\"><strong>Crac&rsquo;h et son patrimoine religieux<\/strong><\/p>\n\n\n\n<p>Crac&rsquo;h est naturellement bord\u00e9e \u00e0 l&rsquo;est par la rivi\u00e8re d\u2019Auray et \u00e0 l\u2019ouest par la rivi\u00e8re de Crac\u2019h ou de La Trinit\u00e9. Au nord, elle touche la commune d\u2019Auray, et au sud, celle de Locmariaquer. Sa superficie est d\u2019environ 3 011 hectares, r\u00e9partis \u00e0 parts \u00e9gales entre terres cultiv\u00e9es, landes, et prairies ou bois. Le bourg, situ\u00e9 dans la partie sud de la commune, est \u00e9tabli sur une l\u00e9g\u00e8re hauteur, ce qui expliquerait l\u2019origine de son nom.<\/p>\n\n\n<div class=\"wp-block-image\">\n<figure class=\"aligncenter size-large\"><img loading=\"lazy\" decoding=\"async\" width=\"700\" height=\"1024\" src=\"https:\/\/paroisse-crach.fr\/wp-content\/uploads\/2025\/05\/GravureStThuriau2-700x1024.png\" alt=\"\" class=\"wp-image-1962\" srcset=\"https:\/\/paroisse-crach.fr\/wp-content\/uploads\/2025\/05\/GravureStThuriau2-700x1024.png 700w, https:\/\/paroisse-crach.fr\/wp-content\/uploads\/2025\/05\/GravureStThuriau2-205x300.png 205w, https:\/\/paroisse-crach.fr\/wp-content\/uploads\/2025\/05\/GravureStThuriau2-768x1124.png 768w, https:\/\/paroisse-crach.fr\/wp-content\/uploads\/2025\/05\/GravureStThuriau2-1050x1536.png 1050w, https:\/\/paroisse-crach.fr\/wp-content\/uploads\/2025\/05\/GravureStThuriau2.png 1378w\" sizes=\"auto, (max-width: 700px) 100vw, 700px\" \/><\/figure>\n<\/div>\n\n\n<p><\/p>\n\n\n\n<p class=\"has-large-font-size\"><strong>Origines<\/strong><\/p>\n\n\n\n<p>Le nom de Crac&rsquo;h provient de l&rsquo;ancien breton <em>kreac\u2019h<\/em> ou <em>kreh<\/em>, signifiant \u00ab colline \u00bb. Le territoire de Crac&rsquo;h \u00e9tait autrefois une subdivision de la paroisse primitive de Ka\u00ebr, qui englobait les actuelles communes de Crac&rsquo;h et de Locmaria. Cette paroisse est mentionn\u00e9e d\u00e8s le IXe si\u00e8cle dans le Cartulaire de Redon sous le nom de <em>Ca\u00ebr<\/em>. L\u2019origine de ce nom fait d\u00e9bat : certains y voient une d\u00e9rivation du latin <em>Castra<\/em> (lieu fortifi\u00e9), d\u2019autres de <em>Quadra<\/em> (enclos de forme quadrangulaire). Au fil du temps, le terme <em>Ca\u00ebr<\/em> a fini par d\u00e9signer une \u00ab ville \u00bb, un \u00ab domaine rural \u00bb ou un \u00ab village \u00bb.<\/p>\n\n\n\n<p>Dans le cas de Crac\u2019h, il semble que le terme <em>Ca\u00ebr<\/em> d\u00e9signe une ancienne cit\u00e9 gallo-romaine autour de laquelle une paroisse bretonne se serait d\u00e9velopp\u00e9e, \u00e0 l\u2019image de Carhaix o\u00f9 la paroisse de Plouguer porte la m\u00eame \u00e9tymologie : <em>plebs Ka\u00ebr<\/em>.<\/p>\n\n\n\n<p>La seigneurie m\u00e9di\u00e9vale de Ka\u00ebr, qui recouvrait les m\u00eames limites que la paroisse, partage cette origine toponymique. Elle est \u00e9galement connue sous les formes <em>Kera\u00ebr<\/em>, et, en 1448, <em>Kerezere<\/em>. De ce dernier nom d\u00e9rive celui du village actuel de Kerere, qui signifierait peut-\u00eatre \u00ab domaine de la vip\u00e8re \u00bb (de <em>Ker-en-Naer<\/em> ou <em>En-Nazr<\/em>).<\/p>\n\n\n\n<div class=\"wp-block-columns is-layout-flex wp-container-core-columns-is-layout-28f84493 wp-block-columns-is-layout-flex\">\n<div class=\"wp-block-column is-layout-flow wp-block-column-is-layout-flow\" style=\"flex-basis:66.66%\">\n<p> Cette interpr\u00e9tation expliquerait les armoiries des seigneurs locaux : \u00ab de gueules \u00e0 la croix d\u2019hermines ancr\u00e9e et gringol\u00e9e d\u2019or \u00bb, c\u2019est-\u00e0-dire une croix aux extr\u00e9mit\u00e9s termin\u00e9es par des t\u00eates de serpents. Ces armoiries sont toujours visibles au ch\u00e2teau du Plessis-Ka\u00ebr, situ\u00e9 \u00e0 Crac\u2019h, devenu d\u00e8s le XIVe si\u00e8cle le si\u00e8ge de cette puissante seigneurie qui poss\u00e9dait \u00e9galement le port de Vannes et les rives voisines du Golfe, connues sous le nom de <em>Ker-en-Vannes<\/em>.<\/p>\n<\/div>\n\n\n\n<div class=\"wp-block-column is-layout-flow wp-block-column-is-layout-flow\" style=\"flex-basis:33.33%\"><div class=\"wp-block-image\">\n<figure class=\"aligncenter size-medium is-resized\"><img loading=\"lazy\" decoding=\"async\" width=\"269\" height=\"300\" src=\"https:\/\/paroisse-crach.fr\/wp-content\/uploads\/2025\/05\/Blason-269x300.jpeg\" alt=\"\" class=\"wp-image-1956\" style=\"width:216px;height:auto\" srcset=\"https:\/\/paroisse-crach.fr\/wp-content\/uploads\/2025\/05\/Blason-269x300.jpeg 269w, https:\/\/paroisse-crach.fr\/wp-content\/uploads\/2025\/05\/Blason.jpeg 345w\" sizes=\"auto, (max-width: 269px) 100vw, 269px\" \/><\/figure>\n<\/div><\/div>\n<\/div>\n\n\n\n<p>Au XIe si\u00e8cle, un prieur\u00e9 d\u00e9di\u00e9 \u00e0 Sainte Marie de Ca\u00ebr fut fond\u00e9 pour l\u2019abbaye b\u00e9n\u00e9dictine de Quimperl\u00e9. Ce prieur\u00e9 prit rapidement le nom de Locmariaquer, et c\u2019est sans doute \u00e0 cette \u00e9poque que la paroisse de Crac\u2019h se vit d\u00e9limiter dans les fronti\u00e8res qu\u2019elle conserve encore aujourd\u2019hui.<\/p>\n\n\n<div class=\"wp-block-image\">\n<figure class=\"aligncenter size-large\"><img loading=\"lazy\" decoding=\"async\" width=\"1024\" height=\"683\" src=\"http:\/\/paroisse-crach.fr\/wp-content\/uploads\/2025\/05\/IMG_2488-1024x683.jpg\" alt=\"\" class=\"wp-image-1792\" srcset=\"https:\/\/paroisse-crach.fr\/wp-content\/uploads\/2025\/05\/IMG_2488-1024x683.jpg 1024w, https:\/\/paroisse-crach.fr\/wp-content\/uploads\/2025\/05\/IMG_2488-300x200.jpg 300w, https:\/\/paroisse-crach.fr\/wp-content\/uploads\/2025\/05\/IMG_2488-768x512.jpg 768w, https:\/\/paroisse-crach.fr\/wp-content\/uploads\/2025\/05\/IMG_2488-1536x1024.jpg 1536w, https:\/\/paroisse-crach.fr\/wp-content\/uploads\/2025\/05\/IMG_2488-2048x1365.jpg 2048w, https:\/\/paroisse-crach.fr\/wp-content\/uploads\/2025\/05\/IMG_2488-1568x1045.jpg 1568w\" sizes=\"auto, (max-width: 1024px) 100vw, 1024px\" \/><\/figure>\n<\/div>\n\n\n<p><\/p>\n\n\n\n<p class=\"has-large-font-size\"><strong>Les recteurs de Crac&rsquo;h<\/strong><\/p>\n\n\n\n<p>En Bretagne, le cur\u00e9 peut \u00eatre appel\u00e9 \u00ab recteur \u00bb, c&rsquo;est le titre usuel donn\u00e9 au cur\u00e9 d&rsquo;une paroisse. <\/p>\n\n\n\n<div class=\"wp-block-columns is-layout-flex wp-container-core-columns-is-layout-28f84493 wp-block-columns-is-layout-flex\">\n<div class=\"wp-block-column is-layout-flow wp-block-column-is-layout-flow\"><div class=\"wp-block-image\">\n<figure data-wp-context=\"{&quot;imageId&quot;:&quot;69f34404a9488&quot;}\" data-wp-interactive=\"core\/image\" data-wp-key=\"69f34404a9488\" class=\"aligncenter size-medium wp-lightbox-container\"><img loading=\"lazy\" decoding=\"async\" width=\"221\" height=\"300\" data-wp-class--hide=\"state.isContentHidden\" data-wp-class--show=\"state.isContentVisible\" data-wp-init=\"callbacks.setButtonStyles\" data-wp-on--click=\"actions.showLightbox\" data-wp-on--load=\"callbacks.setButtonStyles\" data-wp-on-window--resize=\"callbacks.setButtonStyles\" src=\"https:\/\/paroisse-crach.fr\/wp-content\/uploads\/2025\/05\/recteurs-retouches-221x300.jpg\" alt=\"\" class=\"wp-image-1954\" srcset=\"https:\/\/paroisse-crach.fr\/wp-content\/uploads\/2025\/05\/recteurs-retouches-221x300.jpg 221w, https:\/\/paroisse-crach.fr\/wp-content\/uploads\/2025\/05\/recteurs-retouches-756x1024.jpg 756w, https:\/\/paroisse-crach.fr\/wp-content\/uploads\/2025\/05\/recteurs-retouches-768x1041.jpg 768w, https:\/\/paroisse-crach.fr\/wp-content\/uploads\/2025\/05\/recteurs-retouches-1134x1536.jpg 1134w, https:\/\/paroisse-crach.fr\/wp-content\/uploads\/2025\/05\/recteurs-retouches.jpg 1262w\" sizes=\"auto, (max-width: 221px) 100vw, 221px\" \/><button\n\t\t\tclass=\"lightbox-trigger\"\n\t\t\ttype=\"button\"\n\t\t\taria-haspopup=\"dialog\"\n\t\t\taria-label=\"Agrandir\"\n\t\t\tdata-wp-init=\"callbacks.initTriggerButton\"\n\t\t\tdata-wp-on--click=\"actions.showLightbox\"\n\t\t\tdata-wp-style--right=\"state.imageButtonRight\"\n\t\t\tdata-wp-style--top=\"state.imageButtonTop\"\n\t\t>\n\t\t\t<svg xmlns=\"http:\/\/www.w3.org\/2000\/svg\" width=\"12\" height=\"12\" fill=\"none\" viewBox=\"0 0 12 12\">\n\t\t\t\t<path fill=\"#fff\" d=\"M2 0a2 2 0 0 0-2 2v2h1.5V2a.5.5 0 0 1 .5-.5h2V0H2Zm2 10.5H2a.5.5 0 0 1-.5-.5V8H0v2a2 2 0 0 0 2 2h2v-1.5ZM8 12v-1.5h2a.5.5 0 0 0 .5-.5V8H12v2a2 2 0 0 1-2 2H8Zm2-12a2 2 0 0 1 2 2v2h-1.5V2a.5.5 0 0 0-.5-.5H8V0h2Z\" \/>\n\t\t\t<\/svg>\n\t\t<\/button><\/figure>\n<\/div><\/div>\n\n\n\n<div class=\"wp-block-column is-layout-flow wp-block-column-is-layout-flow\"><div class=\"wp-block-image\">\n<figure data-wp-context=\"{&quot;imageId&quot;:&quot;69f34404a9a81&quot;}\" data-wp-interactive=\"core\/image\" data-wp-key=\"69f34404a9a81\" class=\"aligncenter size-medium wp-lightbox-container\"><img loading=\"lazy\" decoding=\"async\" width=\"221\" height=\"300\" data-wp-class--hide=\"state.isContentHidden\" data-wp-class--show=\"state.isContentVisible\" data-wp-init=\"callbacks.setButtonStyles\" data-wp-on--click=\"actions.showLightbox\" data-wp-on--load=\"callbacks.setButtonStyles\" data-wp-on-window--resize=\"callbacks.setButtonStyles\" src=\"https:\/\/paroisse-crach.fr\/wp-content\/uploads\/2025\/05\/recteurs-suite-retouchee-221x300.jpg\" alt=\"\" class=\"wp-image-1955\" srcset=\"https:\/\/paroisse-crach.fr\/wp-content\/uploads\/2025\/05\/recteurs-suite-retouchee-221x300.jpg 221w, https:\/\/paroisse-crach.fr\/wp-content\/uploads\/2025\/05\/recteurs-suite-retouchee-755x1024.jpg 755w, https:\/\/paroisse-crach.fr\/wp-content\/uploads\/2025\/05\/recteurs-suite-retouchee-768x1041.jpg 768w, https:\/\/paroisse-crach.fr\/wp-content\/uploads\/2025\/05\/recteurs-suite-retouchee-1133x1536.jpg 1133w, https:\/\/paroisse-crach.fr\/wp-content\/uploads\/2025\/05\/recteurs-suite-retouchee.jpg 1395w\" sizes=\"auto, (max-width: 221px) 100vw, 221px\" \/><button\n\t\t\tclass=\"lightbox-trigger\"\n\t\t\ttype=\"button\"\n\t\t\taria-haspopup=\"dialog\"\n\t\t\taria-label=\"Agrandir\"\n\t\t\tdata-wp-init=\"callbacks.initTriggerButton\"\n\t\t\tdata-wp-on--click=\"actions.showLightbox\"\n\t\t\tdata-wp-style--right=\"state.imageButtonRight\"\n\t\t\tdata-wp-style--top=\"state.imageButtonTop\"\n\t\t>\n\t\t\t<svg xmlns=\"http:\/\/www.w3.org\/2000\/svg\" width=\"12\" height=\"12\" fill=\"none\" viewBox=\"0 0 12 12\">\n\t\t\t\t<path fill=\"#fff\" d=\"M2 0a2 2 0 0 0-2 2v2h1.5V2a.5.5 0 0 1 .5-.5h2V0H2Zm2 10.5H2a.5.5 0 0 1-.5-.5V8H0v2a2 2 0 0 0 2 2h2v-1.5ZM8 12v-1.5h2a.5.5 0 0 0 .5-.5V8H12v2a2 2 0 0 1-2 2H8Zm2-12a2 2 0 0 1 2 2v2h-1.5V2a.5.5 0 0 0-.5-.5H8V0h2Z\" \/>\n\t\t\t<\/svg>\n\t\t<\/button><\/figure>\n<\/div><\/div>\n<\/div>\n\n\n\n<p><\/p>\n\n\n\n<p class=\"has-large-font-size\"><strong>Des chapelles \u00e0 d\u00e9couvrir<\/strong><\/p>\n\n\n\n<p>Le patrimoine religieux de Crac\u2019h est aussi riche que son histoire. On y trouve notamment :<\/p>\n\n\n\n<ul class=\"wp-block-list\">\n<li>L\u2019<a href=\"https:\/\/paroisse-crach.fr\/?page_id=138\">\u00e9glise Saint-Thuriau<\/a> (XIXe si\u00e8cle),<\/li>\n\n\n\n<li>La <a href=\"https:\/\/paroisse-crach.fr\/?page_id=140\">chapelle Notre-Dame du Plas-Ka\u00ebr<\/a> (XIXe si\u00e8cle),<\/li>\n\n\n\n<li>La <a href=\"https:\/\/paroisse-crach.fr\/?page_id=146\">chapelle Saint-Andr\u00e9<\/a> (XVIIe si\u00e8cle),<\/li>\n\n\n\n<li>La <a href=\"https:\/\/paroisse-crach.fr\/?page_id=144\">chapelle Saint-Aubin<\/a> (XVIIe si\u00e8cle),<\/li>\n\n\n\n<li>La <a href=\"https:\/\/paroisse-crach.fr\/?page_id=142\">chapelle Saint-Jean <\/a>(XVIe si\u00e8cle).<\/li>\n<\/ul>\n\n\n\n<p class=\"has-large-font-size\"><\/p>\n\n\n\n<p class=\"has-background-color has-text-color has-link-color wp-elements-5df2f65bb47ad8d4c2e561c8e089c0a5\">11<\/p>\n\n\n<div class=\"wp-block-image\">\n<figure class=\"aligncenter size-full is-resized\"><img loading=\"lazy\" decoding=\"async\" width=\"782\" height=\"70\" src=\"http:\/\/paroisse-crach.fr\/wp-content\/uploads\/2025\/05\/ligne-separation-laurier.jpg\" alt=\"\" class=\"wp-image-1336\" style=\"width:300px\" srcset=\"https:\/\/paroisse-crach.fr\/wp-content\/uploads\/2025\/05\/ligne-separation-laurier.jpg 782w, https:\/\/paroisse-crach.fr\/wp-content\/uploads\/2025\/05\/ligne-separation-laurier-300x27.jpg 300w, https:\/\/paroisse-crach.fr\/wp-content\/uploads\/2025\/05\/ligne-separation-laurier-768x69.jpg 768w\" sizes=\"auto, (max-width: 782px) 100vw, 782px\" \/><\/figure>\n<\/div>","protected":false},"excerpt":{"rendered":"<p>Crac&rsquo;h et son patrimoine religieux Crac&rsquo;h est naturellement bord\u00e9e \u00e0 l&rsquo;est par la rivi\u00e8re d\u2019Auray et \u00e0 l\u2019ouest par la rivi\u00e8re de Crac\u2019h ou de La Trinit\u00e9. Au nord, elle<a class=\"more-link\" href=\"https:\/\/paroisse-crach.fr\/?page_id=1939\">Lire la suite <span class=\"screen-reader-text\">\u00ab\u00a0Histoire de la paroisse\u00a0\u00bb<\/span><\/a><\/p>\n","protected":false},"author":1,"featured_media":0,"parent":0,"menu_order":0,"comment_status":"closed","ping_status":"closed","template":"","meta":{"iawp_total_views":74,"_mc_calendar":[],"footnotes":""},"class_list":["post-1939","page","type-page","status-publish","hentry","entry"],"yoast_head":"<!-- This site is optimized with the Yoast SEO plugin v27.1 - https:\/\/yoast.com\/product\/yoast-seo-wordpress\/ -->\n<title>Histoire de la paroisse - Paroisse de Crac&#039;h<\/title>\n<meta name=\"description\" content=\"D\u00e9couvrez l\u2019histoire de la paroisse de Crac\u2019h, son origine, ses recteurs et son riche patrimoine religieux \u00e0 travers si\u00e8cles et chapelles.\" \/>\n<meta name=\"robots\" content=\"index, follow, max-snippet:-1, max-image-preview:large, max-video-preview:-1\" \/>\n<link rel=\"canonical\" href=\"https:\/\/paroisse-crach.fr\/?page_id=1939\" \/>\n<meta property=\"og:locale\" content=\"fr_FR\" \/>\n<meta property=\"og:type\" content=\"article\" \/>\n<meta property=\"og:title\" content=\"Histoire de la paroisse - Paroisse de Crac&#039;h\" \/>\n<meta property=\"og:description\" content=\"D\u00e9couvrez l\u2019histoire de la paroisse de Crac\u2019h, son origine, ses recteurs et son riche patrimoine religieux \u00e0 travers si\u00e8cles et chapelles.\" \/>\n<meta property=\"og:url\" content=\"https:\/\/paroisse-crach.fr\/?page_id=1939\" \/>\n<meta property=\"og:site_name\" content=\"Paroisse de Crac&#039;h\" \/>\n<meta property=\"article:modified_time\" content=\"2025-06-04T08:23:51+00:00\" \/>\n<meta property=\"og:image\" content=\"https:\/\/paroisse-crach.fr\/wp-content\/uploads\/2025\/05\/Eglise-Saint-Thuriau42-1-1024x768.jpg\" \/>\n\t<meta property=\"og:image:width\" content=\"1024\" \/>\n\t<meta property=\"og:image:height\" content=\"768\" \/>\n\t<meta property=\"og:image:type\" content=\"image\/jpeg\" \/>\n<meta name=\"twitter:card\" content=\"summary_large_image\" \/>\n<meta name=\"twitter:label1\" content=\"Dur\u00e9e de lecture estim\u00e9e\" \/>\n\t<meta name=\"twitter:data1\" content=\"4 minutes\" \/>\n<script type=\"application\/ld+json\" class=\"yoast-schema-graph\">{\"@context\":\"https:\/\/schema.org\",\"@graph\":[{\"@type\":\"WebPage\",\"@id\":\"https:\/\/paroisse-crach.fr\/?page_id=1939\",\"url\":\"https:\/\/paroisse-crach.fr\/?page_id=1939\",\"name\":\"Histoire de la paroisse - Paroisse de Crac&#039;h\",\"isPartOf\":{\"@id\":\"https:\/\/paroisse-crach.fr\/#website\"},\"primaryImageOfPage\":{\"@id\":\"https:\/\/paroisse-crach.fr\/?page_id=1939#primaryimage\"},\"image\":{\"@id\":\"https:\/\/paroisse-crach.fr\/?page_id=1939#primaryimage\"},\"thumbnailUrl\":\"https:\/\/paroisse-crach.fr\/wp-content\/uploads\/2025\/05\/Eglise-Saint-Thuriau42-1-1024x768.jpg\",\"datePublished\":\"2025-05-22T09:45:55+00:00\",\"dateModified\":\"2025-06-04T08:23:51+00:00\",\"description\":\"D\u00e9couvrez l\u2019histoire de la paroisse de Crac\u2019h, son origine, ses recteurs et son riche patrimoine religieux \u00e0 travers si\u00e8cles et chapelles.\",\"breadcrumb\":{\"@id\":\"https:\/\/paroisse-crach.fr\/?page_id=1939#breadcrumb\"},\"inLanguage\":\"fr-FR\",\"potentialAction\":[{\"@type\":\"ReadAction\",\"target\":[\"https:\/\/paroisse-crach.fr\/?page_id=1939\"]}]},{\"@type\":\"ImageObject\",\"inLanguage\":\"fr-FR\",\"@id\":\"https:\/\/paroisse-crach.fr\/?page_id=1939#primaryimage\",\"url\":\"https:\/\/paroisse-crach.fr\/wp-content\/uploads\/2025\/05\/Eglise-Saint-Thuriau42-1.jpg\",\"contentUrl\":\"https:\/\/paroisse-crach.fr\/wp-content\/uploads\/2025\/05\/Eglise-Saint-Thuriau42-1.jpg\",\"width\":2048,\"height\":1536,\"caption\":\"OLYMPUS DIGITAL CAMERA\"},{\"@type\":\"BreadcrumbList\",\"@id\":\"https:\/\/paroisse-crach.fr\/?page_id=1939#breadcrumb\",\"itemListElement\":[{\"@type\":\"ListItem\",\"position\":1,\"name\":\"Accueil\",\"item\":\"https:\/\/paroisse-crach.fr\/\"},{\"@type\":\"ListItem\",\"position\":2,\"name\":\"Histoire de la paroisse\"}]},{\"@type\":\"WebSite\",\"@id\":\"https:\/\/paroisse-crach.fr\/#website\",\"url\":\"https:\/\/paroisse-crach.fr\/\",\"name\":\"Paroisse de Crac'h\",\"description\":\"\u00c9glise Saint-Thuriau\",\"publisher\":{\"@id\":\"https:\/\/paroisse-crach.fr\/#organization\"},\"potentialAction\":[{\"@type\":\"SearchAction\",\"target\":{\"@type\":\"EntryPoint\",\"urlTemplate\":\"https:\/\/paroisse-crach.fr\/?s={search_term_string}\"},\"query-input\":{\"@type\":\"PropertyValueSpecification\",\"valueRequired\":true,\"valueName\":\"search_term_string\"}}],\"inLanguage\":\"fr-FR\"},{\"@type\":\"Organization\",\"@id\":\"https:\/\/paroisse-crach.fr\/#organization\",\"name\":\"Paroisse de Crac'h\",\"url\":\"https:\/\/paroisse-crach.fr\/\",\"logo\":{\"@type\":\"ImageObject\",\"inLanguage\":\"fr-FR\",\"@id\":\"https:\/\/paroisse-crach.fr\/#\/schema\/logo\/image\/\",\"url\":\"https:\/\/paroisse-crach.fr\/wp-content\/uploads\/2025\/06\/macaron-crach.jpg\",\"contentUrl\":\"https:\/\/paroisse-crach.fr\/wp-content\/uploads\/2025\/06\/macaron-crach.jpg\",\"width\":353,\"height\":353,\"caption\":\"Paroisse de Crac'h\"},\"image\":{\"@id\":\"https:\/\/paroisse-crach.fr\/#\/schema\/logo\/image\/\"}}]}<\/script>\n<!-- \/ Yoast SEO plugin. -->","yoast_head_json":{"title":"Histoire de la paroisse - Paroisse de Crac&#039;h","description":"D\u00e9couvrez l\u2019histoire de la paroisse de Crac\u2019h, son origine, ses recteurs et son riche patrimoine religieux \u00e0 travers si\u00e8cles et chapelles.","robots":{"index":"index","follow":"follow","max-snippet":"max-snippet:-1","max-image-preview":"max-image-preview:large","max-video-preview":"max-video-preview:-1"},"canonical":"https:\/\/paroisse-crach.fr\/?page_id=1939","og_locale":"fr_FR","og_type":"article","og_title":"Histoire de la paroisse - Paroisse de Crac&#039;h","og_description":"D\u00e9couvrez l\u2019histoire de la paroisse de Crac\u2019h, son origine, ses recteurs et son riche patrimoine religieux \u00e0 travers si\u00e8cles et chapelles.","og_url":"https:\/\/paroisse-crach.fr\/?page_id=1939","og_site_name":"Paroisse de Crac&#039;h","article_modified_time":"2025-06-04T08:23:51+00:00","og_image":[{"width":1024,"height":768,"url":"https:\/\/paroisse-crach.fr\/wp-content\/uploads\/2025\/05\/Eglise-Saint-Thuriau42-1-1024x768.jpg","type":"image\/jpeg"}],"twitter_card":"summary_large_image","twitter_misc":{"Dur\u00e9e de lecture estim\u00e9e":"4 minutes"},"schema":{"@context":"https:\/\/schema.org","@graph":[{"@type":"WebPage","@id":"https:\/\/paroisse-crach.fr\/?page_id=1939","url":"https:\/\/paroisse-crach.fr\/?page_id=1939","name":"Histoire de la paroisse - Paroisse de Crac&#039;h","isPartOf":{"@id":"https:\/\/paroisse-crach.fr\/#website"},"primaryImageOfPage":{"@id":"https:\/\/paroisse-crach.fr\/?page_id=1939#primaryimage"},"image":{"@id":"https:\/\/paroisse-crach.fr\/?page_id=1939#primaryimage"},"thumbnailUrl":"https:\/\/paroisse-crach.fr\/wp-content\/uploads\/2025\/05\/Eglise-Saint-Thuriau42-1-1024x768.jpg","datePublished":"2025-05-22T09:45:55+00:00","dateModified":"2025-06-04T08:23:51+00:00","description":"D\u00e9couvrez l\u2019histoire de la paroisse de Crac\u2019h, son origine, ses recteurs et son riche patrimoine religieux \u00e0 travers si\u00e8cles et chapelles.","breadcrumb":{"@id":"https:\/\/paroisse-crach.fr\/?page_id=1939#breadcrumb"},"inLanguage":"fr-FR","potentialAction":[{"@type":"ReadAction","target":["https:\/\/paroisse-crach.fr\/?page_id=1939"]}]},{"@type":"ImageObject","inLanguage":"fr-FR","@id":"https:\/\/paroisse-crach.fr\/?page_id=1939#primaryimage","url":"https:\/\/paroisse-crach.fr\/wp-content\/uploads\/2025\/05\/Eglise-Saint-Thuriau42-1.jpg","contentUrl":"https:\/\/paroisse-crach.fr\/wp-content\/uploads\/2025\/05\/Eglise-Saint-Thuriau42-1.jpg","width":2048,"height":1536,"caption":"OLYMPUS DIGITAL CAMERA"},{"@type":"BreadcrumbList","@id":"https:\/\/paroisse-crach.fr\/?page_id=1939#breadcrumb","itemListElement":[{"@type":"ListItem","position":1,"name":"Accueil","item":"https:\/\/paroisse-crach.fr\/"},{"@type":"ListItem","position":2,"name":"Histoire de la paroisse"}]},{"@type":"WebSite","@id":"https:\/\/paroisse-crach.fr\/#website","url":"https:\/\/paroisse-crach.fr\/","name":"Paroisse de Crac'h","description":"\u00c9glise Saint-Thuriau","publisher":{"@id":"https:\/\/paroisse-crach.fr\/#organization"},"potentialAction":[{"@type":"SearchAction","target":{"@type":"EntryPoint","urlTemplate":"https:\/\/paroisse-crach.fr\/?s={search_term_string}"},"query-input":{"@type":"PropertyValueSpecification","valueRequired":true,"valueName":"search_term_string"}}],"inLanguage":"fr-FR"},{"@type":"Organization","@id":"https:\/\/paroisse-crach.fr\/#organization","name":"Paroisse de Crac'h","url":"https:\/\/paroisse-crach.fr\/","logo":{"@type":"ImageObject","inLanguage":"fr-FR","@id":"https:\/\/paroisse-crach.fr\/#\/schema\/logo\/image\/","url":"https:\/\/paroisse-crach.fr\/wp-content\/uploads\/2025\/06\/macaron-crach.jpg","contentUrl":"https:\/\/paroisse-crach.fr\/wp-content\/uploads\/2025\/06\/macaron-crach.jpg","width":353,"height":353,"caption":"Paroisse de Crac'h"},"image":{"@id":"https:\/\/paroisse-crach.fr\/#\/schema\/logo\/image\/"}}]}},"_links":{"self":[{"href":"https:\/\/paroisse-crach.fr\/index.php?rest_route=\/wp\/v2\/pages\/1939","targetHints":{"allow":["GET"]}}],"collection":[{"href":"https:\/\/paroisse-crach.fr\/index.php?rest_route=\/wp\/v2\/pages"}],"about":[{"href":"https:\/\/paroisse-crach.fr\/index.php?rest_route=\/wp\/v2\/types\/page"}],"author":[{"embeddable":true,"href":"https:\/\/paroisse-crach.fr\/index.php?rest_route=\/wp\/v2\/users\/1"}],"replies":[{"embeddable":true,"href":"https:\/\/paroisse-crach.fr\/index.php?rest_route=%2Fwp%2Fv2%2Fcomments&post=1939"}],"version-history":[{"count":5,"href":"https:\/\/paroisse-crach.fr\/index.php?rest_route=\/wp\/v2\/pages\/1939\/revisions"}],"predecessor-version":[{"id":2033,"href":"https:\/\/paroisse-crach.fr\/index.php?rest_route=\/wp\/v2\/pages\/1939\/revisions\/2033"}],"wp:attachment":[{"href":"https:\/\/paroisse-crach.fr\/index.php?rest_route=%2Fwp%2Fv2%2Fmedia&parent=1939"}],"curies":[{"name":"wp","href":"https:\/\/api.w.org\/{rel}","templated":true}]}}