{"id":223,"date":"2025-02-27T22:12:48","date_gmt":"2025-02-27T21:12:48","guid":{"rendered":"http:\/\/paroisse-crach.fr\/?page_id=223"},"modified":"2025-06-04T10:18:44","modified_gmt":"2025-06-04T08:18:44","slug":"onction-des-malades-v2","status":"publish","type":"page","link":"https:\/\/paroisse-crach.fr\/?page_id=223","title":{"rendered":"Onction des malades"},"content":{"rendered":"\n<figure class=\"wp-block-image size-full has-custom-border\"><img loading=\"lazy\" decoding=\"async\" width=\"2560\" height=\"1702\" src=\"https:\/\/paroisse-crach.fr\/wp-content\/uploads\/2025\/04\/Onction-malades-generique-1-scaled.jpg\" alt=\"\" class=\"wp-image-988\" style=\"border-radius:20px;aspect-ratio:16\/9;object-fit:cover\" srcset=\"https:\/\/paroisse-crach.fr\/wp-content\/uploads\/2025\/04\/Onction-malades-generique-1-scaled.jpg 2560w, https:\/\/paroisse-crach.fr\/wp-content\/uploads\/2025\/04\/Onction-malades-generique-1-300x200.jpg 300w, https:\/\/paroisse-crach.fr\/wp-content\/uploads\/2025\/04\/Onction-malades-generique-1-1024x681.jpg 1024w, https:\/\/paroisse-crach.fr\/wp-content\/uploads\/2025\/04\/Onction-malades-generique-1-768x511.jpg 768w, https:\/\/paroisse-crach.fr\/wp-content\/uploads\/2025\/04\/Onction-malades-generique-1-1536x1021.jpg 1536w, https:\/\/paroisse-crach.fr\/wp-content\/uploads\/2025\/04\/Onction-malades-generique-1-2048x1362.jpg 2048w, https:\/\/paroisse-crach.fr\/wp-content\/uploads\/2025\/04\/Onction-malades-generique-1-1568x1043.jpg 1568w\" sizes=\"auto, (max-width: 2560px) 100vw, 2560px\" \/><\/figure>\n\n\n<div class=\"wp-block-image\">\n<figure class=\"aligncenter size-full is-resized\"><img decoding=\"async\" src=\"http:\/\/paroisse-crach.fr\/wp-content\/uploads\/2025\/03\/Onction-malades.png\" alt=\"\" class=\"wp-image-500\" style=\"width:51px\"\/><\/figure>\n<\/div>\n\n\n<p><\/p>\n\n\n\n<p>\u200bLe <a href=\"https:\/\/eglise.catholique.fr\/glossaire\/sacrement\/\" target=\"_blank\" rel=\"noreferrer noopener\">sacrement<\/a> des malades a pour but de donner une aide sp\u00e9ciale au chr\u00e9tien confront\u00e9 aux difficult\u00e9s d\u2019une maladie grave ou de la vieillesse. C\u2019est le sacrement de la pr\u00e9sence du Seigneur \u00e0 nos c\u00f4t\u00e9s dans les moments d\u2019\u00e9preuve que sont la maladie ou la vieillesse. La c\u00e9l\u00e9bration de ce sacrement consiste en l\u2019onction d\u2019huile b\u00e9nite sur le front et en l\u2019imposition des mains. Consacr\u00e9e par l\u2019\u00e9v\u00eaque lors de la <a href=\"https:\/\/eglise.catholique.fr\/glossaire\/messe\/\" target=\"_blank\" rel=\"noreferrer noopener\">messe<\/a> chrismale annuelle, l\u2019huile dite des malades apporte force et douceur. Elle p\u00e9n\u00e8tre la peau, r\u00e9pand sa bonne odeur, fortifie le corps.<\/p>\n\n\n\n<p>Voici les mots qui accompagnent l\u2019onction avec l\u2019huile sainte sur le front et dans les mains des malades :<\/p>\n\n\n\n<p><\/p>\n\n\n\n<blockquote class=\"wp-block-quote is-layout-flow wp-block-quote-is-layout-flow\">\n<p class=\"has-primary-color has-text-color has-link-color has-large-font-size wp-elements-690c45980069581163101532fb94d58e\">\u00ab\u00a0Par cette onction sainte, que le Seigneur en sa grande bont\u00e9 vous r\u00e9conforte par la gr\u00e2ce de l\u2019<a href=\"https:\/\/eglise.catholique.fr\/glossaire\/esprit-saint\/\">Esprit Saint<\/a>. Ainsi, vous ayant lib\u00e9r\u00e9 de tous p\u00e9ch\u00e9s, qu\u2019il vous sauve et vous rel\u00e8ve.\u00a0\u00bb<\/p>\n<\/blockquote>\n\n\n<div class=\"wp-block-image\">\n<figure class=\"aligncenter size-full is-resized\"><img decoding=\"async\" src=\"http:\/\/paroisse-crach.fr\/wp-content\/uploads\/2025\/03\/Onction-malades.png\" alt=\"\" class=\"wp-image-500\" style=\"width:51px\"\/><\/figure>\n<\/div>\n\n\n<p style=\"font-size:26px\"><strong>Quand ?<\/strong> <\/p>\n\n\n\n<p>Sur demande. Le chr\u00e9tien peut recevoir le sacrement des malades chaque fois qu\u2019il est atteint d\u2019une grave maladie.<\/p>\n\n\n\n<p class=\"has-large-font-size\"><em>\u200b<\/em><strong>Contact<\/strong><strong> <\/strong><\/p>\n\n\n\n<p>Le recteur de la paroisse- <a href=\"mailto:paroissedecrach@gmail.com\">paroissedecrach@gmail.com<\/a> \u2013 <a href=\"tel:0297550344\">02 97 55 03 44<\/a><\/p>\n\n\n<div class=\"wp-block-image\">\n<figure class=\"aligncenter size-full is-resized\"><img decoding=\"async\" src=\"http:\/\/paroisse-crach.fr\/wp-content\/uploads\/2025\/03\/Onction-malades.png\" alt=\"\" class=\"wp-image-500\" style=\"width:51px\"\/><\/figure>\n<\/div>\n\n\n<p><\/p>\n\n\n\n<figure class=\"wp-block-video\"><video height=\"1080\" style=\"aspect-ratio: 1920 \/ 1080;\" width=\"1920\" controls src=\"https:\/\/paroisse-crach.fr\/wp-content\/uploads\/2025\/05\/Les-7-Sacrements-Le-sacrement-des-malades-YouTube.mp4\"><\/video><\/figure>\n\n\n\n<p class=\"has-background-color has-text-color has-link-color wp-elements-5df2f65bb47ad8d4c2e561c8e089c0a5\">11<\/p>\n\n\n<div class=\"wp-block-image\">\n<figure class=\"aligncenter size-full is-resized\"><img loading=\"lazy\" decoding=\"async\" width=\"782\" height=\"70\" src=\"http:\/\/paroisse-crach.fr\/wp-content\/uploads\/2025\/05\/ligne-separation-laurier.jpg\" alt=\"\" class=\"wp-image-1336\" style=\"width:300px\" srcset=\"https:\/\/paroisse-crach.fr\/wp-content\/uploads\/2025\/05\/ligne-separation-laurier.jpg 782w, https:\/\/paroisse-crach.fr\/wp-content\/uploads\/2025\/05\/ligne-separation-laurier-300x27.jpg 300w, https:\/\/paroisse-crach.fr\/wp-content\/uploads\/2025\/05\/ligne-separation-laurier-768x69.jpg 768w\" sizes=\"auto, (max-width: 782px) 100vw, 782px\" \/><\/figure>\n<\/div>","protected":false},"excerpt":{"rendered":"<p>\u200bLe sacrement des malades a pour but de donner une aide sp\u00e9ciale au chr\u00e9tien confront\u00e9 aux difficult\u00e9s d\u2019une maladie grave ou de la vieillesse. C\u2019est le sacrement de la pr\u00e9sence<a class=\"more-link\" href=\"https:\/\/paroisse-crach.fr\/?page_id=223\">Lire la suite <span class=\"screen-reader-text\">\u00ab\u00a0Onction des malades\u00a0\u00bb<\/span><\/a><\/p>\n","protected":false},"author":4,"featured_media":0,"parent":0,"menu_order":0,"comment_status":"closed","ping_status":"closed","template":"","meta":{"iawp_total_views":33,"_mc_calendar":[],"footnotes":""},"class_list":["post-223","page","type-page","status-publish","hentry","entry"],"yoast_head":"<!-- This site is optimized with the Yoast SEO plugin v27.1 - https:\/\/yoast.com\/product\/yoast-seo-wordpress\/ -->\n<title>Onction des malades - Paroisse de Crac&#039;h<\/title>\n<meta name=\"description\" content=\"Le sacrement des malades apporte force et paix face \u00e0 la maladie. Disponible sur demande aupr\u00e8s du recteur de la paroisse de Crac&#039;h.\" \/>\n<meta name=\"robots\" content=\"index, follow, max-snippet:-1, max-image-preview:large, max-video-preview:-1\" \/>\n<link rel=\"canonical\" href=\"https:\/\/paroisse-crach.fr\/?page_id=223\" \/>\n<meta property=\"og:locale\" content=\"fr_FR\" \/>\n<meta property=\"og:type\" content=\"article\" \/>\n<meta property=\"og:title\" content=\"Onction des malades - Paroisse de Crac&#039;h\" \/>\n<meta property=\"og:description\" content=\"Le sacrement des malades apporte force et paix face \u00e0 la maladie. Disponible sur demande aupr\u00e8s du recteur de la paroisse de Crac&#039;h.\" \/>\n<meta property=\"og:url\" content=\"https:\/\/paroisse-crach.fr\/?page_id=223\" \/>\n<meta property=\"og:site_name\" content=\"Paroisse de Crac&#039;h\" \/>\n<meta property=\"article:modified_time\" content=\"2025-06-04T08:18:44+00:00\" \/>\n<meta property=\"og:image\" content=\"https:\/\/paroisse-crach.fr\/wp-content\/uploads\/2025\/04\/Onction-malades-generique-1-scaled.jpg\" \/>\n\t<meta property=\"og:image:width\" content=\"2560\" \/>\n\t<meta property=\"og:image:height\" content=\"1702\" \/>\n\t<meta property=\"og:image:type\" content=\"image\/jpeg\" \/>\n<meta name=\"twitter:card\" content=\"summary_large_image\" \/>\n<meta name=\"twitter:label1\" content=\"Dur\u00e9e de lecture estim\u00e9e\" \/>\n\t<meta name=\"twitter:data1\" content=\"2 minutes\" \/>\n<script type=\"application\/ld+json\" class=\"yoast-schema-graph\">{\"@context\":\"https:\/\/schema.org\",\"@graph\":[{\"@type\":\"WebPage\",\"@id\":\"https:\/\/paroisse-crach.fr\/?page_id=223\",\"url\":\"https:\/\/paroisse-crach.fr\/?page_id=223\",\"name\":\"Onction des malades - Paroisse de Crac&#039;h\",\"isPartOf\":{\"@id\":\"https:\/\/paroisse-crach.fr\/#website\"},\"primaryImageOfPage\":{\"@id\":\"https:\/\/paroisse-crach.fr\/?page_id=223#primaryimage\"},\"image\":{\"@id\":\"https:\/\/paroisse-crach.fr\/?page_id=223#primaryimage\"},\"thumbnailUrl\":\"https:\/\/paroisse-crach.fr\/wp-content\/uploads\/2025\/04\/Onction-malades-generique-1-scaled.jpg\",\"datePublished\":\"2025-02-27T21:12:48+00:00\",\"dateModified\":\"2025-06-04T08:18:44+00:00\",\"description\":\"Le sacrement des malades apporte force et paix face \u00e0 la maladie. Disponible sur demande aupr\u00e8s du recteur de la paroisse de Crac'h.\",\"breadcrumb\":{\"@id\":\"https:\/\/paroisse-crach.fr\/?page_id=223#breadcrumb\"},\"inLanguage\":\"fr-FR\",\"potentialAction\":[{\"@type\":\"ReadAction\",\"target\":[\"https:\/\/paroisse-crach.fr\/?page_id=223\"]}]},{\"@type\":\"ImageObject\",\"inLanguage\":\"fr-FR\",\"@id\":\"https:\/\/paroisse-crach.fr\/?page_id=223#primaryimage\",\"url\":\"https:\/\/paroisse-crach.fr\/wp-content\/uploads\/2025\/04\/Onction-malades-generique-1-scaled.jpg\",\"contentUrl\":\"https:\/\/paroisse-crach.fr\/wp-content\/uploads\/2025\/04\/Onction-malades-generique-1-scaled.jpg\",\"width\":2560,\"height\":1702},{\"@type\":\"BreadcrumbList\",\"@id\":\"https:\/\/paroisse-crach.fr\/?page_id=223#breadcrumb\",\"itemListElement\":[{\"@type\":\"ListItem\",\"position\":1,\"name\":\"Accueil\",\"item\":\"https:\/\/paroisse-crach.fr\/\"},{\"@type\":\"ListItem\",\"position\":2,\"name\":\"Onction des malades\"}]},{\"@type\":\"WebSite\",\"@id\":\"https:\/\/paroisse-crach.fr\/#website\",\"url\":\"https:\/\/paroisse-crach.fr\/\",\"name\":\"Paroisse de Crac'h\",\"description\":\"\u00c9glise Saint-Thuriau\",\"publisher\":{\"@id\":\"https:\/\/paroisse-crach.fr\/#organization\"},\"potentialAction\":[{\"@type\":\"SearchAction\",\"target\":{\"@type\":\"EntryPoint\",\"urlTemplate\":\"https:\/\/paroisse-crach.fr\/?s={search_term_string}\"},\"query-input\":{\"@type\":\"PropertyValueSpecification\",\"valueRequired\":true,\"valueName\":\"search_term_string\"}}],\"inLanguage\":\"fr-FR\"},{\"@type\":\"Organization\",\"@id\":\"https:\/\/paroisse-crach.fr\/#organization\",\"name\":\"Paroisse de Crac'h\",\"url\":\"https:\/\/paroisse-crach.fr\/\",\"logo\":{\"@type\":\"ImageObject\",\"inLanguage\":\"fr-FR\",\"@id\":\"https:\/\/paroisse-crach.fr\/#\/schema\/logo\/image\/\",\"url\":\"https:\/\/paroisse-crach.fr\/wp-content\/uploads\/2025\/06\/macaron-crach.jpg\",\"contentUrl\":\"https:\/\/paroisse-crach.fr\/wp-content\/uploads\/2025\/06\/macaron-crach.jpg\",\"width\":353,\"height\":353,\"caption\":\"Paroisse de Crac'h\"},\"image\":{\"@id\":\"https:\/\/paroisse-crach.fr\/#\/schema\/logo\/image\/\"}}]}<\/script>\n<!-- \/ Yoast SEO plugin. -->","yoast_head_json":{"title":"Onction des malades - Paroisse de Crac&#039;h","description":"Le sacrement des malades apporte force et paix face \u00e0 la maladie. Disponible sur demande aupr\u00e8s du recteur de la paroisse de Crac'h.","robots":{"index":"index","follow":"follow","max-snippet":"max-snippet:-1","max-image-preview":"max-image-preview:large","max-video-preview":"max-video-preview:-1"},"canonical":"https:\/\/paroisse-crach.fr\/?page_id=223","og_locale":"fr_FR","og_type":"article","og_title":"Onction des malades - Paroisse de Crac&#039;h","og_description":"Le sacrement des malades apporte force et paix face \u00e0 la maladie. Disponible sur demande aupr\u00e8s du recteur de la paroisse de Crac'h.","og_url":"https:\/\/paroisse-crach.fr\/?page_id=223","og_site_name":"Paroisse de Crac&#039;h","article_modified_time":"2025-06-04T08:18:44+00:00","og_image":[{"width":2560,"height":1702,"url":"https:\/\/paroisse-crach.fr\/wp-content\/uploads\/2025\/04\/Onction-malades-generique-1-scaled.jpg","type":"image\/jpeg"}],"twitter_card":"summary_large_image","twitter_misc":{"Dur\u00e9e de lecture estim\u00e9e":"2 minutes"},"schema":{"@context":"https:\/\/schema.org","@graph":[{"@type":"WebPage","@id":"https:\/\/paroisse-crach.fr\/?page_id=223","url":"https:\/\/paroisse-crach.fr\/?page_id=223","name":"Onction des malades - Paroisse de Crac&#039;h","isPartOf":{"@id":"https:\/\/paroisse-crach.fr\/#website"},"primaryImageOfPage":{"@id":"https:\/\/paroisse-crach.fr\/?page_id=223#primaryimage"},"image":{"@id":"https:\/\/paroisse-crach.fr\/?page_id=223#primaryimage"},"thumbnailUrl":"https:\/\/paroisse-crach.fr\/wp-content\/uploads\/2025\/04\/Onction-malades-generique-1-scaled.jpg","datePublished":"2025-02-27T21:12:48+00:00","dateModified":"2025-06-04T08:18:44+00:00","description":"Le sacrement des malades apporte force et paix face \u00e0 la maladie. Disponible sur demande aupr\u00e8s du recteur de la paroisse de Crac'h.","breadcrumb":{"@id":"https:\/\/paroisse-crach.fr\/?page_id=223#breadcrumb"},"inLanguage":"fr-FR","potentialAction":[{"@type":"ReadAction","target":["https:\/\/paroisse-crach.fr\/?page_id=223"]}]},{"@type":"ImageObject","inLanguage":"fr-FR","@id":"https:\/\/paroisse-crach.fr\/?page_id=223#primaryimage","url":"https:\/\/paroisse-crach.fr\/wp-content\/uploads\/2025\/04\/Onction-malades-generique-1-scaled.jpg","contentUrl":"https:\/\/paroisse-crach.fr\/wp-content\/uploads\/2025\/04\/Onction-malades-generique-1-scaled.jpg","width":2560,"height":1702},{"@type":"BreadcrumbList","@id":"https:\/\/paroisse-crach.fr\/?page_id=223#breadcrumb","itemListElement":[{"@type":"ListItem","position":1,"name":"Accueil","item":"https:\/\/paroisse-crach.fr\/"},{"@type":"ListItem","position":2,"name":"Onction des malades"}]},{"@type":"WebSite","@id":"https:\/\/paroisse-crach.fr\/#website","url":"https:\/\/paroisse-crach.fr\/","name":"Paroisse de Crac'h","description":"\u00c9glise Saint-Thuriau","publisher":{"@id":"https:\/\/paroisse-crach.fr\/#organization"},"potentialAction":[{"@type":"SearchAction","target":{"@type":"EntryPoint","urlTemplate":"https:\/\/paroisse-crach.fr\/?s={search_term_string}"},"query-input":{"@type":"PropertyValueSpecification","valueRequired":true,"valueName":"search_term_string"}}],"inLanguage":"fr-FR"},{"@type":"Organization","@id":"https:\/\/paroisse-crach.fr\/#organization","name":"Paroisse de Crac'h","url":"https:\/\/paroisse-crach.fr\/","logo":{"@type":"ImageObject","inLanguage":"fr-FR","@id":"https:\/\/paroisse-crach.fr\/#\/schema\/logo\/image\/","url":"https:\/\/paroisse-crach.fr\/wp-content\/uploads\/2025\/06\/macaron-crach.jpg","contentUrl":"https:\/\/paroisse-crach.fr\/wp-content\/uploads\/2025\/06\/macaron-crach.jpg","width":353,"height":353,"caption":"Paroisse de Crac'h"},"image":{"@id":"https:\/\/paroisse-crach.fr\/#\/schema\/logo\/image\/"}}]}},"_links":{"self":[{"href":"https:\/\/paroisse-crach.fr\/index.php?rest_route=\/wp\/v2\/pages\/223","targetHints":{"allow":["GET"]}}],"collection":[{"href":"https:\/\/paroisse-crach.fr\/index.php?rest_route=\/wp\/v2\/pages"}],"about":[{"href":"https:\/\/paroisse-crach.fr\/index.php?rest_route=\/wp\/v2\/types\/page"}],"author":[{"embeddable":true,"href":"https:\/\/paroisse-crach.fr\/index.php?rest_route=\/wp\/v2\/users\/4"}],"replies":[{"embeddable":true,"href":"https:\/\/paroisse-crach.fr\/index.php?rest_route=%2Fwp%2Fv2%2Fcomments&post=223"}],"version-history":[{"count":27,"href":"https:\/\/paroisse-crach.fr\/index.php?rest_route=\/wp\/v2\/pages\/223\/revisions"}],"predecessor-version":[{"id":2005,"href":"https:\/\/paroisse-crach.fr\/index.php?rest_route=\/wp\/v2\/pages\/223\/revisions\/2005"}],"wp:attachment":[{"href":"https:\/\/paroisse-crach.fr\/index.php?rest_route=%2Fwp%2Fv2%2Fmedia&parent=223"}],"curies":[{"name":"wp","href":"https:\/\/api.w.org\/{rel}","templated":true}]}}