{"id":228,"date":"2025-02-27T22:51:12","date_gmt":"2025-02-27T21:51:12","guid":{"rendered":"http:\/\/paroisse-crach.fr\/?page_id=228"},"modified":"2025-06-04T10:19:34","modified_gmt":"2025-06-04T08:19:34","slug":"mariage-v2","status":"publish","type":"page","link":"https:\/\/paroisse-crach.fr\/?page_id=228","title":{"rendered":"Mariage"},"content":{"rendered":"\n<figure class=\"wp-block-image size-large has-custom-border\"><img loading=\"lazy\" decoding=\"async\" width=\"1024\" height=\"683\" src=\"http:\/\/paroisse-crach.fr\/wp-content\/uploads\/2025\/02\/elegant-wedding-couple-1-1024x683.jpg\" alt=\"\" class=\"wp-image-118\" style=\"border-radius:20px;aspect-ratio:16\/9;object-fit:cover\" srcset=\"https:\/\/paroisse-crach.fr\/wp-content\/uploads\/2025\/02\/elegant-wedding-couple-1-1024x683.jpg 1024w, https:\/\/paroisse-crach.fr\/wp-content\/uploads\/2025\/02\/elegant-wedding-couple-1-300x200.jpg 300w, https:\/\/paroisse-crach.fr\/wp-content\/uploads\/2025\/02\/elegant-wedding-couple-1-768x512.jpg 768w, https:\/\/paroisse-crach.fr\/wp-content\/uploads\/2025\/02\/elegant-wedding-couple-1-1536x1024.jpg 1536w, https:\/\/paroisse-crach.fr\/wp-content\/uploads\/2025\/02\/elegant-wedding-couple-1-2048x1365.jpg 2048w, https:\/\/paroisse-crach.fr\/wp-content\/uploads\/2025\/02\/elegant-wedding-couple-1-1568x1045.jpg 1568w\" sizes=\"auto, (max-width: 1024px) 100vw, 1024px\" \/><\/figure>\n\n\n<div class=\"wp-block-image\">\n<figure class=\"aligncenter size-full\"><img loading=\"lazy\" decoding=\"async\" width=\"51\" height=\"51\" src=\"http:\/\/paroisse-crach.fr\/wp-content\/uploads\/2025\/03\/mariage.png\" alt=\"\" class=\"wp-image-506\"\/><\/figure>\n<\/div>\n\n\n<p><\/p>\n\n\n\n<p>\u200bLe mariage religieux est l\u2019alliance entre un homme et une femme unis par un m\u00eame amour. C&rsquo;est un sacrement qui engage toute la vie.&nbsp;Avec vous, le Christ s\u2019engage et vous donne la force de vivre votre union conjugale chaque jour et tout au long de la vie.&nbsp;Se marier \u00e0 l\u2019\u00c9glise, c\u2019est d\u00e9sirer vivre l\u2019amour de Dieu au sein d\u2019une famille.&nbsp;<\/p>\n\n\n\n<p>C\u2019est un engagement pris devant Dieu. <strong>Le mariage chr\u00e9tien comporte 4 exigences<\/strong> :<\/p>\n\n\n\n<p><strong>\u2713<\/strong>  Les mari\u00e9s se donnent l\u2019un \u00e0 l\u2019autre&nbsp;<strong>pour toute leur vie<\/strong>. (indissolubilit\u00e9)<\/p>\n\n\n\n<p><strong>\u2713<\/strong>  Les mari\u00e9s veulent vivre leur amour <strong>dans la&nbsp;fid\u00e9lit\u00e9<\/strong>&nbsp;l\u2019un \u00e0 l\u2019autre. (fid\u00e9lit\u00e9)<\/p>\n\n\n\n<p><strong>\u2713<\/strong>  Les mari\u00e9s d\u00e9sirent partager leur bonheur, en particulier <strong>en&nbsp;donnant la vie<\/strong>. (f\u00e9condit\u00e9)<\/p>\n\n\n\n<p><strong>\u2713<\/strong>  Les mari\u00e9s sont&nbsp;<strong>libres et responsables<\/strong>&nbsp;au jour de leur engagement. (libert\u00e9)<\/p>\n\n\n\n<p class=\"has-background-color has-text-color has-link-color has-normal-font-size wp-elements-56878867ae0c6931883b30d71fad4b7c\">dd<\/p>\n\n\n\n<blockquote class=\"wp-block-quote is-layout-flow wp-block-quote-is-layout-flow\">\n<p class=\"has-primary-color has-text-color has-link-color has-large-font-size wp-elements-df248b194e4f7c053413dc69773eaf7d\">\u00ab\u00a0Ce que Dieu a uni, que l\u2019homme ne le s\u00e9pare pas&nbsp;!\u00a0\u00bb (Marc 10,9)<\/p>\n<\/blockquote>\n\n\n<div class=\"wp-block-image\">\n<figure class=\"aligncenter size-full\"><img loading=\"lazy\" decoding=\"async\" width=\"51\" height=\"51\" src=\"http:\/\/paroisse-crach.fr\/wp-content\/uploads\/2025\/03\/mariage.png\" alt=\"\" class=\"wp-image-506\"\/><\/figure>\n<\/div>\n\n\n<p><\/p>\n\n\n\n<p><\/p>\n\n\n\n<p class=\"has-large-font-size\"><em>\u200b<\/em><strong>Bon \u00e0 savoir<\/strong><strong> <\/strong><\/p>\n\n\n\n<p><strong>\u2713<\/strong> Quels que soient vos degr\u00e9s d\u2019engagement et les histoires personnelles de chacun, quels que soient vos chemins de foi, que vous soyez croyants ou non, nous serons heureux de vous accueillir pour faire grandir votre couple et votre amour.<\/p>\n\n\n\n<p><strong>\u2713<\/strong> <strong>Prenez contact au plus t\u00f4t<\/strong> (au moins 10 mois \u00e0 l\u2019avance) avec la paroisse. Le cur\u00e9 sera heureux de vous rencontrer pour faire connaissance et vous expliquer la mani\u00e8re dont les choses se d\u00e9rouleront.<\/p>\n\n\n\n<p><strong>\u2713<\/strong> La pr\u00e9paration au mariage demande du temps et n\u00e9cessite que vous lui donniez priorit\u00e9. Elle comprend des rencontres individuelles, une session collective d\u2019un week-end ou de plusieurs soir\u00e9es et la journ\u00e9e dioc\u00e9saine des futurs mari\u00e9s.<\/p>\n\n\n\n<p><\/p>\n\n\n\n<p><\/p>\n\n\n\n<p class=\"has-large-font-size\"><em>\u200b<\/em><strong>Contact<\/strong><strong> <\/strong><\/p>\n\n\n\n<p>Le recteur de la paroisse &#8211; <a href=\"mailto:paroissedecrach@gmail.com\">paroissedecrach@gmail.com<\/a> &#8211; <a href=\"tel:0297550344\">02 97 55 03 44<\/a><\/p>\n\n\n<div class=\"wp-block-image\">\n<figure class=\"aligncenter size-full\"><img loading=\"lazy\" decoding=\"async\" width=\"51\" height=\"51\" src=\"http:\/\/paroisse-crach.fr\/wp-content\/uploads\/2025\/03\/mariage.png\" alt=\"\" class=\"wp-image-506\"\/><\/figure>\n<\/div>\n\n\n<p><\/p>\n\n\n\n<figure class=\"wp-block-video\"><video height=\"360\" style=\"aspect-ratio: 640 \/ 360;\" width=\"640\" controls src=\"https:\/\/paroisse-crach.fr\/wp-content\/uploads\/2025\/05\/Les-7-Sacrements-\uff5c-Le-mariage.mp4\"><\/video><\/figure>\n\n\n\n<p class=\"has-background-color has-text-color has-link-color wp-elements-5df2f65bb47ad8d4c2e561c8e089c0a5\">11<\/p>\n\n\n<div class=\"wp-block-image\">\n<figure class=\"aligncenter size-full is-resized\"><img loading=\"lazy\" decoding=\"async\" width=\"782\" height=\"70\" src=\"http:\/\/paroisse-crach.fr\/wp-content\/uploads\/2025\/05\/ligne-separation-laurier.jpg\" alt=\"\" class=\"wp-image-1336\" style=\"width:300px\" srcset=\"https:\/\/paroisse-crach.fr\/wp-content\/uploads\/2025\/05\/ligne-separation-laurier.jpg 782w, https:\/\/paroisse-crach.fr\/wp-content\/uploads\/2025\/05\/ligne-separation-laurier-300x27.jpg 300w, https:\/\/paroisse-crach.fr\/wp-content\/uploads\/2025\/05\/ligne-separation-laurier-768x69.jpg 768w\" sizes=\"auto, (max-width: 782px) 100vw, 782px\" \/><\/figure>\n<\/div>","protected":false},"excerpt":{"rendered":"<p>\u200bLe mariage religieux est l\u2019alliance entre un homme et une femme unis par un m\u00eame amour. C&rsquo;est un sacrement qui engage toute la vie.&nbsp;Avec vous, le Christ s\u2019engage et vous<a class=\"more-link\" href=\"https:\/\/paroisse-crach.fr\/?page_id=228\">Lire la suite <span class=\"screen-reader-text\">\u00ab\u00a0Mariage\u00a0\u00bb<\/span><\/a><\/p>\n","protected":false},"author":4,"featured_media":0,"parent":0,"menu_order":0,"comment_status":"closed","ping_status":"closed","template":"","meta":{"iawp_total_views":101,"_mc_calendar":[],"footnotes":""},"class_list":["post-228","page","type-page","status-publish","hentry","entry"],"yoast_head":"<!-- This site is optimized with the Yoast SEO plugin v27.1 - https:\/\/yoast.com\/product\/yoast-seo-wordpress\/ -->\n<title>Mariage - Paroisse de Crac&#039;h<\/title>\n<meta name=\"description\" content=\"Le mariage \u00e0 l\u2019\u00c9glise est un engagement devant Dieu. D\u00e9couvrez les \u00e9tapes et contacts pour pr\u00e9parer votre union chr\u00e9tienne \u00e0 Crac&#039;h.\" \/>\n<meta name=\"robots\" content=\"index, follow, max-snippet:-1, max-image-preview:large, max-video-preview:-1\" \/>\n<link rel=\"canonical\" href=\"https:\/\/paroisse-crach.fr\/?page_id=228\" \/>\n<meta property=\"og:locale\" content=\"fr_FR\" \/>\n<meta property=\"og:type\" content=\"article\" \/>\n<meta property=\"og:title\" content=\"Mariage - Paroisse de Crac&#039;h\" \/>\n<meta property=\"og:description\" content=\"Le mariage \u00e0 l\u2019\u00c9glise est un engagement devant Dieu. D\u00e9couvrez les \u00e9tapes et contacts pour pr\u00e9parer votre union chr\u00e9tienne \u00e0 Crac&#039;h.\" \/>\n<meta property=\"og:url\" content=\"https:\/\/paroisse-crach.fr\/?page_id=228\" \/>\n<meta property=\"og:site_name\" content=\"Paroisse de Crac&#039;h\" \/>\n<meta property=\"article:modified_time\" content=\"2025-06-04T08:19:34+00:00\" \/>\n<meta property=\"og:image\" content=\"https:\/\/paroisse-crach.fr\/wp-content\/uploads\/2025\/02\/elegant-wedding-couple-1-scaled.jpg\" \/>\n\t<meta property=\"og:image:width\" content=\"2560\" \/>\n\t<meta property=\"og:image:height\" content=\"1707\" \/>\n\t<meta property=\"og:image:type\" content=\"image\/jpeg\" \/>\n<meta name=\"twitter:card\" content=\"summary_large_image\" \/>\n<meta name=\"twitter:label1\" content=\"Dur\u00e9e de lecture estim\u00e9e\" \/>\n\t<meta name=\"twitter:data1\" content=\"3 minutes\" \/>\n<script type=\"application\/ld+json\" class=\"yoast-schema-graph\">{\"@context\":\"https:\/\/schema.org\",\"@graph\":[{\"@type\":\"WebPage\",\"@id\":\"https:\/\/paroisse-crach.fr\/?page_id=228\",\"url\":\"https:\/\/paroisse-crach.fr\/?page_id=228\",\"name\":\"Mariage - Paroisse de Crac&#039;h\",\"isPartOf\":{\"@id\":\"https:\/\/paroisse-crach.fr\/#website\"},\"primaryImageOfPage\":{\"@id\":\"https:\/\/paroisse-crach.fr\/?page_id=228#primaryimage\"},\"image\":{\"@id\":\"https:\/\/paroisse-crach.fr\/?page_id=228#primaryimage\"},\"thumbnailUrl\":\"http:\/\/paroisse-crach.fr\/wp-content\/uploads\/2025\/02\/elegant-wedding-couple-1-1024x683.jpg\",\"datePublished\":\"2025-02-27T21:51:12+00:00\",\"dateModified\":\"2025-06-04T08:19:34+00:00\",\"description\":\"Le mariage \u00e0 l\u2019\u00c9glise est un engagement devant Dieu. D\u00e9couvrez les \u00e9tapes et contacts pour pr\u00e9parer votre union chr\u00e9tienne \u00e0 Crac'h.\",\"breadcrumb\":{\"@id\":\"https:\/\/paroisse-crach.fr\/?page_id=228#breadcrumb\"},\"inLanguage\":\"fr-FR\",\"potentialAction\":[{\"@type\":\"ReadAction\",\"target\":[\"https:\/\/paroisse-crach.fr\/?page_id=228\"]}]},{\"@type\":\"ImageObject\",\"inLanguage\":\"fr-FR\",\"@id\":\"https:\/\/paroisse-crach.fr\/?page_id=228#primaryimage\",\"url\":\"https:\/\/paroisse-crach.fr\/wp-content\/uploads\/2025\/02\/elegant-wedding-couple-1-scaled.jpg\",\"contentUrl\":\"https:\/\/paroisse-crach.fr\/wp-content\/uploads\/2025\/02\/elegant-wedding-couple-1-scaled.jpg\",\"width\":2560,\"height\":1707,\"caption\":\"Beautiful bride in a long white dress. Handsome groom in a black suit. Couple in church\"},{\"@type\":\"BreadcrumbList\",\"@id\":\"https:\/\/paroisse-crach.fr\/?page_id=228#breadcrumb\",\"itemListElement\":[{\"@type\":\"ListItem\",\"position\":1,\"name\":\"Accueil\",\"item\":\"https:\/\/paroisse-crach.fr\/\"},{\"@type\":\"ListItem\",\"position\":2,\"name\":\"Mariage\"}]},{\"@type\":\"WebSite\",\"@id\":\"https:\/\/paroisse-crach.fr\/#website\",\"url\":\"https:\/\/paroisse-crach.fr\/\",\"name\":\"Paroisse de Crac'h\",\"description\":\"\u00c9glise Saint-Thuriau\",\"publisher\":{\"@id\":\"https:\/\/paroisse-crach.fr\/#organization\"},\"potentialAction\":[{\"@type\":\"SearchAction\",\"target\":{\"@type\":\"EntryPoint\",\"urlTemplate\":\"https:\/\/paroisse-crach.fr\/?s={search_term_string}\"},\"query-input\":{\"@type\":\"PropertyValueSpecification\",\"valueRequired\":true,\"valueName\":\"search_term_string\"}}],\"inLanguage\":\"fr-FR\"},{\"@type\":\"Organization\",\"@id\":\"https:\/\/paroisse-crach.fr\/#organization\",\"name\":\"Paroisse de Crac'h\",\"url\":\"https:\/\/paroisse-crach.fr\/\",\"logo\":{\"@type\":\"ImageObject\",\"inLanguage\":\"fr-FR\",\"@id\":\"https:\/\/paroisse-crach.fr\/#\/schema\/logo\/image\/\",\"url\":\"https:\/\/paroisse-crach.fr\/wp-content\/uploads\/2025\/06\/macaron-crach.jpg\",\"contentUrl\":\"https:\/\/paroisse-crach.fr\/wp-content\/uploads\/2025\/06\/macaron-crach.jpg\",\"width\":353,\"height\":353,\"caption\":\"Paroisse de Crac'h\"},\"image\":{\"@id\":\"https:\/\/paroisse-crach.fr\/#\/schema\/logo\/image\/\"}}]}<\/script>\n<!-- \/ Yoast SEO plugin. -->","yoast_head_json":{"title":"Mariage - Paroisse de Crac&#039;h","description":"Le mariage \u00e0 l\u2019\u00c9glise est un engagement devant Dieu. D\u00e9couvrez les \u00e9tapes et contacts pour pr\u00e9parer votre union chr\u00e9tienne \u00e0 Crac'h.","robots":{"index":"index","follow":"follow","max-snippet":"max-snippet:-1","max-image-preview":"max-image-preview:large","max-video-preview":"max-video-preview:-1"},"canonical":"https:\/\/paroisse-crach.fr\/?page_id=228","og_locale":"fr_FR","og_type":"article","og_title":"Mariage - Paroisse de Crac&#039;h","og_description":"Le mariage \u00e0 l\u2019\u00c9glise est un engagement devant Dieu. D\u00e9couvrez les \u00e9tapes et contacts pour pr\u00e9parer votre union chr\u00e9tienne \u00e0 Crac'h.","og_url":"https:\/\/paroisse-crach.fr\/?page_id=228","og_site_name":"Paroisse de Crac&#039;h","article_modified_time":"2025-06-04T08:19:34+00:00","og_image":[{"width":2560,"height":1707,"url":"https:\/\/paroisse-crach.fr\/wp-content\/uploads\/2025\/02\/elegant-wedding-couple-1-scaled.jpg","type":"image\/jpeg"}],"twitter_card":"summary_large_image","twitter_misc":{"Dur\u00e9e de lecture estim\u00e9e":"3 minutes"},"schema":{"@context":"https:\/\/schema.org","@graph":[{"@type":"WebPage","@id":"https:\/\/paroisse-crach.fr\/?page_id=228","url":"https:\/\/paroisse-crach.fr\/?page_id=228","name":"Mariage - Paroisse de Crac&#039;h","isPartOf":{"@id":"https:\/\/paroisse-crach.fr\/#website"},"primaryImageOfPage":{"@id":"https:\/\/paroisse-crach.fr\/?page_id=228#primaryimage"},"image":{"@id":"https:\/\/paroisse-crach.fr\/?page_id=228#primaryimage"},"thumbnailUrl":"http:\/\/paroisse-crach.fr\/wp-content\/uploads\/2025\/02\/elegant-wedding-couple-1-1024x683.jpg","datePublished":"2025-02-27T21:51:12+00:00","dateModified":"2025-06-04T08:19:34+00:00","description":"Le mariage \u00e0 l\u2019\u00c9glise est un engagement devant Dieu. D\u00e9couvrez les \u00e9tapes et contacts pour pr\u00e9parer votre union chr\u00e9tienne \u00e0 Crac'h.","breadcrumb":{"@id":"https:\/\/paroisse-crach.fr\/?page_id=228#breadcrumb"},"inLanguage":"fr-FR","potentialAction":[{"@type":"ReadAction","target":["https:\/\/paroisse-crach.fr\/?page_id=228"]}]},{"@type":"ImageObject","inLanguage":"fr-FR","@id":"https:\/\/paroisse-crach.fr\/?page_id=228#primaryimage","url":"https:\/\/paroisse-crach.fr\/wp-content\/uploads\/2025\/02\/elegant-wedding-couple-1-scaled.jpg","contentUrl":"https:\/\/paroisse-crach.fr\/wp-content\/uploads\/2025\/02\/elegant-wedding-couple-1-scaled.jpg","width":2560,"height":1707,"caption":"Beautiful bride in a long white dress. Handsome groom in a black suit. Couple in church"},{"@type":"BreadcrumbList","@id":"https:\/\/paroisse-crach.fr\/?page_id=228#breadcrumb","itemListElement":[{"@type":"ListItem","position":1,"name":"Accueil","item":"https:\/\/paroisse-crach.fr\/"},{"@type":"ListItem","position":2,"name":"Mariage"}]},{"@type":"WebSite","@id":"https:\/\/paroisse-crach.fr\/#website","url":"https:\/\/paroisse-crach.fr\/","name":"Paroisse de Crac'h","description":"\u00c9glise Saint-Thuriau","publisher":{"@id":"https:\/\/paroisse-crach.fr\/#organization"},"potentialAction":[{"@type":"SearchAction","target":{"@type":"EntryPoint","urlTemplate":"https:\/\/paroisse-crach.fr\/?s={search_term_string}"},"query-input":{"@type":"PropertyValueSpecification","valueRequired":true,"valueName":"search_term_string"}}],"inLanguage":"fr-FR"},{"@type":"Organization","@id":"https:\/\/paroisse-crach.fr\/#organization","name":"Paroisse de Crac'h","url":"https:\/\/paroisse-crach.fr\/","logo":{"@type":"ImageObject","inLanguage":"fr-FR","@id":"https:\/\/paroisse-crach.fr\/#\/schema\/logo\/image\/","url":"https:\/\/paroisse-crach.fr\/wp-content\/uploads\/2025\/06\/macaron-crach.jpg","contentUrl":"https:\/\/paroisse-crach.fr\/wp-content\/uploads\/2025\/06\/macaron-crach.jpg","width":353,"height":353,"caption":"Paroisse de Crac'h"},"image":{"@id":"https:\/\/paroisse-crach.fr\/#\/schema\/logo\/image\/"}}]}},"_links":{"self":[{"href":"https:\/\/paroisse-crach.fr\/index.php?rest_route=\/wp\/v2\/pages\/228","targetHints":{"allow":["GET"]}}],"collection":[{"href":"https:\/\/paroisse-crach.fr\/index.php?rest_route=\/wp\/v2\/pages"}],"about":[{"href":"https:\/\/paroisse-crach.fr\/index.php?rest_route=\/wp\/v2\/types\/page"}],"author":[{"embeddable":true,"href":"https:\/\/paroisse-crach.fr\/index.php?rest_route=\/wp\/v2\/users\/4"}],"replies":[{"embeddable":true,"href":"https:\/\/paroisse-crach.fr\/index.php?rest_route=%2Fwp%2Fv2%2Fcomments&post=228"}],"version-history":[{"count":23,"href":"https:\/\/paroisse-crach.fr\/index.php?rest_route=\/wp\/v2\/pages\/228\/revisions"}],"predecessor-version":[{"id":2006,"href":"https:\/\/paroisse-crach.fr\/index.php?rest_route=\/wp\/v2\/pages\/228\/revisions\/2006"}],"wp:attachment":[{"href":"https:\/\/paroisse-crach.fr\/index.php?rest_route=%2Fwp%2Fv2%2Fmedia&parent=228"}],"curies":[{"name":"wp","href":"https:\/\/api.w.org\/{rel}","templated":true}]}}