{"id":62,"date":"2025-02-25T08:54:57","date_gmt":"2025-02-25T07:54:57","guid":{"rendered":"http:\/\/paroisse-crach.fr\/?page_id=62"},"modified":"2025-05-28T17:40:12","modified_gmt":"2025-05-28T15:40:12","slug":"conference-saint-vincent-de-paul","status":"publish","type":"page","link":"https:\/\/paroisse-crach.fr\/?page_id=62","title":{"rendered":"Soci\u00e9t\u00e9 Saint-Vincent-de-Paul"},"content":{"rendered":"\n<figure class=\"wp-block-image size-full has-custom-border\"><img loading=\"lazy\" decoding=\"async\" width=\"2560\" height=\"1707\" src=\"https:\/\/paroisse-crach.fr\/wp-content\/uploads\/2025\/03\/Solidarite-1-scaled.jpg\" alt=\"\" class=\"wp-image-762\" style=\"border-radius:20px;aspect-ratio:16\/9;object-fit:cover\" srcset=\"https:\/\/paroisse-crach.fr\/wp-content\/uploads\/2025\/03\/Solidarite-1-scaled.jpg 2560w, https:\/\/paroisse-crach.fr\/wp-content\/uploads\/2025\/03\/Solidarite-1-300x200.jpg 300w, https:\/\/paroisse-crach.fr\/wp-content\/uploads\/2025\/03\/Solidarite-1-1024x683.jpg 1024w, https:\/\/paroisse-crach.fr\/wp-content\/uploads\/2025\/03\/Solidarite-1-768x512.jpg 768w, https:\/\/paroisse-crach.fr\/wp-content\/uploads\/2025\/03\/Solidarite-1-1536x1024.jpg 1536w, https:\/\/paroisse-crach.fr\/wp-content\/uploads\/2025\/03\/Solidarite-1-2048x1365.jpg 2048w, https:\/\/paroisse-crach.fr\/wp-content\/uploads\/2025\/03\/Solidarite-1-1568x1045.jpg 1568w\" sizes=\"auto, (max-width: 2560px) 100vw, 2560px\" \/><\/figure>\n\n\n<div class=\"wp-block-image\">\n<figure class=\"aligncenter size-full\"><img loading=\"lazy\" decoding=\"async\" width=\"51\" height=\"51\" src=\"http:\/\/paroisse-crach.fr\/wp-content\/uploads\/2025\/03\/Frat.png\" alt=\"\" class=\"wp-image-462\"\/><\/figure>\n<\/div>\n\n\n<p><\/p>\n\n\n\n<p>La conf\u00e9rence de Saint-Vincent de Paul (SSVP) Notre-Dame du Plas Ka\u00ebr (Locmariaquer, Crac&rsquo;h, Saint Philibert) forte d\u2019une petite vingtaine de b\u00e9n\u00e9voles r\u00e9partis sur les trois paroisses, en liaison \u00e9troite avec les CCAS et les travailleurs sociaux du secteur, d\u00e9veloppe ses actions en direction des personnes seules ou des familles en situation pr\u00e9caire et\/ou d&rsquo;isolement gr\u00e2ce \u00e0 des aides mat\u00e9rielles ponctuelles et cibl\u00e9es ou bien en effectuant des visites en milieu hospitalier ou en EHPAD.<\/p>\n\n\n\n<p class=\"has-large-font-size\"><strong>Une permanence d&rsquo;accueil <\/strong><\/p>\n\n\n\n<p>Par ailleurs, avec les deux autres conf\u00e9rences de Carnac et d&rsquo;Auray, nous assurons depuis la mi-septembre 2024 une permanence trois apr\u00e8s-midis par semaine (lundi, mercredi et samedi) \u00e0 la nouvelle halte d&rsquo;accueil de jour d&rsquo;Auray (nomm\u00e9e Maison le Priellec) qui a \u00e9t\u00e9 inaugur\u00e9e le 17 octobre dernier par notre \u00c9v\u00eaque. <\/p>\n\n\n\n<p class=\"has-large-font-size\"><strong>Maraude alimentaire <\/strong><\/p>\n\n\n\n<p>Chaque mercredi soir nous organisons une maraude alimentaire (35 repas chauds distribu\u00e9s) dans les rues d&rsquo;Auray.<\/p>\n\n\n\n<p class=\"has-large-font-size\"><strong>Les rencontres<\/strong><\/p>\n\n\n\n<p class=\"has-normal-font-size\">Nous nous retrouvons chaque premier mardi du mois \u00e0 la salle paroissiale de Saint-Philibert pour notre r\u00e9union mensuelle autour d&rsquo;un temps spirituel et d&rsquo;\u00e9changes sur nos actions et nos projets.<\/p>\n\n\n\n<p class=\"has-large-font-size\"><strong>Contact<\/strong><\/p>\n\n\n\n<p class=\"has-normal-font-size\">Hubert DERACHE<strong> <\/strong>: <a href=\"mailto:hubert.derache@orange.fr\">hubert.derache@orange.fr<\/a> &#8211; <a href=\"tel:0683539798\">06 83 53 97 98<\/a><\/p>\n\n\n\n<div class=\"wp-block-buttons is-content-justification-center is-layout-flex wp-container-core-buttons-is-layout-a89b3969 wp-block-buttons-is-layout-flex\">\n<div class=\"wp-block-button\"><a class=\"wp-block-button__link has-background has-normal-font-size has-custom-font-size wp-element-button\" href=\"https:\/\/www.ssvp.fr\/\" style=\"background-color:#0d4f8b\" target=\"_blank\" rel=\"noreferrer noopener\">Voir le site national de la SSVP<\/a><\/div>\n<\/div>\n\n\n\n<p class=\"has-background-color has-text-color has-link-color wp-elements-5df2f65bb47ad8d4c2e561c8e089c0a5\">11<\/p>\n\n\n<div class=\"wp-block-image\">\n<figure class=\"aligncenter size-full is-resized\"><img loading=\"lazy\" decoding=\"async\" width=\"782\" height=\"70\" src=\"http:\/\/paroisse-crach.fr\/wp-content\/uploads\/2025\/05\/ligne-separation-laurier.jpg\" alt=\"\" class=\"wp-image-1336\" style=\"width:300px\" srcset=\"https:\/\/paroisse-crach.fr\/wp-content\/uploads\/2025\/05\/ligne-separation-laurier.jpg 782w, https:\/\/paroisse-crach.fr\/wp-content\/uploads\/2025\/05\/ligne-separation-laurier-300x27.jpg 300w, https:\/\/paroisse-crach.fr\/wp-content\/uploads\/2025\/05\/ligne-separation-laurier-768x69.jpg 768w\" sizes=\"auto, (max-width: 782px) 100vw, 782px\" \/><\/figure>\n<\/div>\n\n\n<p><\/p>\n","protected":false},"excerpt":{"rendered":"<p>La conf\u00e9rence de Saint-Vincent de Paul (SSVP) Notre-Dame du Plas Ka\u00ebr (Locmariaquer, Crac&rsquo;h, Saint Philibert) forte d\u2019une petite vingtaine de b\u00e9n\u00e9voles r\u00e9partis sur les trois paroisses, en liaison \u00e9troite avec<a class=\"more-link\" href=\"https:\/\/paroisse-crach.fr\/?page_id=62\">Lire la suite <span class=\"screen-reader-text\">\u00ab\u00a0Soci\u00e9t\u00e9 Saint-Vincent-de-Paul\u00a0\u00bb<\/span><\/a><\/p>\n","protected":false},"author":1,"featured_media":0,"parent":0,"menu_order":0,"comment_status":"closed","ping_status":"closed","template":"","meta":{"iawp_total_views":73,"_mc_calendar":[],"footnotes":""},"class_list":["post-62","page","type-page","status-publish","hentry","entry"],"yoast_head":"<!-- This site is optimized with the Yoast SEO plugin v27.1 - https:\/\/yoast.com\/product\/yoast-seo-wordpress\/ -->\n<title>Soci\u00e9t\u00e9 Saint-Vincent-de-Paul - Paroisse de Crac&#039;h<\/title>\n<meta name=\"robots\" content=\"index, follow, max-snippet:-1, max-image-preview:large, max-video-preview:-1\" \/>\n<link rel=\"canonical\" href=\"https:\/\/paroisse-crach.fr\/?page_id=62\" \/>\n<meta property=\"og:locale\" content=\"fr_FR\" \/>\n<meta property=\"og:type\" content=\"article\" \/>\n<meta property=\"og:title\" content=\"Soci\u00e9t\u00e9 Saint-Vincent-de-Paul - Paroisse de Crac&#039;h\" \/>\n<meta property=\"og:description\" content=\"La conf\u00e9rence de Saint-Vincent de Paul (SSVP) Notre-Dame du Plas Ka\u00ebr (Locmariaquer, Crac&rsquo;h, Saint Philibert) forte d\u2019une petite vingtaine de b\u00e9n\u00e9voles r\u00e9partis sur les trois paroisses, en liaison \u00e9troite avecLire la suite &quot;Soci\u00e9t\u00e9 Saint-Vincent-de-Paul&quot;\" \/>\n<meta property=\"og:url\" content=\"https:\/\/paroisse-crach.fr\/?page_id=62\" \/>\n<meta property=\"og:site_name\" content=\"Paroisse de Crac&#039;h\" \/>\n<meta property=\"article:modified_time\" content=\"2025-05-28T15:40:12+00:00\" \/>\n<meta property=\"og:image\" content=\"https:\/\/paroisse-crach.fr\/wp-content\/uploads\/2025\/03\/Solidarite-1-scaled.jpg\" \/>\n\t<meta property=\"og:image:width\" content=\"2560\" \/>\n\t<meta property=\"og:image:height\" content=\"1707\" \/>\n\t<meta property=\"og:image:type\" content=\"image\/jpeg\" \/>\n<meta name=\"twitter:card\" content=\"summary_large_image\" \/>\n<meta name=\"twitter:label1\" content=\"Dur\u00e9e de lecture estim\u00e9e\" \/>\n\t<meta name=\"twitter:data1\" content=\"1 minute\" \/>\n<script type=\"application\/ld+json\" class=\"yoast-schema-graph\">{\"@context\":\"https:\/\/schema.org\",\"@graph\":[{\"@type\":\"WebPage\",\"@id\":\"https:\/\/paroisse-crach.fr\/?page_id=62\",\"url\":\"https:\/\/paroisse-crach.fr\/?page_id=62\",\"name\":\"Soci\u00e9t\u00e9 Saint-Vincent-de-Paul - Paroisse de Crac&#039;h\",\"isPartOf\":{\"@id\":\"https:\/\/paroisse-crach.fr\/#website\"},\"primaryImageOfPage\":{\"@id\":\"https:\/\/paroisse-crach.fr\/?page_id=62#primaryimage\"},\"image\":{\"@id\":\"https:\/\/paroisse-crach.fr\/?page_id=62#primaryimage\"},\"thumbnailUrl\":\"https:\/\/paroisse-crach.fr\/wp-content\/uploads\/2025\/03\/Solidarite-1-scaled.jpg\",\"datePublished\":\"2025-02-25T07:54:57+00:00\",\"dateModified\":\"2025-05-28T15:40:12+00:00\",\"breadcrumb\":{\"@id\":\"https:\/\/paroisse-crach.fr\/?page_id=62#breadcrumb\"},\"inLanguage\":\"fr-FR\",\"potentialAction\":[{\"@type\":\"ReadAction\",\"target\":[\"https:\/\/paroisse-crach.fr\/?page_id=62\"]}]},{\"@type\":\"ImageObject\",\"inLanguage\":\"fr-FR\",\"@id\":\"https:\/\/paroisse-crach.fr\/?page_id=62#primaryimage\",\"url\":\"https:\/\/paroisse-crach.fr\/wp-content\/uploads\/2025\/03\/Solidarite-1-scaled.jpg\",\"contentUrl\":\"https:\/\/paroisse-crach.fr\/wp-content\/uploads\/2025\/03\/Solidarite-1-scaled.jpg\",\"width\":2560,\"height\":1707},{\"@type\":\"BreadcrumbList\",\"@id\":\"https:\/\/paroisse-crach.fr\/?page_id=62#breadcrumb\",\"itemListElement\":[{\"@type\":\"ListItem\",\"position\":1,\"name\":\"Accueil\",\"item\":\"https:\/\/paroisse-crach.fr\/\"},{\"@type\":\"ListItem\",\"position\":2,\"name\":\"Soci\u00e9t\u00e9 Saint-Vincent-de-Paul\"}]},{\"@type\":\"WebSite\",\"@id\":\"https:\/\/paroisse-crach.fr\/#website\",\"url\":\"https:\/\/paroisse-crach.fr\/\",\"name\":\"Paroisse de Crac'h\",\"description\":\"\u00c9glise Saint-Thuriau\",\"publisher\":{\"@id\":\"https:\/\/paroisse-crach.fr\/#organization\"},\"potentialAction\":[{\"@type\":\"SearchAction\",\"target\":{\"@type\":\"EntryPoint\",\"urlTemplate\":\"https:\/\/paroisse-crach.fr\/?s={search_term_string}\"},\"query-input\":{\"@type\":\"PropertyValueSpecification\",\"valueRequired\":true,\"valueName\":\"search_term_string\"}}],\"inLanguage\":\"fr-FR\"},{\"@type\":\"Organization\",\"@id\":\"https:\/\/paroisse-crach.fr\/#organization\",\"name\":\"Paroisse de Crac'h\",\"url\":\"https:\/\/paroisse-crach.fr\/\",\"logo\":{\"@type\":\"ImageObject\",\"inLanguage\":\"fr-FR\",\"@id\":\"https:\/\/paroisse-crach.fr\/#\/schema\/logo\/image\/\",\"url\":\"https:\/\/paroisse-crach.fr\/wp-content\/uploads\/2025\/06\/macaron-crach.jpg\",\"contentUrl\":\"https:\/\/paroisse-crach.fr\/wp-content\/uploads\/2025\/06\/macaron-crach.jpg\",\"width\":353,\"height\":353,\"caption\":\"Paroisse de Crac'h\"},\"image\":{\"@id\":\"https:\/\/paroisse-crach.fr\/#\/schema\/logo\/image\/\"}}]}<\/script>\n<!-- \/ Yoast SEO plugin. -->","yoast_head_json":{"title":"Soci\u00e9t\u00e9 Saint-Vincent-de-Paul - Paroisse de Crac&#039;h","robots":{"index":"index","follow":"follow","max-snippet":"max-snippet:-1","max-image-preview":"max-image-preview:large","max-video-preview":"max-video-preview:-1"},"canonical":"https:\/\/paroisse-crach.fr\/?page_id=62","og_locale":"fr_FR","og_type":"article","og_title":"Soci\u00e9t\u00e9 Saint-Vincent-de-Paul - Paroisse de Crac&#039;h","og_description":"La conf\u00e9rence de Saint-Vincent de Paul (SSVP) Notre-Dame du Plas Ka\u00ebr (Locmariaquer, Crac&rsquo;h, Saint Philibert) forte d\u2019une petite vingtaine de b\u00e9n\u00e9voles r\u00e9partis sur les trois paroisses, en liaison \u00e9troite avecLire la suite \"Soci\u00e9t\u00e9 Saint-Vincent-de-Paul\"","og_url":"https:\/\/paroisse-crach.fr\/?page_id=62","og_site_name":"Paroisse de Crac&#039;h","article_modified_time":"2025-05-28T15:40:12+00:00","og_image":[{"width":2560,"height":1707,"url":"https:\/\/paroisse-crach.fr\/wp-content\/uploads\/2025\/03\/Solidarite-1-scaled.jpg","type":"image\/jpeg"}],"twitter_card":"summary_large_image","twitter_misc":{"Dur\u00e9e de lecture estim\u00e9e":"1 minute"},"schema":{"@context":"https:\/\/schema.org","@graph":[{"@type":"WebPage","@id":"https:\/\/paroisse-crach.fr\/?page_id=62","url":"https:\/\/paroisse-crach.fr\/?page_id=62","name":"Soci\u00e9t\u00e9 Saint-Vincent-de-Paul - Paroisse de Crac&#039;h","isPartOf":{"@id":"https:\/\/paroisse-crach.fr\/#website"},"primaryImageOfPage":{"@id":"https:\/\/paroisse-crach.fr\/?page_id=62#primaryimage"},"image":{"@id":"https:\/\/paroisse-crach.fr\/?page_id=62#primaryimage"},"thumbnailUrl":"https:\/\/paroisse-crach.fr\/wp-content\/uploads\/2025\/03\/Solidarite-1-scaled.jpg","datePublished":"2025-02-25T07:54:57+00:00","dateModified":"2025-05-28T15:40:12+00:00","breadcrumb":{"@id":"https:\/\/paroisse-crach.fr\/?page_id=62#breadcrumb"},"inLanguage":"fr-FR","potentialAction":[{"@type":"ReadAction","target":["https:\/\/paroisse-crach.fr\/?page_id=62"]}]},{"@type":"ImageObject","inLanguage":"fr-FR","@id":"https:\/\/paroisse-crach.fr\/?page_id=62#primaryimage","url":"https:\/\/paroisse-crach.fr\/wp-content\/uploads\/2025\/03\/Solidarite-1-scaled.jpg","contentUrl":"https:\/\/paroisse-crach.fr\/wp-content\/uploads\/2025\/03\/Solidarite-1-scaled.jpg","width":2560,"height":1707},{"@type":"BreadcrumbList","@id":"https:\/\/paroisse-crach.fr\/?page_id=62#breadcrumb","itemListElement":[{"@type":"ListItem","position":1,"name":"Accueil","item":"https:\/\/paroisse-crach.fr\/"},{"@type":"ListItem","position":2,"name":"Soci\u00e9t\u00e9 Saint-Vincent-de-Paul"}]},{"@type":"WebSite","@id":"https:\/\/paroisse-crach.fr\/#website","url":"https:\/\/paroisse-crach.fr\/","name":"Paroisse de Crac'h","description":"\u00c9glise Saint-Thuriau","publisher":{"@id":"https:\/\/paroisse-crach.fr\/#organization"},"potentialAction":[{"@type":"SearchAction","target":{"@type":"EntryPoint","urlTemplate":"https:\/\/paroisse-crach.fr\/?s={search_term_string}"},"query-input":{"@type":"PropertyValueSpecification","valueRequired":true,"valueName":"search_term_string"}}],"inLanguage":"fr-FR"},{"@type":"Organization","@id":"https:\/\/paroisse-crach.fr\/#organization","name":"Paroisse de Crac'h","url":"https:\/\/paroisse-crach.fr\/","logo":{"@type":"ImageObject","inLanguage":"fr-FR","@id":"https:\/\/paroisse-crach.fr\/#\/schema\/logo\/image\/","url":"https:\/\/paroisse-crach.fr\/wp-content\/uploads\/2025\/06\/macaron-crach.jpg","contentUrl":"https:\/\/paroisse-crach.fr\/wp-content\/uploads\/2025\/06\/macaron-crach.jpg","width":353,"height":353,"caption":"Paroisse de Crac'h"},"image":{"@id":"https:\/\/paroisse-crach.fr\/#\/schema\/logo\/image\/"}}]}},"_links":{"self":[{"href":"https:\/\/paroisse-crach.fr\/index.php?rest_route=\/wp\/v2\/pages\/62","targetHints":{"allow":["GET"]}}],"collection":[{"href":"https:\/\/paroisse-crach.fr\/index.php?rest_route=\/wp\/v2\/pages"}],"about":[{"href":"https:\/\/paroisse-crach.fr\/index.php?rest_route=\/wp\/v2\/types\/page"}],"author":[{"embeddable":true,"href":"https:\/\/paroisse-crach.fr\/index.php?rest_route=\/wp\/v2\/users\/1"}],"replies":[{"embeddable":true,"href":"https:\/\/paroisse-crach.fr\/index.php?rest_route=%2Fwp%2Fv2%2Fcomments&post=62"}],"version-history":[{"count":21,"href":"https:\/\/paroisse-crach.fr\/index.php?rest_route=\/wp\/v2\/pages\/62\/revisions"}],"predecessor-version":[{"id":2011,"href":"https:\/\/paroisse-crach.fr\/index.php?rest_route=\/wp\/v2\/pages\/62\/revisions\/2011"}],"wp:attachment":[{"href":"https:\/\/paroisse-crach.fr\/index.php?rest_route=%2Fwp%2Fv2%2Fmedia&parent=62"}],"curies":[{"name":"wp","href":"https:\/\/api.w.org\/{rel}","templated":true}]}}