{"id":692,"date":"2025-03-04T15:04:15","date_gmt":"2025-03-04T14:04:15","guid":{"rendered":"http:\/\/paroisse-crach.fr\/?page_id=692"},"modified":"2025-05-22T09:35:59","modified_gmt":"2025-05-22T07:35:59","slug":"offrir-une-messe","status":"publish","type":"page","link":"https:\/\/paroisse-crach.fr\/?page_id=692","title":{"rendered":"Demander une messe"},"content":{"rendered":"<div class=\"wp-block-image\">\n<figure class=\"aligncenter size-large has-custom-border\"><img loading=\"lazy\" decoding=\"async\" width=\"1024\" height=\"683\" src=\"https:\/\/paroisse-crach.fr\/wp-content\/uploads\/2025\/05\/Eucharistie.jpg-1024x683.png\" alt=\"\" class=\"wp-image-1828\" style=\"border-radius:50px\" srcset=\"https:\/\/paroisse-crach.fr\/wp-content\/uploads\/2025\/05\/Eucharistie.jpg-1024x683.png 1024w, https:\/\/paroisse-crach.fr\/wp-content\/uploads\/2025\/05\/Eucharistie.jpg-300x200.png 300w, https:\/\/paroisse-crach.fr\/wp-content\/uploads\/2025\/05\/Eucharistie.jpg-768x512.png 768w, https:\/\/paroisse-crach.fr\/wp-content\/uploads\/2025\/05\/Eucharistie.jpg-1536x1024.png 1536w, https:\/\/paroisse-crach.fr\/wp-content\/uploads\/2025\/05\/Eucharistie.jpg-1568x1045.png 1568w, https:\/\/paroisse-crach.fr\/wp-content\/uploads\/2025\/05\/Eucharistie.jpg.png 1920w\" sizes=\"auto, (max-width: 1024px) 100vw, 1024px\" \/><\/figure>\n<\/div>\n\n\n<p><\/p>\n\n\n<div class=\"wp-block-image\">\n<figure class=\"aligncenter size-full\"><img loading=\"lazy\" decoding=\"async\" width=\"51\" height=\"51\" src=\"http:\/\/paroisse-crach.fr\/wp-content\/uploads\/2025\/02\/Eucharistie.png\" alt=\"\" class=\"wp-image-292\"\/><\/figure>\n<\/div>\n\n\n<p><\/p>\n\n\n\n<p class=\"has-large-font-size\"><strong>Demander la c\u00e9l\u00e9bration d\u2019une messe pour une intention particuli\u00e8re<\/strong><\/p>\n\n\n\n<p>La messe est&nbsp;la plus grande pri\u00e8re&nbsp;que nous puissions faire monter vers Dieu puisque nous nous unissons \u00e9troitement \u00e0 la pri\u00e8re m\u00eame du Christ. A chaque messe, le pr\u00eatre et les fid\u00e8les prient pour le monde entier et la communaut\u00e9 rassembl\u00e9e.<\/p>\n\n\n\n<p>Il est possible de&nbsp;confier une intention particuli\u00e8re&nbsp;au pr\u00eatre lorsqu\u2019il c\u00e9l\u00e8bre la messe : un d\u00e9funt, une personne malade, la r\u00e9conciliation dans une famille, les vocations sacerdotales, une action de gr\u00e2ce pour un bienfait re\u00e7u de Dieu, etc..<\/p>\n\n\n\n<p>Confier une intention particuli\u00e8re et faire une offrande c\u2019est donc :<\/p>\n\n\n\n<ul class=\"wp-block-list\">\n<li>Poser&nbsp;un acte de foi&nbsp;en la puissance du sacrifice du Christ sur la Croix et en la pri\u00e8re de l\u2019\u00c9glise.<\/li>\n\n\n\n<li>Faire en m\u00eame temps&nbsp;un beau geste de partage&nbsp;contribuant \u00e0 la vie de la paroisse.<\/li>\n<\/ul>\n\n\n\n<p><\/p>\n\n\n<div class=\"wp-block-image\">\n<figure class=\"aligncenter size-full\"><img loading=\"lazy\" decoding=\"async\" width=\"51\" height=\"51\" src=\"http:\/\/paroisse-crach.fr\/wp-content\/uploads\/2025\/02\/Eucharistie.png\" alt=\"\" class=\"wp-image-292\"\/><\/figure>\n<\/div>\n\n\n<p class=\"has-background-color has-text-color has-link-color wp-elements-5df2f65bb47ad8d4c2e561c8e089c0a5\">11<\/p>\n\n\n\n<p class=\"has-large-font-size\"><strong>Je demande une messe en ligne via internet<\/strong><\/p>\n\n\n\n<div class=\"wp-block-columns is-layout-flex wp-container-core-columns-is-layout-28f84493 wp-block-columns-is-layout-flex\">\n<div class=\"wp-block-column is-layout-flow wp-block-column-is-layout-flow\" style=\"flex-basis:100%\">\n<p>En cliquant sur <a href=\"https:\/\/don.diocese-vannes.fr\/paroisses\/~mon-don\" target=\"_blank\" rel=\"noreferrer noopener\">le bouton \u00ab\u00a0Je demande une messe en ligne\u00a0\u00bb<\/a> ci-dessous, j&rsquo;acc\u00e8de \u00e0 la plateforme de r\u00e8glement en ligne : je n&rsquo;oublie pas de choisir la paroisse de Crac&rsquo;h dans le menu d\u00e9roulant \u00ab\u00a0Je choisis ma paroisse*\u00a0\u00bb sur la gauche de l&rsquo;\u00e9cran. L\u2019offrande qui est faite pour accompagner la demande d\u2019une messe est revers\u00e9e au pr\u00eatre c\u00e9l\u00e9brant. <strong> <\/strong>Un montant indicatif est propos\u00e9 : 18 \u20ac. Ce paiement en ligne est s\u00e9curis\u00e9. <br><\/p>\n<\/div>\n<\/div>\n\n\n\n<p class=\"has-background-color has-text-color has-link-color wp-elements-a911c1e84d24e6faf78292314ec0274f\"><\/p>\n\n\n\n<div class=\"wp-block-buttons is-content-justification-center is-layout-flex wp-container-core-buttons-is-layout-a89b3969 wp-block-buttons-is-layout-flex\">\n<div class=\"wp-block-button has-custom-width wp-block-button__width-50\"><a class=\"wp-block-button__link has-background has-normal-font-size has-text-align-center has-custom-font-size wp-element-button\" href=\"https:\/\/don.diocese-vannes.fr\/messes\/~mon-don\" style=\"background-color:#0d4f8b\" target=\"_blank\" rel=\"noreferrer noopener\">Je demande une messe en ligne<\/a><\/div>\n<\/div>\n\n\n\n<div style=\"height:5px\" aria-hidden=\"true\" class=\"wp-block-spacer\"><\/div>\n\n\n\n<p class=\"has-large-font-size\"><strong>Je demande une messe et fais un don par ch\u00e8que<\/strong><\/p>\n\n\n\n<p>Je r\u00e9dige mon intention et libelle mon ch\u00e8que \u00e0 l\u2019ordre de \u00ab&nbsp;Paroisse Saint-Thuriau&nbsp;\u00bb. L\u2019offrande qui est faite pour accompagner la demande d\u2019une messe est revers\u00e9e au pr\u00eatre c\u00e9l\u00e9brant. Le montant (indicatif) de l\u2019offrande d&rsquo;une messe est fix\u00e9 \u00e0&nbsp;18\u20ac.<br>J&rsquo;envoie ou d\u00e9pose le tout, au presbyt\u00e8re de Crac&rsquo;h, 1 rue du stade \u2013 56950 Crac\u2019h<br><\/p>\n\n\n\n<p class=\"has-text-align-center\" style=\"line-height:0.3\"><\/p>\n\n\n\n<p class=\"has-background-color has-text-color has-link-color wp-elements-5df2f65bb47ad8d4c2e561c8e089c0a5\">11<\/p>\n\n\n<div class=\"wp-block-image\">\n<figure data-wp-context=\"{&quot;imageId&quot;:&quot;69f3445cb0a7d&quot;}\" data-wp-interactive=\"core\/image\" data-wp-key=\"69f3445cb0a7d\" class=\"aligncenter size-full has-custom-border wp-lightbox-container\"><img loading=\"lazy\" decoding=\"async\" width=\"1755\" height=\"1241\" data-wp-class--hide=\"state.isContentHidden\" data-wp-class--show=\"state.isContentVisible\" data-wp-init=\"callbacks.setButtonStyles\" data-wp-on--click=\"actions.showLightbox\" data-wp-on--load=\"callbacks.setButtonStyles\" data-wp-on-window--resize=\"callbacks.setButtonStyles\" src=\"http:\/\/paroisse-crach.fr\/wp-content\/uploads\/2025\/05\/dons-page3sur4.jpg\" alt=\"\" class=\"wp-image-1237\" style=\"border-radius:30px\" srcset=\"https:\/\/paroisse-crach.fr\/wp-content\/uploads\/2025\/05\/dons-page3sur4.jpg 1755w, https:\/\/paroisse-crach.fr\/wp-content\/uploads\/2025\/05\/dons-page3sur4-300x212.jpg 300w, https:\/\/paroisse-crach.fr\/wp-content\/uploads\/2025\/05\/dons-page3sur4-1024x724.jpg 1024w, https:\/\/paroisse-crach.fr\/wp-content\/uploads\/2025\/05\/dons-page3sur4-768x543.jpg 768w, https:\/\/paroisse-crach.fr\/wp-content\/uploads\/2025\/05\/dons-page3sur4-1536x1086.jpg 1536w, https:\/\/paroisse-crach.fr\/wp-content\/uploads\/2025\/05\/dons-page3sur4-1568x1109.jpg 1568w\" sizes=\"auto, (max-width: 1755px) 100vw, 1755px\" \/><button\n\t\t\tclass=\"lightbox-trigger\"\n\t\t\ttype=\"button\"\n\t\t\taria-haspopup=\"dialog\"\n\t\t\taria-label=\"Agrandir\"\n\t\t\tdata-wp-init=\"callbacks.initTriggerButton\"\n\t\t\tdata-wp-on--click=\"actions.showLightbox\"\n\t\t\tdata-wp-style--right=\"state.imageButtonRight\"\n\t\t\tdata-wp-style--top=\"state.imageButtonTop\"\n\t\t>\n\t\t\t<svg xmlns=\"http:\/\/www.w3.org\/2000\/svg\" width=\"12\" height=\"12\" fill=\"none\" viewBox=\"0 0 12 12\">\n\t\t\t\t<path fill=\"#fff\" d=\"M2 0a2 2 0 0 0-2 2v2h1.5V2a.5.5 0 0 1 .5-.5h2V0H2Zm2 10.5H2a.5.5 0 0 1-.5-.5V8H0v2a2 2 0 0 0 2 2h2v-1.5ZM8 12v-1.5h2a.5.5 0 0 0 .5-.5V8H12v2a2 2 0 0 1-2 2H8Zm2-12a2 2 0 0 1 2 2v2h-1.5V2a.5.5 0 0 0-.5-.5H8V0h2Z\" \/>\n\t\t\t<\/svg>\n\t\t<\/button><\/figure>\n<\/div>\n\n\n<div class=\"wp-block-columns is-layout-flex wp-container-core-columns-is-layout-28f84493 wp-block-columns-is-layout-flex\">\n<div class=\"wp-block-column is-layout-flow wp-block-column-is-layout-flow\">\n<p class=\"has-text-align-center has-small-font-size\"><\/p>\n<\/div>\n\n\n\n<div class=\"wp-block-column is-layout-flow wp-block-column-is-layout-flow\">\n<p class=\"has-text-align-center has-small-font-size\"><\/p>\n<\/div>\n<\/div>\n\n\n\n<p class=\"has-background-color has-text-color has-link-color wp-elements-5df2f65bb47ad8d4c2e561c8e089c0a5\">11<\/p>\n\n\n<div class=\"wp-block-image\">\n<figure class=\"aligncenter size-full is-resized\"><img loading=\"lazy\" decoding=\"async\" width=\"782\" height=\"70\" src=\"http:\/\/paroisse-crach.fr\/wp-content\/uploads\/2025\/05\/ligne-separation-laurier.jpg\" alt=\"\" class=\"wp-image-1336\" style=\"width:300px\" srcset=\"https:\/\/paroisse-crach.fr\/wp-content\/uploads\/2025\/05\/ligne-separation-laurier.jpg 782w, https:\/\/paroisse-crach.fr\/wp-content\/uploads\/2025\/05\/ligne-separation-laurier-300x27.jpg 300w, https:\/\/paroisse-crach.fr\/wp-content\/uploads\/2025\/05\/ligne-separation-laurier-768x69.jpg 768w\" sizes=\"auto, (max-width: 782px) 100vw, 782px\" \/><\/figure>\n<\/div>\n\n\n<p><\/p>\n","protected":false},"excerpt":{"rendered":"<p>Demander la c\u00e9l\u00e9bration d\u2019une messe pour une intention particuli\u00e8re La messe est&nbsp;la plus grande pri\u00e8re&nbsp;que nous puissions faire monter vers Dieu puisque nous nous unissons \u00e9troitement \u00e0 la pri\u00e8re m\u00eame<a class=\"more-link\" href=\"https:\/\/paroisse-crach.fr\/?page_id=692\">Lire la suite <span class=\"screen-reader-text\">\u00ab\u00a0Demander une messe\u00a0\u00bb<\/span><\/a><\/p>\n","protected":false},"author":4,"featured_media":0,"parent":0,"menu_order":0,"comment_status":"closed","ping_status":"closed","template":"","meta":{"iawp_total_views":64,"_mc_calendar":[],"footnotes":""},"class_list":["post-692","page","type-page","status-publish","hentry","entry"],"yoast_head":"<!-- This site is optimized with the Yoast SEO plugin v27.1 - https:\/\/yoast.com\/product\/yoast-seo-wordpress\/ -->\n<title>Demander une messe - Paroisse de Crac&#039;h<\/title>\n<meta name=\"robots\" content=\"index, follow, max-snippet:-1, max-image-preview:large, max-video-preview:-1\" \/>\n<link rel=\"canonical\" href=\"https:\/\/paroisse-crach.fr\/?page_id=692\" \/>\n<meta property=\"og:locale\" content=\"fr_FR\" \/>\n<meta property=\"og:type\" content=\"article\" \/>\n<meta property=\"og:title\" content=\"Demander une messe - Paroisse de Crac&#039;h\" \/>\n<meta property=\"og:description\" content=\"Demander la c\u00e9l\u00e9bration d\u2019une messe pour une intention particuli\u00e8re La messe est&nbsp;la plus grande pri\u00e8re&nbsp;que nous puissions faire monter vers Dieu puisque nous nous unissons \u00e9troitement \u00e0 la pri\u00e8re m\u00eameLire la suite &quot;Demander une messe&quot;\" \/>\n<meta property=\"og:url\" content=\"https:\/\/paroisse-crach.fr\/?page_id=692\" \/>\n<meta property=\"og:site_name\" content=\"Paroisse de Crac&#039;h\" \/>\n<meta property=\"article:modified_time\" content=\"2025-05-22T07:35:59+00:00\" \/>\n<meta property=\"og:image\" content=\"https:\/\/paroisse-crach.fr\/wp-content\/uploads\/2025\/05\/Eucharistie.jpg-1024x683.png\" \/>\n\t<meta property=\"og:image:width\" content=\"1024\" \/>\n\t<meta property=\"og:image:height\" content=\"683\" \/>\n\t<meta property=\"og:image:type\" content=\"image\/png\" \/>\n<meta name=\"twitter:card\" content=\"summary_large_image\" \/>\n<meta name=\"twitter:label1\" content=\"Dur\u00e9e de lecture estim\u00e9e\" \/>\n\t<meta name=\"twitter:data1\" content=\"2 minutes\" \/>\n<script type=\"application\/ld+json\" class=\"yoast-schema-graph\">{\"@context\":\"https:\/\/schema.org\",\"@graph\":[{\"@type\":\"WebPage\",\"@id\":\"https:\/\/paroisse-crach.fr\/?page_id=692\",\"url\":\"https:\/\/paroisse-crach.fr\/?page_id=692\",\"name\":\"Demander une messe - Paroisse de Crac&#039;h\",\"isPartOf\":{\"@id\":\"https:\/\/paroisse-crach.fr\/#website\"},\"primaryImageOfPage\":{\"@id\":\"https:\/\/paroisse-crach.fr\/?page_id=692#primaryimage\"},\"image\":{\"@id\":\"https:\/\/paroisse-crach.fr\/?page_id=692#primaryimage\"},\"thumbnailUrl\":\"https:\/\/paroisse-crach.fr\/wp-content\/uploads\/2025\/05\/Eucharistie.jpg-1024x683.png\",\"datePublished\":\"2025-03-04T14:04:15+00:00\",\"dateModified\":\"2025-05-22T07:35:59+00:00\",\"breadcrumb\":{\"@id\":\"https:\/\/paroisse-crach.fr\/?page_id=692#breadcrumb\"},\"inLanguage\":\"fr-FR\",\"potentialAction\":[{\"@type\":\"ReadAction\",\"target\":[\"https:\/\/paroisse-crach.fr\/?page_id=692\"]}]},{\"@type\":\"ImageObject\",\"inLanguage\":\"fr-FR\",\"@id\":\"https:\/\/paroisse-crach.fr\/?page_id=692#primaryimage\",\"url\":\"https:\/\/paroisse-crach.fr\/wp-content\/uploads\/2025\/05\/Eucharistie.jpg.png\",\"contentUrl\":\"https:\/\/paroisse-crach.fr\/wp-content\/uploads\/2025\/05\/Eucharistie.jpg.png\",\"width\":1920,\"height\":1280},{\"@type\":\"BreadcrumbList\",\"@id\":\"https:\/\/paroisse-crach.fr\/?page_id=692#breadcrumb\",\"itemListElement\":[{\"@type\":\"ListItem\",\"position\":1,\"name\":\"Accueil\",\"item\":\"https:\/\/paroisse-crach.fr\/\"},{\"@type\":\"ListItem\",\"position\":2,\"name\":\"Demander une messe\"}]},{\"@type\":\"WebSite\",\"@id\":\"https:\/\/paroisse-crach.fr\/#website\",\"url\":\"https:\/\/paroisse-crach.fr\/\",\"name\":\"Paroisse de Crac'h\",\"description\":\"\u00c9glise Saint-Thuriau\",\"publisher\":{\"@id\":\"https:\/\/paroisse-crach.fr\/#organization\"},\"potentialAction\":[{\"@type\":\"SearchAction\",\"target\":{\"@type\":\"EntryPoint\",\"urlTemplate\":\"https:\/\/paroisse-crach.fr\/?s={search_term_string}\"},\"query-input\":{\"@type\":\"PropertyValueSpecification\",\"valueRequired\":true,\"valueName\":\"search_term_string\"}}],\"inLanguage\":\"fr-FR\"},{\"@type\":\"Organization\",\"@id\":\"https:\/\/paroisse-crach.fr\/#organization\",\"name\":\"Paroisse de Crac'h\",\"url\":\"https:\/\/paroisse-crach.fr\/\",\"logo\":{\"@type\":\"ImageObject\",\"inLanguage\":\"fr-FR\",\"@id\":\"https:\/\/paroisse-crach.fr\/#\/schema\/logo\/image\/\",\"url\":\"https:\/\/paroisse-crach.fr\/wp-content\/uploads\/2025\/06\/macaron-crach.jpg\",\"contentUrl\":\"https:\/\/paroisse-crach.fr\/wp-content\/uploads\/2025\/06\/macaron-crach.jpg\",\"width\":353,\"height\":353,\"caption\":\"Paroisse de Crac'h\"},\"image\":{\"@id\":\"https:\/\/paroisse-crach.fr\/#\/schema\/logo\/image\/\"}}]}<\/script>\n<!-- \/ Yoast SEO plugin. -->","yoast_head_json":{"title":"Demander une messe - Paroisse de Crac&#039;h","robots":{"index":"index","follow":"follow","max-snippet":"max-snippet:-1","max-image-preview":"max-image-preview:large","max-video-preview":"max-video-preview:-1"},"canonical":"https:\/\/paroisse-crach.fr\/?page_id=692","og_locale":"fr_FR","og_type":"article","og_title":"Demander une messe - Paroisse de Crac&#039;h","og_description":"Demander la c\u00e9l\u00e9bration d\u2019une messe pour une intention particuli\u00e8re La messe est&nbsp;la plus grande pri\u00e8re&nbsp;que nous puissions faire monter vers Dieu puisque nous nous unissons \u00e9troitement \u00e0 la pri\u00e8re m\u00eameLire la suite \"Demander une messe\"","og_url":"https:\/\/paroisse-crach.fr\/?page_id=692","og_site_name":"Paroisse de Crac&#039;h","article_modified_time":"2025-05-22T07:35:59+00:00","og_image":[{"width":1024,"height":683,"url":"https:\/\/paroisse-crach.fr\/wp-content\/uploads\/2025\/05\/Eucharistie.jpg-1024x683.png","type":"image\/png"}],"twitter_card":"summary_large_image","twitter_misc":{"Dur\u00e9e de lecture estim\u00e9e":"2 minutes"},"schema":{"@context":"https:\/\/schema.org","@graph":[{"@type":"WebPage","@id":"https:\/\/paroisse-crach.fr\/?page_id=692","url":"https:\/\/paroisse-crach.fr\/?page_id=692","name":"Demander une messe - Paroisse de Crac&#039;h","isPartOf":{"@id":"https:\/\/paroisse-crach.fr\/#website"},"primaryImageOfPage":{"@id":"https:\/\/paroisse-crach.fr\/?page_id=692#primaryimage"},"image":{"@id":"https:\/\/paroisse-crach.fr\/?page_id=692#primaryimage"},"thumbnailUrl":"https:\/\/paroisse-crach.fr\/wp-content\/uploads\/2025\/05\/Eucharistie.jpg-1024x683.png","datePublished":"2025-03-04T14:04:15+00:00","dateModified":"2025-05-22T07:35:59+00:00","breadcrumb":{"@id":"https:\/\/paroisse-crach.fr\/?page_id=692#breadcrumb"},"inLanguage":"fr-FR","potentialAction":[{"@type":"ReadAction","target":["https:\/\/paroisse-crach.fr\/?page_id=692"]}]},{"@type":"ImageObject","inLanguage":"fr-FR","@id":"https:\/\/paroisse-crach.fr\/?page_id=692#primaryimage","url":"https:\/\/paroisse-crach.fr\/wp-content\/uploads\/2025\/05\/Eucharistie.jpg.png","contentUrl":"https:\/\/paroisse-crach.fr\/wp-content\/uploads\/2025\/05\/Eucharistie.jpg.png","width":1920,"height":1280},{"@type":"BreadcrumbList","@id":"https:\/\/paroisse-crach.fr\/?page_id=692#breadcrumb","itemListElement":[{"@type":"ListItem","position":1,"name":"Accueil","item":"https:\/\/paroisse-crach.fr\/"},{"@type":"ListItem","position":2,"name":"Demander une messe"}]},{"@type":"WebSite","@id":"https:\/\/paroisse-crach.fr\/#website","url":"https:\/\/paroisse-crach.fr\/","name":"Paroisse de Crac'h","description":"\u00c9glise Saint-Thuriau","publisher":{"@id":"https:\/\/paroisse-crach.fr\/#organization"},"potentialAction":[{"@type":"SearchAction","target":{"@type":"EntryPoint","urlTemplate":"https:\/\/paroisse-crach.fr\/?s={search_term_string}"},"query-input":{"@type":"PropertyValueSpecification","valueRequired":true,"valueName":"search_term_string"}}],"inLanguage":"fr-FR"},{"@type":"Organization","@id":"https:\/\/paroisse-crach.fr\/#organization","name":"Paroisse de Crac'h","url":"https:\/\/paroisse-crach.fr\/","logo":{"@type":"ImageObject","inLanguage":"fr-FR","@id":"https:\/\/paroisse-crach.fr\/#\/schema\/logo\/image\/","url":"https:\/\/paroisse-crach.fr\/wp-content\/uploads\/2025\/06\/macaron-crach.jpg","contentUrl":"https:\/\/paroisse-crach.fr\/wp-content\/uploads\/2025\/06\/macaron-crach.jpg","width":353,"height":353,"caption":"Paroisse de Crac'h"},"image":{"@id":"https:\/\/paroisse-crach.fr\/#\/schema\/logo\/image\/"}}]}},"_links":{"self":[{"href":"https:\/\/paroisse-crach.fr\/index.php?rest_route=\/wp\/v2\/pages\/692","targetHints":{"allow":["GET"]}}],"collection":[{"href":"https:\/\/paroisse-crach.fr\/index.php?rest_route=\/wp\/v2\/pages"}],"about":[{"href":"https:\/\/paroisse-crach.fr\/index.php?rest_route=\/wp\/v2\/types\/page"}],"author":[{"embeddable":true,"href":"https:\/\/paroisse-crach.fr\/index.php?rest_route=\/wp\/v2\/users\/4"}],"replies":[{"embeddable":true,"href":"https:\/\/paroisse-crach.fr\/index.php?rest_route=%2Fwp%2Fv2%2Fcomments&post=692"}],"version-history":[{"count":36,"href":"https:\/\/paroisse-crach.fr\/index.php?rest_route=\/wp\/v2\/pages\/692\/revisions"}],"predecessor-version":[{"id":1925,"href":"https:\/\/paroisse-crach.fr\/index.php?rest_route=\/wp\/v2\/pages\/692\/revisions\/1925"}],"wp:attachment":[{"href":"https:\/\/paroisse-crach.fr\/index.php?rest_route=%2Fwp%2Fv2%2Fmedia&parent=692"}],"curies":[{"name":"wp","href":"https:\/\/api.w.org\/{rel}","templated":true}]}}