{"id":74,"date":"2025-02-25T08:58:14","date_gmt":"2025-02-25T07:58:14","guid":{"rendered":"http:\/\/paroisse-crach.fr\/?page_id=74"},"modified":"2025-05-28T17:41:07","modified_gmt":"2025-05-28T15:41:07","slug":"ensemble-pour-reussir","status":"publish","type":"page","link":"https:\/\/paroisse-crach.fr\/?page_id=74","title":{"rendered":"Ensemble pour r\u00e9ussir"},"content":{"rendered":"\n<figure class=\"wp-block-image size-full has-custom-border\"><img loading=\"lazy\" decoding=\"async\" width=\"2560\" height=\"1707\" src=\"http:\/\/paroisse-crach.fr\/wp-content\/uploads\/2025\/03\/girl-mother-reading-scaled.jpg\" alt=\"\" class=\"wp-image-606\" style=\"border-radius:20px;aspect-ratio:16\/9;object-fit:cover\" srcset=\"https:\/\/paroisse-crach.fr\/wp-content\/uploads\/2025\/03\/girl-mother-reading-scaled.jpg 2560w, https:\/\/paroisse-crach.fr\/wp-content\/uploads\/2025\/03\/girl-mother-reading-300x200.jpg 300w, https:\/\/paroisse-crach.fr\/wp-content\/uploads\/2025\/03\/girl-mother-reading-1024x683.jpg 1024w, https:\/\/paroisse-crach.fr\/wp-content\/uploads\/2025\/03\/girl-mother-reading-768x512.jpg 768w, https:\/\/paroisse-crach.fr\/wp-content\/uploads\/2025\/03\/girl-mother-reading-1536x1024.jpg 1536w, https:\/\/paroisse-crach.fr\/wp-content\/uploads\/2025\/03\/girl-mother-reading-2048x1366.jpg 2048w, https:\/\/paroisse-crach.fr\/wp-content\/uploads\/2025\/03\/girl-mother-reading-1568x1046.jpg 1568w\" sizes=\"auto, (max-width: 2560px) 100vw, 2560px\" \/><\/figure>\n\n\n<div class=\"wp-block-image\">\n<figure class=\"aligncenter size-full\"><img loading=\"lazy\" decoding=\"async\" width=\"51\" height=\"51\" src=\"http:\/\/paroisse-crach.fr\/wp-content\/uploads\/2025\/03\/EnsemblePourReussir.png\" alt=\"\" class=\"wp-image-581\"\/><\/figure>\n<\/div>\n\n\n<p><\/p>\n\n\n\n<p>Un groupe de paroissiens b\u00e9n\u00e9voles propose un \u00e9veil spirituel et une aide aux devoirs dans un climat familial et chaleureux. Une proposition pour les \u00e9l\u00e8ves du primaire ou les coll\u00e9giens de la commune et des environs. Gratuit et ouvert \u00e0 tous. <\/p>\n\n\n\n<p class=\"has-large-font-size\"><strong>Quoi ?<\/strong><\/p>\n\n\n\n<p>Chaque s\u00e9ance comprend : <\/p>\n\n\n\n<ul class=\"wp-block-list\">\n<li>Un go\u00fbter offert.<\/li>\n\n\n\n<li>Un \u00e9veil spirituel.<\/li>\n\n\n\n<li>Une aide aux devoirs avec des adultes exp\u00e9riment\u00e9s (anciens enseignants, directrice d&rsquo;\u00e9cole primaire, ing\u00e9nieurs, etc. ). L&rsquo;adulte prend en charge 1 ou 2 enfants pour faire le travail du lendemain, avec approfondissement des bases des principales mati\u00e8res.<\/li>\n<\/ul>\n\n\n\n<p class=\"has-large-font-size\"><strong>Quand ? <\/strong><\/p>\n\n\n\n<p>L&rsquo;accompagnement se fait chaque mardi (hors vacances scolaires) de 16h40 \u00e0 18h30 pour les primaires ; de 17h15 \u00e0 19h pour les coll\u00e9giens<\/p>\n\n\n\n<p class=\"has-large-font-size\"><strong>O\u00f9 ? <\/strong><\/p>\n\n\n\n<p>Salle Saint-Thuriau, 5 rue Saint Jean \u00e0 Crac&rsquo;h.<\/p>\n\n\n\n<p class=\"has-large-font-size\"><strong>Contact<\/strong><\/p>\n\n\n\n<ul class=\"wp-block-list\">\n<li>Bernard et Brigitte JACQUELIN&nbsp;: <a href=\"tel:0620186551\">06 20 18 65 51<\/a><\/li>\n\n\n\n<li>Le recteur de la paroisse : <a href=\"mailto:paroissedecrach@gmail.com\">paroissedecrach@gmail.com<\/a> &#8211; <a href=\"tel:0297550344\">02 97 55 03 44<\/a><\/li>\n<\/ul>\n\n\n\n<div class=\"wp-block-columns is-layout-flex wp-container-core-columns-is-layout-28f84493 wp-block-columns-is-layout-flex\">\n<div class=\"wp-block-column is-layout-flow wp-block-column-is-layout-flow\">\n<figure class=\"wp-block-image size-full\"><img loading=\"lazy\" decoding=\"async\" width=\"547\" height=\"612\" src=\"http:\/\/paroisse-crach.fr\/wp-content\/uploads\/2025\/03\/Ensemble-pour-reussir-e1746118964370.jpeg\" alt=\"\" class=\"wp-image-805\" srcset=\"https:\/\/paroisse-crach.fr\/wp-content\/uploads\/2025\/03\/Ensemble-pour-reussir-e1746118964370.jpeg 547w, https:\/\/paroisse-crach.fr\/wp-content\/uploads\/2025\/03\/Ensemble-pour-reussir-e1746118964370-268x300.jpeg 268w\" sizes=\"auto, (max-width: 547px) 100vw, 547px\" \/><\/figure>\n<\/div>\n\n\n\n<div class=\"wp-block-column is-layout-flow wp-block-column-is-layout-flow\">\n<figure class=\"wp-block-image size-full\"><img loading=\"lazy\" decoding=\"async\" width=\"551\" height=\"604\" src=\"http:\/\/paroisse-crach.fr\/wp-content\/uploads\/2025\/03\/Ensemble-pour-reussir2-e1746120842330.jpeg\" alt=\"\" class=\"wp-image-804\" srcset=\"https:\/\/paroisse-crach.fr\/wp-content\/uploads\/2025\/03\/Ensemble-pour-reussir2-e1746120842330.jpeg 551w, https:\/\/paroisse-crach.fr\/wp-content\/uploads\/2025\/03\/Ensemble-pour-reussir2-e1746120842330-274x300.jpeg 274w\" sizes=\"auto, (max-width: 551px) 100vw, 551px\" \/><\/figure>\n<\/div>\n<\/div>\n\n\n\n<p class=\"has-background-color has-text-color has-link-color wp-elements-5df2f65bb47ad8d4c2e561c8e089c0a5\">11<\/p>\n\n\n<div class=\"wp-block-image\">\n<figure class=\"aligncenter size-full is-resized\"><img loading=\"lazy\" decoding=\"async\" width=\"782\" height=\"70\" src=\"http:\/\/paroisse-crach.fr\/wp-content\/uploads\/2025\/05\/ligne-separation-laurier.jpg\" alt=\"\" class=\"wp-image-1336\" style=\"width:300px\" srcset=\"https:\/\/paroisse-crach.fr\/wp-content\/uploads\/2025\/05\/ligne-separation-laurier.jpg 782w, https:\/\/paroisse-crach.fr\/wp-content\/uploads\/2025\/05\/ligne-separation-laurier-300x27.jpg 300w, https:\/\/paroisse-crach.fr\/wp-content\/uploads\/2025\/05\/ligne-separation-laurier-768x69.jpg 768w\" sizes=\"auto, (max-width: 782px) 100vw, 782px\" \/><\/figure>\n<\/div>\n\n\n<p><\/p>\n","protected":false},"excerpt":{"rendered":"<p>Un groupe de paroissiens b\u00e9n\u00e9voles propose un \u00e9veil spirituel et une aide aux devoirs dans un climat familial et chaleureux. Une proposition pour les \u00e9l\u00e8ves du primaire ou les coll\u00e9giens<a class=\"more-link\" href=\"https:\/\/paroisse-crach.fr\/?page_id=74\">Lire la suite <span class=\"screen-reader-text\">\u00ab\u00a0Ensemble pour r\u00e9ussir\u00a0\u00bb<\/span><\/a><\/p>\n","protected":false},"author":1,"featured_media":0,"parent":0,"menu_order":0,"comment_status":"closed","ping_status":"closed","template":"","meta":{"iawp_total_views":80,"_mc_calendar":[],"footnotes":""},"class_list":["post-74","page","type-page","status-publish","hentry","entry"],"yoast_head":"<!-- This site is optimized with the Yoast SEO plugin v27.1 - https:\/\/yoast.com\/product\/yoast-seo-wordpress\/ -->\n<title>Ensemble pour r\u00e9ussir - Paroisse de Crac&#039;h<\/title>\n<meta name=\"robots\" content=\"index, follow, max-snippet:-1, max-image-preview:large, max-video-preview:-1\" \/>\n<link rel=\"canonical\" href=\"https:\/\/paroisse-crach.fr\/?page_id=74\" \/>\n<meta property=\"og:locale\" content=\"fr_FR\" \/>\n<meta property=\"og:type\" content=\"article\" \/>\n<meta property=\"og:title\" content=\"Ensemble pour r\u00e9ussir - Paroisse de Crac&#039;h\" \/>\n<meta property=\"og:description\" content=\"Un groupe de paroissiens b\u00e9n\u00e9voles propose un \u00e9veil spirituel et une aide aux devoirs dans un climat familial et chaleureux. Une proposition pour les \u00e9l\u00e8ves du primaire ou les coll\u00e9giensLire la suite &quot;Ensemble pour r\u00e9ussir&quot;\" \/>\n<meta property=\"og:url\" content=\"https:\/\/paroisse-crach.fr\/?page_id=74\" \/>\n<meta property=\"og:site_name\" content=\"Paroisse de Crac&#039;h\" \/>\n<meta property=\"article:modified_time\" content=\"2025-05-28T15:41:07+00:00\" \/>\n<meta property=\"og:image\" content=\"https:\/\/paroisse-crach.fr\/wp-content\/uploads\/2025\/03\/girl-mother-reading-scaled.jpg\" \/>\n\t<meta property=\"og:image:width\" content=\"2560\" \/>\n\t<meta property=\"og:image:height\" content=\"1707\" \/>\n\t<meta property=\"og:image:type\" content=\"image\/jpeg\" \/>\n<meta name=\"twitter:card\" content=\"summary_large_image\" \/>\n<meta name=\"twitter:label1\" content=\"Dur\u00e9e de lecture estim\u00e9e\" \/>\n\t<meta name=\"twitter:data1\" content=\"1 minute\" \/>\n<script type=\"application\/ld+json\" class=\"yoast-schema-graph\">{\"@context\":\"https:\/\/schema.org\",\"@graph\":[{\"@type\":\"WebPage\",\"@id\":\"https:\/\/paroisse-crach.fr\/?page_id=74\",\"url\":\"https:\/\/paroisse-crach.fr\/?page_id=74\",\"name\":\"Ensemble pour r\u00e9ussir - Paroisse de Crac&#039;h\",\"isPartOf\":{\"@id\":\"https:\/\/paroisse-crach.fr\/#website\"},\"primaryImageOfPage\":{\"@id\":\"https:\/\/paroisse-crach.fr\/?page_id=74#primaryimage\"},\"image\":{\"@id\":\"https:\/\/paroisse-crach.fr\/?page_id=74#primaryimage\"},\"thumbnailUrl\":\"http:\/\/paroisse-crach.fr\/wp-content\/uploads\/2025\/03\/girl-mother-reading-scaled.jpg\",\"datePublished\":\"2025-02-25T07:58:14+00:00\",\"dateModified\":\"2025-05-28T15:41:07+00:00\",\"breadcrumb\":{\"@id\":\"https:\/\/paroisse-crach.fr\/?page_id=74#breadcrumb\"},\"inLanguage\":\"fr-FR\",\"potentialAction\":[{\"@type\":\"ReadAction\",\"target\":[\"https:\/\/paroisse-crach.fr\/?page_id=74\"]}]},{\"@type\":\"ImageObject\",\"inLanguage\":\"fr-FR\",\"@id\":\"https:\/\/paroisse-crach.fr\/?page_id=74#primaryimage\",\"url\":\"https:\/\/paroisse-crach.fr\/wp-content\/uploads\/2025\/03\/girl-mother-reading-scaled.jpg\",\"contentUrl\":\"https:\/\/paroisse-crach.fr\/wp-content\/uploads\/2025\/03\/girl-mother-reading-scaled.jpg\",\"width\":2560,\"height\":1707},{\"@type\":\"BreadcrumbList\",\"@id\":\"https:\/\/paroisse-crach.fr\/?page_id=74#breadcrumb\",\"itemListElement\":[{\"@type\":\"ListItem\",\"position\":1,\"name\":\"Accueil\",\"item\":\"https:\/\/paroisse-crach.fr\/\"},{\"@type\":\"ListItem\",\"position\":2,\"name\":\"Ensemble pour r\u00e9ussir\"}]},{\"@type\":\"WebSite\",\"@id\":\"https:\/\/paroisse-crach.fr\/#website\",\"url\":\"https:\/\/paroisse-crach.fr\/\",\"name\":\"Paroisse de Crac'h\",\"description\":\"\u00c9glise Saint-Thuriau\",\"publisher\":{\"@id\":\"https:\/\/paroisse-crach.fr\/#organization\"},\"potentialAction\":[{\"@type\":\"SearchAction\",\"target\":{\"@type\":\"EntryPoint\",\"urlTemplate\":\"https:\/\/paroisse-crach.fr\/?s={search_term_string}\"},\"query-input\":{\"@type\":\"PropertyValueSpecification\",\"valueRequired\":true,\"valueName\":\"search_term_string\"}}],\"inLanguage\":\"fr-FR\"},{\"@type\":\"Organization\",\"@id\":\"https:\/\/paroisse-crach.fr\/#organization\",\"name\":\"Paroisse de Crac'h\",\"url\":\"https:\/\/paroisse-crach.fr\/\",\"logo\":{\"@type\":\"ImageObject\",\"inLanguage\":\"fr-FR\",\"@id\":\"https:\/\/paroisse-crach.fr\/#\/schema\/logo\/image\/\",\"url\":\"https:\/\/paroisse-crach.fr\/wp-content\/uploads\/2025\/06\/macaron-crach.jpg\",\"contentUrl\":\"https:\/\/paroisse-crach.fr\/wp-content\/uploads\/2025\/06\/macaron-crach.jpg\",\"width\":353,\"height\":353,\"caption\":\"Paroisse de Crac'h\"},\"image\":{\"@id\":\"https:\/\/paroisse-crach.fr\/#\/schema\/logo\/image\/\"}}]}<\/script>\n<!-- \/ Yoast SEO plugin. -->","yoast_head_json":{"title":"Ensemble pour r\u00e9ussir - Paroisse de Crac&#039;h","robots":{"index":"index","follow":"follow","max-snippet":"max-snippet:-1","max-image-preview":"max-image-preview:large","max-video-preview":"max-video-preview:-1"},"canonical":"https:\/\/paroisse-crach.fr\/?page_id=74","og_locale":"fr_FR","og_type":"article","og_title":"Ensemble pour r\u00e9ussir - Paroisse de Crac&#039;h","og_description":"Un groupe de paroissiens b\u00e9n\u00e9voles propose un \u00e9veil spirituel et une aide aux devoirs dans un climat familial et chaleureux. Une proposition pour les \u00e9l\u00e8ves du primaire ou les coll\u00e9giensLire la suite \"Ensemble pour r\u00e9ussir\"","og_url":"https:\/\/paroisse-crach.fr\/?page_id=74","og_site_name":"Paroisse de Crac&#039;h","article_modified_time":"2025-05-28T15:41:07+00:00","og_image":[{"width":2560,"height":1707,"url":"https:\/\/paroisse-crach.fr\/wp-content\/uploads\/2025\/03\/girl-mother-reading-scaled.jpg","type":"image\/jpeg"}],"twitter_card":"summary_large_image","twitter_misc":{"Dur\u00e9e de lecture estim\u00e9e":"1 minute"},"schema":{"@context":"https:\/\/schema.org","@graph":[{"@type":"WebPage","@id":"https:\/\/paroisse-crach.fr\/?page_id=74","url":"https:\/\/paroisse-crach.fr\/?page_id=74","name":"Ensemble pour r\u00e9ussir - Paroisse de Crac&#039;h","isPartOf":{"@id":"https:\/\/paroisse-crach.fr\/#website"},"primaryImageOfPage":{"@id":"https:\/\/paroisse-crach.fr\/?page_id=74#primaryimage"},"image":{"@id":"https:\/\/paroisse-crach.fr\/?page_id=74#primaryimage"},"thumbnailUrl":"http:\/\/paroisse-crach.fr\/wp-content\/uploads\/2025\/03\/girl-mother-reading-scaled.jpg","datePublished":"2025-02-25T07:58:14+00:00","dateModified":"2025-05-28T15:41:07+00:00","breadcrumb":{"@id":"https:\/\/paroisse-crach.fr\/?page_id=74#breadcrumb"},"inLanguage":"fr-FR","potentialAction":[{"@type":"ReadAction","target":["https:\/\/paroisse-crach.fr\/?page_id=74"]}]},{"@type":"ImageObject","inLanguage":"fr-FR","@id":"https:\/\/paroisse-crach.fr\/?page_id=74#primaryimage","url":"https:\/\/paroisse-crach.fr\/wp-content\/uploads\/2025\/03\/girl-mother-reading-scaled.jpg","contentUrl":"https:\/\/paroisse-crach.fr\/wp-content\/uploads\/2025\/03\/girl-mother-reading-scaled.jpg","width":2560,"height":1707},{"@type":"BreadcrumbList","@id":"https:\/\/paroisse-crach.fr\/?page_id=74#breadcrumb","itemListElement":[{"@type":"ListItem","position":1,"name":"Accueil","item":"https:\/\/paroisse-crach.fr\/"},{"@type":"ListItem","position":2,"name":"Ensemble pour r\u00e9ussir"}]},{"@type":"WebSite","@id":"https:\/\/paroisse-crach.fr\/#website","url":"https:\/\/paroisse-crach.fr\/","name":"Paroisse de Crac'h","description":"\u00c9glise Saint-Thuriau","publisher":{"@id":"https:\/\/paroisse-crach.fr\/#organization"},"potentialAction":[{"@type":"SearchAction","target":{"@type":"EntryPoint","urlTemplate":"https:\/\/paroisse-crach.fr\/?s={search_term_string}"},"query-input":{"@type":"PropertyValueSpecification","valueRequired":true,"valueName":"search_term_string"}}],"inLanguage":"fr-FR"},{"@type":"Organization","@id":"https:\/\/paroisse-crach.fr\/#organization","name":"Paroisse de Crac'h","url":"https:\/\/paroisse-crach.fr\/","logo":{"@type":"ImageObject","inLanguage":"fr-FR","@id":"https:\/\/paroisse-crach.fr\/#\/schema\/logo\/image\/","url":"https:\/\/paroisse-crach.fr\/wp-content\/uploads\/2025\/06\/macaron-crach.jpg","contentUrl":"https:\/\/paroisse-crach.fr\/wp-content\/uploads\/2025\/06\/macaron-crach.jpg","width":353,"height":353,"caption":"Paroisse de Crac'h"},"image":{"@id":"https:\/\/paroisse-crach.fr\/#\/schema\/logo\/image\/"}}]}},"_links":{"self":[{"href":"https:\/\/paroisse-crach.fr\/index.php?rest_route=\/wp\/v2\/pages\/74","targetHints":{"allow":["GET"]}}],"collection":[{"href":"https:\/\/paroisse-crach.fr\/index.php?rest_route=\/wp\/v2\/pages"}],"about":[{"href":"https:\/\/paroisse-crach.fr\/index.php?rest_route=\/wp\/v2\/types\/page"}],"author":[{"embeddable":true,"href":"https:\/\/paroisse-crach.fr\/index.php?rest_route=\/wp\/v2\/users\/1"}],"replies":[{"embeddable":true,"href":"https:\/\/paroisse-crach.fr\/index.php?rest_route=%2Fwp%2Fv2%2Fcomments&post=74"}],"version-history":[{"count":23,"href":"https:\/\/paroisse-crach.fr\/index.php?rest_route=\/wp\/v2\/pages\/74\/revisions"}],"predecessor-version":[{"id":2014,"href":"https:\/\/paroisse-crach.fr\/index.php?rest_route=\/wp\/v2\/pages\/74\/revisions\/2014"}],"wp:attachment":[{"href":"https:\/\/paroisse-crach.fr\/index.php?rest_route=%2Fwp%2Fv2%2Fmedia&parent=74"}],"curies":[{"name":"wp","href":"https:\/\/api.w.org\/{rel}","templated":true}]}}