{"id":89,"date":"2025-02-25T09:17:15","date_gmt":"2025-02-25T08:17:15","guid":{"rendered":"http:\/\/paroisse-crach.fr\/?page_id=89"},"modified":"2025-12-01T14:25:44","modified_gmt":"2025-12-01T13:25:44","slug":"equipe-pastorale","status":"publish","type":"page","link":"https:\/\/paroisse-crach.fr\/?page_id=89","title":{"rendered":"Groupe d&rsquo;Animation Paroissial"},"content":{"rendered":"<div class=\"wp-block-image\">\n<figure class=\"aligncenter size-full\"><img loading=\"lazy\" decoding=\"async\" width=\"51\" height=\"51\" src=\"http:\/\/paroisse-crach.fr\/wp-content\/uploads\/2025\/03\/Equipe-pastorale.png\" alt=\"\" class=\"wp-image-507\"\/><\/figure>\n<\/div>\n\n\n<p><\/p>\n\n\n\n<p>Chaque paroisse ou ensemble paroissial, lieu de l&rsquo;unit\u00e9 pastorale, est anim\u00e9(e) par un GAP (groupement d&rsquo;Animation Paroissial). Les personnes membres du GAP sont appel\u00e9es par le pr\u00eatre responsable. La dur\u00e9e de leur mission est de trois ans, renouvelables une fois.<\/p>\n\n\n\n<div class=\"wp-block-columns is-layout-flex wp-container-core-columns-is-layout-28f84493 wp-block-columns-is-layout-flex\">\n<div class=\"wp-block-column is-layout-flow wp-block-column-is-layout-flow\"><div class=\"wp-block-image is-style-rounded\">\n<figure class=\"aligncenter size-full\" style=\"margin-top:0;margin-bottom:0\"><img loading=\"lazy\" decoding=\"async\" width=\"400\" height=\"533\" src=\"https:\/\/paroisse-crach.fr\/wp-content\/uploads\/2025\/05\/Pere-Stephane-HUNDO-1.jpg\" alt=\"\" class=\"wp-image-1287\" style=\"aspect-ratio:1;object-fit:cover\" srcset=\"https:\/\/paroisse-crach.fr\/wp-content\/uploads\/2025\/05\/Pere-Stephane-HUNDO-1.jpg 400w, https:\/\/paroisse-crach.fr\/wp-content\/uploads\/2025\/05\/Pere-Stephane-HUNDO-1-225x300.jpg 225w\" sizes=\"auto, (max-width: 400px) 100vw, 400px\" \/><figcaption class=\"wp-element-caption\"><strong>ADMINISTRATEUR <\/strong><br><strong> P\u00e8re St\u00e9phane Hundo<\/strong><\/figcaption><\/figure>\n<\/div><\/div>\n\n\n\n<div class=\"wp-block-column is-layout-flow wp-block-column-is-layout-flow\"><div class=\"wp-block-image is-style-rounded\">\n<figure class=\"aligncenter size-full\"><img loading=\"lazy\" decoding=\"async\" width=\"400\" height=\"533\" src=\"https:\/\/paroisse-crach.fr\/wp-content\/uploads\/2025\/05\/Olivier-GAIDE-2.jpg\" alt=\"\" class=\"wp-image-1288\" style=\"aspect-ratio:1;object-fit:cover\" srcset=\"https:\/\/paroisse-crach.fr\/wp-content\/uploads\/2025\/05\/Olivier-GAIDE-2.jpg 400w, https:\/\/paroisse-crach.fr\/wp-content\/uploads\/2025\/05\/Olivier-GAIDE-2-225x300.jpg 225w\" sizes=\"auto, (max-width: 400px) 100vw, 400px\" \/><figcaption class=\"wp-element-caption\"><strong>DIACRE<\/strong> <br><strong> Olivier Gaide<\/strong><\/figcaption><\/figure>\n<\/div><\/div>\n\n\n\n<div class=\"wp-block-column is-layout-flow wp-block-column-is-layout-flow\"><div class=\"wp-block-image is-style-rounded\">\n<figure class=\"aligncenter size-full\"><img loading=\"lazy\" decoding=\"async\" width=\"1080\" height=\"1077\" src=\"https:\/\/paroisse-crach.fr\/wp-content\/uploads\/2025\/12\/Pascale.jpg\" alt=\"\" class=\"wp-image-2277\" style=\"aspect-ratio:1;object-fit:cover\" srcset=\"https:\/\/paroisse-crach.fr\/wp-content\/uploads\/2025\/12\/Pascale.jpg 1080w, https:\/\/paroisse-crach.fr\/wp-content\/uploads\/2025\/12\/Pascale-300x300.jpg 300w, https:\/\/paroisse-crach.fr\/wp-content\/uploads\/2025\/12\/Pascale-1024x1021.jpg 1024w, https:\/\/paroisse-crach.fr\/wp-content\/uploads\/2025\/12\/Pascale-150x150.jpg 150w, https:\/\/paroisse-crach.fr\/wp-content\/uploads\/2025\/12\/Pascale-768x766.jpg 768w\" sizes=\"auto, (max-width: 1080px) 100vw, 1080px\" \/><figcaption class=\"wp-element-caption\"><strong>CORRESPONDANTE<\/strong> <br> <strong>Pascale Langlois<\/strong><\/figcaption><\/figure>\n<\/div><\/div>\n<\/div>\n\n\n\n<div class=\"wp-block-columns is-layout-flex wp-container-core-columns-is-layout-28f84493 wp-block-columns-is-layout-flex\">\n<div class=\"wp-block-column is-layout-flow wp-block-column-is-layout-flow\"><div class=\"wp-block-image is-style-rounded\">\n<figure class=\"aligncenter size-full\" style=\"margin-top:0;margin-bottom:0\"><img loading=\"lazy\" decoding=\"async\" width=\"1199\" height=\"1597\" src=\"https:\/\/paroisse-crach.fr\/wp-content\/uploads\/2025\/05\/Olivier-de-la-DURE-.jpg\" alt=\"\" class=\"wp-image-1293\" style=\"aspect-ratio:1;object-fit:cover\" srcset=\"https:\/\/paroisse-crach.fr\/wp-content\/uploads\/2025\/05\/Olivier-de-la-DURE-.jpg 1199w, https:\/\/paroisse-crach.fr\/wp-content\/uploads\/2025\/05\/Olivier-de-la-DURE--225x300.jpg 225w, https:\/\/paroisse-crach.fr\/wp-content\/uploads\/2025\/05\/Olivier-de-la-DURE--769x1024.jpg 769w, https:\/\/paroisse-crach.fr\/wp-content\/uploads\/2025\/05\/Olivier-de-la-DURE--768x1023.jpg 768w, https:\/\/paroisse-crach.fr\/wp-content\/uploads\/2025\/05\/Olivier-de-la-DURE--1153x1536.jpg 1153w\" sizes=\"auto, (max-width: 1199px) 100vw, 1199px\" \/><figcaption class=\"wp-element-caption\"><strong>PRI\u00c8RE &#8211; LITURGIE<\/strong> <br><strong>Olivier de la Dure<\/strong><\/figcaption><\/figure>\n<\/div><\/div>\n\n\n\n<div class=\"wp-block-column is-layout-flow wp-block-column-is-layout-flow\"><div class=\"wp-block-image is-style-rounded\">\n<figure class=\"aligncenter size-full\"><img loading=\"lazy\" decoding=\"async\" width=\"400\" height=\"533\" src=\"https:\/\/paroisse-crach.fr\/wp-content\/uploads\/2025\/05\/Marie-Christine-DE-BOUARD-2.jpg\" alt=\"\" class=\"wp-image-1291\" style=\"aspect-ratio:1;object-fit:cover\" srcset=\"https:\/\/paroisse-crach.fr\/wp-content\/uploads\/2025\/05\/Marie-Christine-DE-BOUARD-2.jpg 400w, https:\/\/paroisse-crach.fr\/wp-content\/uploads\/2025\/05\/Marie-Christine-DE-BOUARD-2-225x300.jpg 225w\" sizes=\"auto, (max-width: 400px) 100vw, 400px\" \/><figcaption class=\"wp-element-caption\"><strong>DIACONIE &#8211; CHARIT\u00c9 <\/strong> <br><strong>Marie-Christine de Bo\u00fcard<\/strong><\/figcaption><\/figure>\n<\/div><\/div>\n\n\n\n<div class=\"wp-block-column is-layout-flow wp-block-column-is-layout-flow\"><div class=\"wp-block-image is-style-rounded\">\n<figure class=\"aligncenter size-full\"><img loading=\"lazy\" decoding=\"async\" width=\"400\" height=\"531\" src=\"https:\/\/paroisse-crach.fr\/wp-content\/uploads\/2025\/05\/Marc-BOCQUET-2.jpg\" alt=\"\" class=\"wp-image-1292\" style=\"aspect-ratio:1;object-fit:cover\" srcset=\"https:\/\/paroisse-crach.fr\/wp-content\/uploads\/2025\/05\/Marc-BOCQUET-2.jpg 400w, https:\/\/paroisse-crach.fr\/wp-content\/uploads\/2025\/05\/Marc-BOCQUET-2-226x300.jpg 226w\" sizes=\"auto, (max-width: 400px) 100vw, 400px\" \/><figcaption class=\"wp-element-caption\"><strong>MAT\u00c9RIEL &#8211; FINANCES<\/strong> <br><strong>Marc Bocquet<\/strong><\/figcaption><\/figure>\n<\/div><\/div>\n<\/div>\n\n\n<div class=\"wp-block-image\">\n<figure class=\"aligncenter size-full\"><img loading=\"lazy\" decoding=\"async\" width=\"51\" height=\"51\" src=\"http:\/\/paroisse-crach.fr\/wp-content\/uploads\/2025\/03\/Equipe-pastorale.png\" alt=\"\" class=\"wp-image-507\"\/><\/figure>\n<\/div>\n\n\n<p class=\"has-large-font-size\"><\/p>\n\n\n\n<p>Les membres du GAP n&rsquo;agissent pas seuls, mais avec d&rsquo;autres chr\u00e9tiens actifs. Une paroisse vit aussi gr\u00e2ce \u00e0 tous ceux qui \u0153uvrent, souvent dans l&rsquo;ombre, au service de la communaut\u00e9. Accueil presbyt\u00e8re, musiciens, fleurissement de l&rsquo;\u00e9glise, lecteurs, \u00e9quipes liturgiques, cat\u00e9chistes, communication, visite des malades, entretien, etc.<\/p>\n\n\n\n<p><\/p>\n\n\n<div class=\"wp-block-image\">\n<figure class=\"aligncenter size-full is-resized has-custom-border\"><img loading=\"lazy\" decoding=\"async\" width=\"782\" height=\"70\" src=\"http:\/\/paroisse-crach.fr\/wp-content\/uploads\/2025\/05\/ligne-separation-laurier.jpg\" alt=\"\" class=\"wp-image-1336\" style=\"border-radius:10px;width:300px\" srcset=\"https:\/\/paroisse-crach.fr\/wp-content\/uploads\/2025\/05\/ligne-separation-laurier.jpg 782w, https:\/\/paroisse-crach.fr\/wp-content\/uploads\/2025\/05\/ligne-separation-laurier-300x27.jpg 300w, https:\/\/paroisse-crach.fr\/wp-content\/uploads\/2025\/05\/ligne-separation-laurier-768x69.jpg 768w\" sizes=\"auto, (max-width: 782px) 100vw, 782px\" \/><\/figure>\n<\/div>\n\n\n<p><\/p>\n","protected":false},"excerpt":{"rendered":"<p>Chaque paroisse ou ensemble paroissial, lieu de l&rsquo;unit\u00e9 pastorale, est anim\u00e9(e) par un GAP (groupement d&rsquo;Animation Paroissial). Les personnes membres du GAP sont appel\u00e9es par le pr\u00eatre responsable. La dur\u00e9e<a class=\"more-link\" href=\"https:\/\/paroisse-crach.fr\/?page_id=89\">Lire la suite <span class=\"screen-reader-text\">\u00ab\u00a0Groupe d&rsquo;Animation Paroissial\u00a0\u00bb<\/span><\/a><\/p>\n","protected":false},"author":1,"featured_media":0,"parent":0,"menu_order":0,"comment_status":"closed","ping_status":"closed","template":"","meta":{"iawp_total_views":215,"_mc_calendar":[],"footnotes":""},"class_list":["post-89","page","type-page","status-publish","hentry","entry"],"yoast_head":"<!-- This site is optimized with the Yoast SEO plugin v27.1 - https:\/\/yoast.com\/product\/yoast-seo-wordpress\/ -->\n<title>Groupe d&#039;Animation Paroissial - Paroisse de Crac&#039;h<\/title>\n<meta name=\"description\" content=\"D\u00e9couvrez le r\u00f4le du Groupe d\u2019Animation Paroissial et les missions des membres engag\u00e9s au service de la vie et de l\u2019unit\u00e9 de la paroisse de Crac&#039;h.\" \/>\n<meta name=\"robots\" content=\"index, follow, max-snippet:-1, max-image-preview:large, max-video-preview:-1\" \/>\n<link rel=\"canonical\" href=\"https:\/\/paroisse-crach.fr\/?page_id=89\" \/>\n<meta property=\"og:locale\" content=\"fr_FR\" \/>\n<meta property=\"og:type\" content=\"article\" \/>\n<meta property=\"og:title\" content=\"Groupe d&#039;Animation Paroissial - Paroisse de Crac&#039;h\" \/>\n<meta property=\"og:description\" content=\"D\u00e9couvrez le r\u00f4le du Groupe d\u2019Animation Paroissial et les missions des membres engag\u00e9s au service de la vie et de l\u2019unit\u00e9 de la paroisse de Crac&#039;h.\" \/>\n<meta property=\"og:url\" content=\"https:\/\/paroisse-crach.fr\/?page_id=89\" \/>\n<meta property=\"og:site_name\" content=\"Paroisse de Crac&#039;h\" \/>\n<meta property=\"article:modified_time\" content=\"2025-12-01T13:25:44+00:00\" \/>\n<meta property=\"og:image\" content=\"https:\/\/paroisse-crach.fr\/wp-content\/uploads\/2025\/03\/Equipe-pastorale.png\" \/>\n\t<meta property=\"og:image:width\" content=\"51\" \/>\n\t<meta property=\"og:image:height\" content=\"51\" \/>\n\t<meta property=\"og:image:type\" content=\"image\/png\" \/>\n<meta name=\"twitter:card\" content=\"summary_large_image\" \/>\n<meta name=\"twitter:label1\" content=\"Dur\u00e9e de lecture estim\u00e9e\" \/>\n\t<meta name=\"twitter:data1\" content=\"3 minutes\" \/>\n<script type=\"application\/ld+json\" class=\"yoast-schema-graph\">{\"@context\":\"https:\/\/schema.org\",\"@graph\":[{\"@type\":\"WebPage\",\"@id\":\"https:\/\/paroisse-crach.fr\/?page_id=89\",\"url\":\"https:\/\/paroisse-crach.fr\/?page_id=89\",\"name\":\"Groupe d'Animation Paroissial - Paroisse de Crac&#039;h\",\"isPartOf\":{\"@id\":\"https:\/\/paroisse-crach.fr\/#website\"},\"primaryImageOfPage\":{\"@id\":\"https:\/\/paroisse-crach.fr\/?page_id=89#primaryimage\"},\"image\":{\"@id\":\"https:\/\/paroisse-crach.fr\/?page_id=89#primaryimage\"},\"thumbnailUrl\":\"http:\/\/paroisse-crach.fr\/wp-content\/uploads\/2025\/03\/Equipe-pastorale.png\",\"datePublished\":\"2025-02-25T08:17:15+00:00\",\"dateModified\":\"2025-12-01T13:25:44+00:00\",\"description\":\"D\u00e9couvrez le r\u00f4le du Groupe d\u2019Animation Paroissial et les missions des membres engag\u00e9s au service de la vie et de l\u2019unit\u00e9 de la paroisse de Crac'h.\",\"breadcrumb\":{\"@id\":\"https:\/\/paroisse-crach.fr\/?page_id=89#breadcrumb\"},\"inLanguage\":\"fr-FR\",\"potentialAction\":[{\"@type\":\"ReadAction\",\"target\":[\"https:\/\/paroisse-crach.fr\/?page_id=89\"]}]},{\"@type\":\"ImageObject\",\"inLanguage\":\"fr-FR\",\"@id\":\"https:\/\/paroisse-crach.fr\/?page_id=89#primaryimage\",\"url\":\"https:\/\/paroisse-crach.fr\/wp-content\/uploads\/2025\/03\/Equipe-pastorale.png\",\"contentUrl\":\"https:\/\/paroisse-crach.fr\/wp-content\/uploads\/2025\/03\/Equipe-pastorale.png\",\"width\":51,\"height\":51},{\"@type\":\"BreadcrumbList\",\"@id\":\"https:\/\/paroisse-crach.fr\/?page_id=89#breadcrumb\",\"itemListElement\":[{\"@type\":\"ListItem\",\"position\":1,\"name\":\"Accueil\",\"item\":\"https:\/\/paroisse-crach.fr\/\"},{\"@type\":\"ListItem\",\"position\":2,\"name\":\"Groupe d&rsquo;Animation Paroissial\"}]},{\"@type\":\"WebSite\",\"@id\":\"https:\/\/paroisse-crach.fr\/#website\",\"url\":\"https:\/\/paroisse-crach.fr\/\",\"name\":\"Paroisse de Crac'h\",\"description\":\"\u00c9glise Saint-Thuriau\",\"publisher\":{\"@id\":\"https:\/\/paroisse-crach.fr\/#organization\"},\"potentialAction\":[{\"@type\":\"SearchAction\",\"target\":{\"@type\":\"EntryPoint\",\"urlTemplate\":\"https:\/\/paroisse-crach.fr\/?s={search_term_string}\"},\"query-input\":{\"@type\":\"PropertyValueSpecification\",\"valueRequired\":true,\"valueName\":\"search_term_string\"}}],\"inLanguage\":\"fr-FR\"},{\"@type\":\"Organization\",\"@id\":\"https:\/\/paroisse-crach.fr\/#organization\",\"name\":\"Paroisse de Crac'h\",\"url\":\"https:\/\/paroisse-crach.fr\/\",\"logo\":{\"@type\":\"ImageObject\",\"inLanguage\":\"fr-FR\",\"@id\":\"https:\/\/paroisse-crach.fr\/#\/schema\/logo\/image\/\",\"url\":\"https:\/\/paroisse-crach.fr\/wp-content\/uploads\/2025\/06\/macaron-crach.jpg\",\"contentUrl\":\"https:\/\/paroisse-crach.fr\/wp-content\/uploads\/2025\/06\/macaron-crach.jpg\",\"width\":353,\"height\":353,\"caption\":\"Paroisse de Crac'h\"},\"image\":{\"@id\":\"https:\/\/paroisse-crach.fr\/#\/schema\/logo\/image\/\"}}]}<\/script>\n<!-- \/ Yoast SEO plugin. -->","yoast_head_json":{"title":"Groupe d'Animation Paroissial - Paroisse de Crac&#039;h","description":"D\u00e9couvrez le r\u00f4le du Groupe d\u2019Animation Paroissial et les missions des membres engag\u00e9s au service de la vie et de l\u2019unit\u00e9 de la paroisse de Crac'h.","robots":{"index":"index","follow":"follow","max-snippet":"max-snippet:-1","max-image-preview":"max-image-preview:large","max-video-preview":"max-video-preview:-1"},"canonical":"https:\/\/paroisse-crach.fr\/?page_id=89","og_locale":"fr_FR","og_type":"article","og_title":"Groupe d'Animation Paroissial - Paroisse de Crac&#039;h","og_description":"D\u00e9couvrez le r\u00f4le du Groupe d\u2019Animation Paroissial et les missions des membres engag\u00e9s au service de la vie et de l\u2019unit\u00e9 de la paroisse de Crac'h.","og_url":"https:\/\/paroisse-crach.fr\/?page_id=89","og_site_name":"Paroisse de Crac&#039;h","article_modified_time":"2025-12-01T13:25:44+00:00","og_image":[{"width":51,"height":51,"url":"https:\/\/paroisse-crach.fr\/wp-content\/uploads\/2025\/03\/Equipe-pastorale.png","type":"image\/png"}],"twitter_card":"summary_large_image","twitter_misc":{"Dur\u00e9e de lecture estim\u00e9e":"3 minutes"},"schema":{"@context":"https:\/\/schema.org","@graph":[{"@type":"WebPage","@id":"https:\/\/paroisse-crach.fr\/?page_id=89","url":"https:\/\/paroisse-crach.fr\/?page_id=89","name":"Groupe d'Animation Paroissial - Paroisse de Crac&#039;h","isPartOf":{"@id":"https:\/\/paroisse-crach.fr\/#website"},"primaryImageOfPage":{"@id":"https:\/\/paroisse-crach.fr\/?page_id=89#primaryimage"},"image":{"@id":"https:\/\/paroisse-crach.fr\/?page_id=89#primaryimage"},"thumbnailUrl":"http:\/\/paroisse-crach.fr\/wp-content\/uploads\/2025\/03\/Equipe-pastorale.png","datePublished":"2025-02-25T08:17:15+00:00","dateModified":"2025-12-01T13:25:44+00:00","description":"D\u00e9couvrez le r\u00f4le du Groupe d\u2019Animation Paroissial et les missions des membres engag\u00e9s au service de la vie et de l\u2019unit\u00e9 de la paroisse de Crac'h.","breadcrumb":{"@id":"https:\/\/paroisse-crach.fr\/?page_id=89#breadcrumb"},"inLanguage":"fr-FR","potentialAction":[{"@type":"ReadAction","target":["https:\/\/paroisse-crach.fr\/?page_id=89"]}]},{"@type":"ImageObject","inLanguage":"fr-FR","@id":"https:\/\/paroisse-crach.fr\/?page_id=89#primaryimage","url":"https:\/\/paroisse-crach.fr\/wp-content\/uploads\/2025\/03\/Equipe-pastorale.png","contentUrl":"https:\/\/paroisse-crach.fr\/wp-content\/uploads\/2025\/03\/Equipe-pastorale.png","width":51,"height":51},{"@type":"BreadcrumbList","@id":"https:\/\/paroisse-crach.fr\/?page_id=89#breadcrumb","itemListElement":[{"@type":"ListItem","position":1,"name":"Accueil","item":"https:\/\/paroisse-crach.fr\/"},{"@type":"ListItem","position":2,"name":"Groupe d&rsquo;Animation Paroissial"}]},{"@type":"WebSite","@id":"https:\/\/paroisse-crach.fr\/#website","url":"https:\/\/paroisse-crach.fr\/","name":"Paroisse de Crac'h","description":"\u00c9glise Saint-Thuriau","publisher":{"@id":"https:\/\/paroisse-crach.fr\/#organization"},"potentialAction":[{"@type":"SearchAction","target":{"@type":"EntryPoint","urlTemplate":"https:\/\/paroisse-crach.fr\/?s={search_term_string}"},"query-input":{"@type":"PropertyValueSpecification","valueRequired":true,"valueName":"search_term_string"}}],"inLanguage":"fr-FR"},{"@type":"Organization","@id":"https:\/\/paroisse-crach.fr\/#organization","name":"Paroisse de Crac'h","url":"https:\/\/paroisse-crach.fr\/","logo":{"@type":"ImageObject","inLanguage":"fr-FR","@id":"https:\/\/paroisse-crach.fr\/#\/schema\/logo\/image\/","url":"https:\/\/paroisse-crach.fr\/wp-content\/uploads\/2025\/06\/macaron-crach.jpg","contentUrl":"https:\/\/paroisse-crach.fr\/wp-content\/uploads\/2025\/06\/macaron-crach.jpg","width":353,"height":353,"caption":"Paroisse de Crac'h"},"image":{"@id":"https:\/\/paroisse-crach.fr\/#\/schema\/logo\/image\/"}}]}},"_links":{"self":[{"href":"https:\/\/paroisse-crach.fr\/index.php?rest_route=\/wp\/v2\/pages\/89","targetHints":{"allow":["GET"]}}],"collection":[{"href":"https:\/\/paroisse-crach.fr\/index.php?rest_route=\/wp\/v2\/pages"}],"about":[{"href":"https:\/\/paroisse-crach.fr\/index.php?rest_route=\/wp\/v2\/types\/page"}],"author":[{"embeddable":true,"href":"https:\/\/paroisse-crach.fr\/index.php?rest_route=\/wp\/v2\/users\/1"}],"replies":[{"embeddable":true,"href":"https:\/\/paroisse-crach.fr\/index.php?rest_route=%2Fwp%2Fv2%2Fcomments&post=89"}],"version-history":[{"count":36,"href":"https:\/\/paroisse-crach.fr\/index.php?rest_route=\/wp\/v2\/pages\/89\/revisions"}],"predecessor-version":[{"id":2278,"href":"https:\/\/paroisse-crach.fr\/index.php?rest_route=\/wp\/v2\/pages\/89\/revisions\/2278"}],"wp:attachment":[{"href":"https:\/\/paroisse-crach.fr\/index.php?rest_route=%2Fwp%2Fv2%2Fmedia&parent=89"}],"curies":[{"name":"wp","href":"https:\/\/api.w.org\/{rel}","templated":true}]}}